{"id":26,"date":"2024-08-13T19:15:33","date_gmt":"2024-08-13T19:15:33","guid":{"rendered":"https:\/\/redecos.cdmx.gob.mx\/web\/?page_id=26"},"modified":"2024-09-18T00:30:56","modified_gmt":"2024-09-18T00:30:56","slug":"ejes-estrategicos","status":"publish","type":"page","link":"https:\/\/redecos.cdmx.gob.mx\/web\/ejes-estrategicos\/","title":{"rendered":"EJES ESTRAT\u00c9GICOS"},"content":{"rendered":"\n<div class=\"wp-block-uagb-container uagb-block-febf1d22 alignfull uagb-is-root-container\"><div class=\"uagb-container-inner-blocks-wrap\">\n<div class=\"wp-block-uagb-container uagb-block-cc80ca87\">\n<div class=\"wp-block-uagb-advanced-heading uagb-block-2190943e\"><h2 class=\"uagb-heading-text\">EJES ESTRAT\u00c9GICOS<\/h2><\/div>\n<\/div>\n<\/div><\/div>\n\n\n\n<div class=\"wp-block-uagb-container uagb-block-763ed62b alignfull uagb-is-root-container\"><div class=\"uagb-container-inner-blocks-wrap\">\n<div class=\"wp-block-columns is-layout-flex wp-container-core-columns-is-layout-28f84493 wp-block-columns-is-layout-flex\">\n<div class=\"wp-block-column is-layout-flow wp-block-column-is-layout-flow\">\n<div class=\"wp-block-uagb-advanced-heading uagb-block-4c0c75ba\"><h3 class=\"uagb-heading-text\">Los conforman dependencias de Gobierno e integrantes de las diversas instituciones de educaci\u00f3n superior, institutos y centros de investigaci\u00f3n p\u00fablicos y privados, a partir del inter\u00e9s por participar en los objetivos espec\u00edficos de los grupos de trabajo, o que sus actividades est\u00e9n relacionadas con determinada problem\u00e1tica.<\/h3><\/div>\n<\/div>\n<\/div>\n<\/div><\/div>\n\n\n\n<div class=\"wp-block-uagb-container uagb-block-f3e25200 alignfull uagb-is-root-container\"><div class=\"uagb-container-inner-blocks-wrap\">\n<div class=\"wp-block-uagb-container uagb-block-5620bebf\">\n<div class=\"wp-block-uagb-advanced-heading uagb-block-69d57762\"><h2 class=\"uagb-heading-text\">CIENCIAS DE LA SALUD<\/h2><\/div>\n\n\n\n<p class=\"has-medium-font-size\">Se caracteriza por su enfoque multidimensional que incluye la prevenci\u00f3n, detecci\u00f3n y tratamiento de enfermedades, principalmente de tipo cr\u00f3nico-degenerativas; as\u00ed como el apoyo para el desarrollo de tecnolog\u00edas para la salud.<\/p>\n\n\n\n<div class=\"wp-block-uagb-container uagb-block-173b0796\">\n<div class=\"wp-block-columns is-layout-flex wp-container-core-columns-is-layout-28f84493 wp-block-columns-is-layout-flex\">\n<div class=\"wp-block-column is-layout-flow wp-block-column-is-layout-flow\">\n<ul class=\"wp-block-list\">\n<li class=\"has-medium-font-size\"><a href=\"https:\/\/redecos.cdmx.gob.mx\/web\/diabetes-hipertension-y-obesidad\/\">Diabetes, hipertensi\u00f3n y obesidad<\/a><\/li>\n\n\n\n<li class=\"has-medium-font-size\"><a href=\"https:\/\/redecos.cdmx.gob.mx\/web\/investigacion-sobre-envejecimiento\/\">Investigaci\u00f3n sobre envejecimiento<\/a><\/li>\n\n\n\n<li class=\"has-medium-font-size\"><a href=\"https:\/\/redecos.cdmx.gob.mx\/web\/tecnologias-para-la-salud\/\">Tecnolog\u00edas para la Salud<\/a><\/li>\n<\/ul>\n<\/div>\n\n\n\n<div class=\"wp-block-column is-layout-flow wp-block-column-is-layout-flow\">\n<div class=\"ast-oembed-container \" style=\"height: 100%;\"><iframe loading=\"lazy\" title=\"Eje Ciencias de la Salud\" width=\"500\" height=\"281\" src=\"https:\/\/www.youtube.com\/embed\/AiIK_rBaR-c?feature=oembed\" frameborder=\"0\" allow=\"accelerometer; autoplay; clipboard-write; encrypted-media; gyroscope; picture-in-picture; web-share\" referrerpolicy=\"strict-origin-when-cross-origin\" allowfullscreen><\/iframe><\/div>\n<\/div>\n<\/div>\n<\/div>\n<\/div>\n<\/div><\/div>\n\n\n\n<div class=\"wp-block-uagb-container uagb-block-d0722bd1 alignfull uagb-is-root-container\"><div class=\"uagb-container-inner-blocks-wrap\">\n<div class=\"wp-block-uagb-container uagb-block-f98d4ae2\">\n<div class=\"wp-block-uagb-advanced-heading uagb-block-99f37ebc\"><h2 class=\"uagb-heading-text\">CIENCIA Y SOCIEDAD<\/h2><\/div>\n<\/div>\n\n\n\n<p class=\"has-medium-font-size\">Vincula el trabajo de investigaci\u00f3n con las pol\u00edticas p\u00fablicas y acciones del Gobierno de la Ciudad y busca dar respuesta a la Agenda 2030 desde la ciencia y sus relaciones globales.&nbsp;<\/p>\n\n\n\n<div class=\"wp-block-uagb-container uagb-block-c117c70a\">\n<div class=\"wp-block-columns is-layout-flex wp-container-core-columns-is-layout-28f84493 wp-block-columns-is-layout-flex\">\n<div class=\"wp-block-column is-layout-flow wp-block-column-is-layout-flow\">\n<div class=\"ast-oembed-container \" style=\"height: 100%;\"><iframe loading=\"lazy\" title=\"Eje Ciencia y Sociedad\" width=\"500\" height=\"281\" src=\"https:\/\/www.youtube.com\/embed\/IWnnVIJyv9o?feature=oembed\" frameborder=\"0\" allow=\"accelerometer; autoplay; clipboard-write; encrypted-media; gyroscope; picture-in-picture; web-share\" referrerpolicy=\"strict-origin-when-cross-origin\" allowfullscreen><\/iframe><\/div>\n<\/div>\n\n\n\n<div class=\"wp-block-column is-layout-flow wp-block-column-is-layout-flow\">\n<ul class=\"wp-block-list\">\n<li class=\"has-medium-font-size\"><a href=\"https:\/\/redecos.cdmx.gob.mx\/web\/pobreza-urbana-y-politicas-de-inclusion-social\/\">Pobreza urbana y Pol\u00edticas de Inclusi\u00f3n Social<\/a><\/li>\n\n\n\n<li class=\"has-medium-font-size\"><a href=\"https:\/\/redecos.cdmx.gob.mx\/web\/estudios-sobre-desigualdades-de-genero\/\">Estudios sobre Desigualdades de G\u00e9nero<\/a><\/li>\n\n\n\n<li class=\"has-medium-font-size\"><a href=\"https:\/\/redecos.cdmx.gob.mx\/web\/diplomacia-y-patrimonio-de-la-ciencia\/\">Diplomacia y Patrimonio de la Ciencia<\/a><\/li>\n<\/ul>\n<\/div>\n<\/div>\n<\/div>\n<\/div><\/div>\n\n\n\n<div class=\"wp-block-uagb-container uagb-block-37de2474 alignfull uagb-is-root-container\"><div class=\"uagb-container-inner-blocks-wrap\">\n<div class=\"wp-block-uagb-container uagb-block-81b0bba5\">\n<div class=\"wp-block-uagb-advanced-heading uagb-block-b0e881f5\"><h2 class=\"uagb-heading-text\">DESARROLLO SUSTENTABLE Y CAMBIO CLIM\u00c1TICO<\/h2><\/div>\n<\/div>\n\n\n\n<p class=\"has-medium-font-size\">Lleva a cabo medidas destinadas a la gesti\u00f3n eficiente y responsable del medio ambiente en apoyo a su sostenibilidad, conservaci\u00f3n y protecci\u00f3n; as\u00ed como para hacer frente a la crisis clim\u00e1tica, temas que se han constituido como problemas graves y urgentes.&nbsp;<\/p>\n\n\n\n<div class=\"wp-block-uagb-container uagb-block-ab977396\">\n<div class=\"wp-block-columns is-layout-flex wp-container-core-columns-is-layout-28f84493 wp-block-columns-is-layout-flex\">\n<div class=\"wp-block-column is-layout-flow wp-block-column-is-layout-flow\">\n<ul class=\"wp-block-list\">\n<li class=\"has-medium-font-size\"><a href=\"https:\/\/redecos.cdmx.gob.mx\/web\/sustentabilidad-alimentaria\/\">Sustentabilidad Alimentaria<\/a><\/li>\n\n\n\n<li class=\"has-medium-font-size\"><a href=\"https:\/\/redecos.cdmx.gob.mx\/web\/distrito-de-innovacion-tlalpan\/\">Distrito de Innovaci\u00f3n Tlalpan<\/a><\/li>\n\n\n\n<li class=\"has-medium-font-size\"><a href=\"https:\/\/redecos.cdmx.gob.mx\/web\/luces-sobre-la-ciudad\/\">Luces sobre la Ciudad<\/a><\/li>\n\n\n\n<li class=\"has-medium-font-size\"><a href=\"https:\/\/redecos.cdmx.gob.mx\/web\/calidad-del-aire\/\">Calidad del Aire<\/a><\/li>\n\n\n\n<li class=\"has-medium-font-size\"><a href=\"https:\/\/redecos.cdmx.gob.mx\/web\/eficiencia-energetica\/\">Eficiencia Energ\u00e9tica<\/a><\/li>\n\n\n\n<li class=\"has-medium-font-size\"><a href=\"https:\/\/redecos.cdmx.gob.mx\/web\/economia-circular\/\">Econom\u00eda Circular<\/a><\/li>\n<\/ul>\n<\/div>\n\n\n\n<div class=\"wp-block-column is-layout-flow wp-block-column-is-layout-flow\">\n<div class=\"ast-oembed-container \" style=\"height: 100%;\"><iframe loading=\"lazy\" title=\"Eje Desarrollo Sustentable y Cambio Clim\u00e1tico\" width=\"500\" height=\"281\" src=\"https:\/\/www.youtube.com\/embed\/1S44sjL4EL0?feature=oembed\" frameborder=\"0\" allow=\"accelerometer; autoplay; clipboard-write; encrypted-media; gyroscope; picture-in-picture; web-share\" referrerpolicy=\"strict-origin-when-cross-origin\" allowfullscreen><\/iframe><\/div>\n<\/div>\n<\/div>\n<\/div>\n<\/div><\/div>\n\n\n\n<div class=\"wp-block-uagb-container uagb-block-445deb2b alignfull uagb-is-root-container\"><div class=\"uagb-container-inner-blocks-wrap\">\n<div class=\"wp-block-uagb-container uagb-block-519c6155\">\n<div class=\"wp-block-uagb-advanced-heading uagb-block-61c002cc\"><h2 class=\"uagb-heading-text\">EDUCACI\u00d3N<\/h2><\/div>\n<\/div>\n\n\n\n<p class=\"has-medium-font-size\">Promueve la atenci\u00f3n a las causas del abandono escolar, mejorar la calidad educativa, eficiencia terminal y el papel de las distintas instituciones educativas en el dise\u00f1o de pol\u00edtica p\u00fablica en la materia.<\/p>\n\n\n\n<div class=\"wp-block-uagb-container uagb-block-351dbcd6\">\n<div class=\"wp-block-columns is-layout-flex wp-container-core-columns-is-layout-28f84493 wp-block-columns-is-layout-flex\">\n<div class=\"wp-block-column is-layout-flow wp-block-column-is-layout-flow\">\n<div class=\"ast-oembed-container \" style=\"height: 100%;\"><iframe loading=\"lazy\" title=\"Eje Educaci\u00f3n\" width=\"500\" height=\"281\" src=\"https:\/\/www.youtube.com\/embed\/l8MG5x28Veo?feature=oembed\" frameborder=\"0\" allow=\"accelerometer; autoplay; clipboard-write; encrypted-media; gyroscope; picture-in-picture; web-share\" referrerpolicy=\"strict-origin-when-cross-origin\" allowfullscreen><\/iframe><\/div>\n<\/div>\n\n\n\n<div class=\"wp-block-column is-layout-flow wp-block-column-is-layout-flow\">\n<ul class=\"wp-block-list\">\n<li class=\"has-medium-font-size\"><a href=\"https:\/\/redecos.cdmx.gob.mx\/web\/educacion-basica\/\">Educaci\u00f3n b\u00e1sica<\/a><\/li>\n\n\n\n<li class=\"has-medium-font-size\"><a href=\"https:\/\/redecos.cdmx.gob.mx\/web\/educacion-media-superior\/\">Educaci\u00f3n media superior<\/a>&nbsp;<\/li>\n\n\n\n<li class=\"has-medium-font-size\"><a href=\"https:\/\/redecos.cdmx.gob.mx\/web\/educacion-superior\/\">Educaci\u00f3n superior<\/a><\/li>\n<\/ul>\n<\/div>\n<\/div>\n<\/div>\n<\/div><\/div>\n\n\n\n<div class=\"wp-block-uagb-container uagb-block-bfcf4b82 alignfull uagb-is-root-container\"><div class=\"uagb-container-inner-blocks-wrap\">\n<div class=\"wp-block-uagb-container uagb-block-5c40a7fb\">\n<div class=\"wp-block-uagb-advanced-heading uagb-block-cc73fa90\"><h2 class=\"uagb-heading-text\">SEGURIDAD Y GESTI\u00d3N INTEGRAL DE RIESGOS<\/h2><\/div>\n<\/div>\n\n\n\n<p class=\"has-medium-font-size\">Apoya la seguridad de las y los habitantes de la ciudad y asegura la protecci\u00f3n de su entorno, abarca problem\u00e1ticas que van desde el sistema de impartici\u00f3n de justicia hasta el dise\u00f1o de pol\u00edticas p\u00fablicas en torno a riesgos naturales.&nbsp;<\/p>\n\n\n\n<div class=\"wp-block-uagb-container uagb-block-72c30696\">\n<div class=\"wp-block-columns is-layout-flex wp-container-core-columns-is-layout-28f84493 wp-block-columns-is-layout-flex\">\n<div class=\"wp-block-column is-layout-flow wp-block-column-is-layout-flow\">\n<ul class=\"wp-block-list\">\n<li class=\"has-medium-font-size\"><a href=\"https:\/\/redecos.cdmx.gob.mx\/web\/proteccion-y-obra-civil\/\">Protecci\u00f3n y Obra Civil<\/a><\/li>\n\n\n\n<li class=\"has-medium-font-size\"><a href=\"https:\/\/redecos.cdmx.gob.mx\/web\/universidades-resilientes\/\">Universidades Resilientes<\/a><\/li>\n\n\n\n<li class=\"has-medium-font-size\"><a href=\"https:\/\/redecos.cdmx.gob.mx\/web\/seguridad-ciudadana\/\">Seguridad Ciudadana<\/a><\/li>\n<\/ul>\n<\/div>\n\n\n\n<div class=\"wp-block-column is-layout-flow wp-block-column-is-layout-flow\">\n<div class=\"ast-oembed-container \" style=\"height: 100%;\"><iframe loading=\"lazy\" title=\"Eje Seguridad y Gesti\u00f3n Integral de Riesgos\" width=\"500\" height=\"281\" src=\"https:\/\/www.youtube.com\/embed\/VGULm01UuEE?feature=oembed\" frameborder=\"0\" allow=\"accelerometer; autoplay; clipboard-write; encrypted-media; gyroscope; picture-in-picture; web-share\" referrerpolicy=\"strict-origin-when-cross-origin\" allowfullscreen><\/iframe><\/div>\n<\/div>\n<\/div>\n<\/div>\n<\/div><\/div>\n\n\n\n<div class=\"wp-block-uagb-container uagb-block-b8167cf2 alignfull uagb-is-root-container\"><div class=\"uagb-container-inner-blocks-wrap\">\n<div class=\"wp-block-uagb-container uagb-block-9dfc764c\">\n<div class=\"wp-block-uagb-advanced-heading uagb-block-0e089f41\"><h2 class=\"uagb-heading-text\">TECNOLOG\u00cdA E INNOVACI\u00d3N<\/h2><\/div>\n<\/div>\n\n\n\n<p class=\"has-medium-font-size\">Promueve el desarrollo tecnol\u00f3gico, el emprendimiento cient\u00edfico, tecnol\u00f3gico y social, as\u00ed como la vinculaci\u00f3n entre el gobierno, la academia y la industria.&nbsp;<\/p>\n\n\n\n<div class=\"wp-block-uagb-container uagb-block-b8a6b4f1\">\n<div class=\"wp-block-columns is-layout-flex wp-container-core-columns-is-layout-28f84493 wp-block-columns-is-layout-flex\">\n<div class=\"wp-block-column is-layout-flow wp-block-column-is-layout-flow\">\n<div class=\"ast-oembed-container \" style=\"height: 100%;\"><iframe loading=\"lazy\" title=\"Eje Tecnolog\u00eda e Innovaci\u00f3n.\" width=\"500\" height=\"281\" src=\"https:\/\/www.youtube.com\/embed\/mRXP6EPAZVQ?feature=oembed\" frameborder=\"0\" allow=\"accelerometer; autoplay; clipboard-write; encrypted-media; gyroscope; picture-in-picture; web-share\" referrerpolicy=\"strict-origin-when-cross-origin\" allowfullscreen><\/iframe><\/div>\n<\/div>\n\n\n\n<div class=\"wp-block-column is-layout-flow wp-block-column-is-layout-flow\">\n<ul class=\"wp-block-list\">\n<li class=\"has-medium-font-size\"><a href=\"https:\/\/redecos.cdmx.gob.mx\/web\/innovacion-industrial\/\">Innovaci\u00f3n Industrial<\/a><\/li>\n\n\n\n<li class=\"has-medium-font-size\"><a href=\"https:\/\/redecos.cdmx.gob.mx\/web\/transferencia-y-gestion-tecnologica\/\">Transferencia y Gesti\u00f3n Tecnol\u00f3gica<\/a><\/li>\n\n\n\n<li class=\"has-medium-font-size\"><a href=\"https:\/\/redecos.cdmx.gob.mx\/web\/tecnologias-para-una-ciudad-inteligente\/\">Tecnolog\u00edas para una Ciudad Inteligente<\/a><\/li>\n\n\n\n<li class=\"has-medium-font-size\"><a href=\"https:\/\/redecos.cdmx.gob.mx\/web\/nanotecnologia-y-nuevos-materiales\/\">Nanotecnolog\u00eda y Nuevos Materiales<\/a><\/li>\n<\/ul>\n<\/div>\n<\/div>\n<\/div>\n<\/div><\/div>\n","protected":false},"excerpt":{"rendered":"<p>EJES ESTRAT\u00c9GICOS Los conforman dependencias de Gobierno e integrantes de las diversas instituciones de educaci\u00f3n superior, institutos y centros de [&hellip;]<\/p>\n","protected":false},"author":2,"featured_media":0,"parent":0,"menu_order":0,"comment_status":"closed","ping_status":"closed","template":"","meta":{"_uag_custom_page_level_css":"","site-sidebar-layout":"default","site-content-layout":"","ast-site-content-layout":"","site-content-style":"default","site-sidebar-style":"default","ast-global-header-display":"","ast-banner-title-visibility":"","ast-main-header-display":"","ast-hfb-above-header-display":"","ast-hfb-below-header-display":"","ast-hfb-mobile-header-display":"","site-post-title":"disabled","ast-breadcrumbs-content":"","ast-featured-img":"","footer-sml-layout":"","theme-transparent-header-meta":"","adv-header-id-meta":"","stick-header-meta":"","header-above-stick-meta":"","header-main-stick-meta":"","header-below-stick-meta":"","astra-migrate-meta-layouts":"default","ast-page-background-enabled":"default","ast-page-background-meta":{"desktop":{"background-color":"var(--ast-global-color-4)","background-image":"","background-repeat":"repeat","background-position":"center center","background-size":"auto","background-attachment":"scroll","background-type":"","background-media":"","overlay-type":"","overlay-color":"","overlay-opacity":"","overlay-gradient":""},"tablet":{"background-color":"","background-image":"","background-repeat":"repeat","background-position":"center center","background-size":"auto","background-attachment":"scroll","background-type":"","background-media":"","overlay-type":"","overlay-color":"","overlay-opacity":"","overlay-gradient":""},"mobile":{"background-color":"","background-image":"","background-repeat":"repeat","background-position":"center center","background-size":"auto","background-attachment":"scroll","background-type":"","background-media":"","overlay-type":"","overlay-color":"","overlay-opacity":"","overlay-gradient":""}},"ast-content-background-meta":{"desktop":{"background-color":"var(--ast-global-color-5)","background-image":"","background-repeat":"repeat","background-position":"center center","background-size":"auto","background-attachment":"scroll","background-type":"","background-media":"","overlay-type":"","overlay-color":"","overlay-opacity":"","overlay-gradient":""},"tablet":{"background-color":"var(--ast-global-color-5)","background-image":"","background-repeat":"repeat","background-position":"center center","background-size":"auto","background-attachment":"scroll","background-type":"","background-media":"","overlay-type":"","overlay-color":"","overlay-opacity":"","overlay-gradient":""},"mobile":{"background-color":"var(--ast-global-color-5)","background-image":"","background-repeat":"repeat","background-position":"center center","background-size":"auto","background-attachment":"scroll","background-type":"","background-media":"","overlay-type":"","overlay-color":"","overlay-opacity":"","overlay-gradient":""}},"footnotes":""},"class_list":["post-26","page","type-page","status-publish","hentry"],"uagb_featured_image_src":{"full":false,"thumbnail":false,"medium":false,"medium_large":false,"large":false,"1536x1536":false,"2048x2048":false},"uagb_author_info":{"display_name":"admin","author_link":"https:\/\/redecos.cdmx.gob.mx\/web\/author\/admin\/"},"uagb_comment_info":0,"uagb_excerpt":"EJES ESTRAT\u00c9GICOS Los conforman dependencias de Gobierno e integrantes de las diversas instituciones de educaci\u00f3n superior, institutos y centros de [&hellip;]","_links":{"self":[{"href":"https:\/\/redecos.cdmx.gob.mx\/web\/wp-json\/wp\/v2\/pages\/26","targetHints":{"allow":["GET"]}}],"collection":[{"href":"https:\/\/redecos.cdmx.gob.mx\/web\/wp-json\/wp\/v2\/pages"}],"about":[{"href":"https:\/\/redecos.cdmx.gob.mx\/web\/wp-json\/wp\/v2\/types\/page"}],"author":[{"embeddable":true,"href":"https:\/\/redecos.cdmx.gob.mx\/web\/wp-json\/wp\/v2\/users\/2"}],"replies":[{"embeddable":true,"href":"https:\/\/redecos.cdmx.gob.mx\/web\/wp-json\/wp\/v2\/comments?post=26"}],"version-history":[{"count":54,"href":"https:\/\/redecos.cdmx.gob.mx\/web\/wp-json\/wp\/v2\/pages\/26\/revisions"}],"predecessor-version":[{"id":3967,"href":"https:\/\/redecos.cdmx.gob.mx\/web\/wp-json\/wp\/v2\/pages\/26\/revisions\/3967"}],"wp:attachment":[{"href":"https:\/\/redecos.cdmx.gob.mx\/web\/wp-json\/wp\/v2\/media?parent=26"}],"curies":[{"name":"wp","href":"https:\/\/api.w.org\/{rel}","templated":true}]}}