{"id":1760,"date":"2024-08-22T14:59:38","date_gmt":"2024-08-22T14:59:38","guid":{"rendered":"https:\/\/redecos.cdmx.gob.mx\/web\/?page_id=1760"},"modified":"2024-09-17T19:00:41","modified_gmt":"2024-09-17T19:00:41","slug":"seguridad-ciudadana","status":"publish","type":"page","link":"https:\/\/redecos.cdmx.gob.mx\/web\/seguridad-ciudadana\/","title":{"rendered":"Seguridad Ciudadana"},"content":{"rendered":"\n<div class=\"wp-block-uagb-container uagb-block-3ec16fa8 alignfull uagb-is-root-container\"><div class=\"uagb-container-inner-blocks-wrap\">\n<div class=\"wp-block-uagb-container uagb-block-4961f0db\">\n<div class=\"wp-block-uagb-advanced-heading uagb-block-1685c9db\"><h2 class=\"uagb-heading-text\">Seguridad Ciudadana<\/h2><\/div>\n<\/div>\n\n\n\n<div class=\"wp-block-uagb-container uagb-block-321d4ac7\">\n<figure class=\"wp-block-image aligncenter size-full\"><img loading=\"lazy\" decoding=\"async\" width=\"181\" height=\"40\" src=\"https:\/\/redecos.cdmx.gob.mx\/web\/wp-content\/uploads\/2024\/08\/linea.png\" alt=\"\" class=\"wp-image-986\"\/><\/figure>\n<\/div>\n\n\n\n<div class=\"wp-block-uagb-container uagb-block-8d6c1dff\">\n<div class=\"wp-block-uagb-container uagb-block-c55affa0\"><nav class=\"is-responsive wp-block-navigation is-layout-flex wp-block-navigation-is-layout-flex\" aria-label=\"Secundario\" \n\t\t data-wp-interactive=\"core\/navigation\" data-wp-context='{\"overlayOpenedBy\":{\"click\":false,\"hover\":false,\"focus\":false},\"type\":\"overlay\",\"roleAttribute\":\"\",\"ariaLabel\":\"Men\\u00fa\"}'><button aria-haspopup=\"dialog\" aria-label=\"Abrir el men\u00fa\" class=\"wp-block-navigation__responsive-container-open\" \n\t\t\t\tdata-wp-on--click=\"actions.openMenuOnClick\"\n\t\t\t\tdata-wp-on--keydown=\"actions.handleMenuKeydown\"\n\t\t\t><svg width=\"24\" height=\"24\" xmlns=\"http:\/\/www.w3.org\/2000\/svg\" viewBox=\"0 0 24 24\" aria-hidden=\"true\" focusable=\"false\"><path d=\"M4 7.5h16v1.5H4z\"><\/path><path d=\"M4 15h16v1.5H4z\"><\/path><\/svg><\/button>\n\t\t\t\t<div class=\"wp-block-navigation__responsive-container\"  id=\"modal-1\" \n\t\t\t\tdata-wp-class--has-modal-open=\"state.isMenuOpen\"\n\t\t\t\tdata-wp-class--is-menu-open=\"state.isMenuOpen\"\n\t\t\t\tdata-wp-watch=\"callbacks.initMenu\"\n\t\t\t\tdata-wp-on--keydown=\"actions.handleMenuKeydown\"\n\t\t\t\tdata-wp-on--focusout=\"actions.handleMenuFocusout\"\n\t\t\t\ttabindex=\"-1\"\n\t\t\t>\n\t\t\t\t\t<div class=\"wp-block-navigation__responsive-close\" tabindex=\"-1\">\n\t\t\t\t\t\t<div class=\"wp-block-navigation__responsive-dialog\" \n\t\t\t\tdata-wp-bind--aria-modal=\"state.ariaModal\"\n\t\t\t\tdata-wp-bind--aria-label=\"state.ariaLabel\"\n\t\t\t\tdata-wp-bind--role=\"state.roleAttribute\"\n\t\t\t>\n\t\t\t\t\t\t\t<button aria-label=\"Cerrar el men\u00fa\" class=\"wp-block-navigation__responsive-container-close\" \n\t\t\t\tdata-wp-on--click=\"actions.closeMenuOnClick\"\n\t\t\t><svg xmlns=\"http:\/\/www.w3.org\/2000\/svg\" viewBox=\"0 0 24 24\" width=\"24\" height=\"24\" aria-hidden=\"true\" focusable=\"false\"><path d=\"m13.06 12 6.47-6.47-1.06-1.06L12 10.94 5.53 4.47 4.47 5.53 10.94 12l-6.47 6.47 1.06 1.06L12 13.06l6.47 6.47 1.06-1.06L13.06 12Z\"><\/path><\/svg><\/button>\n\t\t\t\t\t\t\t<div class=\"wp-block-navigation__responsive-container-content\" \n\t\t\t\tdata-wp-watch=\"callbacks.focusFirstElement\"\n\t\t\t id=\"modal-1-content\">\n\t\t\t\t\t\t\t\t<ul class=\"wp-block-navigation__container is-responsive wp-block-navigation\"><li class=\" wp-block-navigation-item wp-block-navigation-link\"><a class=\"wp-block-navigation-item__content\"  href=\"#integrantes\"><span class=\"wp-block-navigation-item__label\"><img loading=\"lazy\" decoding=\"async\" width=\"49\" height=\"48\" class=\"wp-image-1000\" style=\"width: 25px\" src=\"https:\/\/redecos.cdmx.gob.mx\/web\/wp-content\/uploads\/2024\/08\/integrantes.png\" alt=\"\">       Integrantes <\/span><\/a><\/li><li class=\" wp-block-navigation-item wp-block-navigation-link\"><a class=\"wp-block-navigation-item__content\"  href=\"#objetivo\"><span class=\"wp-block-navigation-item__label\"><img loading=\"lazy\" decoding=\"async\" width=\"39\" height=\"48\" class=\"wp-image-1004\" style=\"width: 25px\" src=\"https:\/\/redecos.cdmx.gob.mx\/web\/wp-content\/uploads\/2024\/08\/objetivos.png\" alt=\"\"><strong>       Objetivo<\/strong><\/span><\/a><\/li><li class=\" wp-block-navigation-item wp-block-navigation-link\"><a class=\"wp-block-navigation-item__content\"  href=\"#actividades\"><span class=\"wp-block-navigation-item__label\"><img loading=\"lazy\" decoding=\"async\" width=\"46\" height=\"45\" class=\"wp-image-992\" style=\"width: 25px\" src=\"https:\/\/redecos.cdmx.gob.mx\/web\/wp-content\/uploads\/2024\/08\/actividades.png\" alt=\"\">  <strong>     Actividades y logros<\/strong><\/span><\/a><\/li><li class=\" wp-block-navigation-item wp-block-navigation-link\"><a class=\"wp-block-navigation-item__content\"  href=\"#acciones\"><span class=\"wp-block-navigation-item__label\"><img loading=\"lazy\" decoding=\"async\" width=\"48\" height=\"48\" class=\"wp-image-990\" style=\"width: 25px\" src=\"https:\/\/redecos.cdmx.gob.mx\/web\/wp-content\/uploads\/2024\/08\/acciones.png\" alt=\"\">  <strong>     Acciones en curso<\/strong><\/span><\/a><\/li><li class=\" wp-block-navigation-item wp-block-navigation-link\"><a class=\"wp-block-navigation-item__content\"  href=\"#minutas\"><span class=\"wp-block-navigation-item__label\"><img loading=\"lazy\" decoding=\"async\" width=\"48\" height=\"47\" class=\"wp-image-1002\" style=\"width: 25px\" src=\"https:\/\/redecos.cdmx.gob.mx\/web\/wp-content\/uploads\/2024\/08\/minutas.png\" alt=\"\">  <strong>     Minutas y recursos digitales<\/strong><\/span><\/a><\/li><\/ul>\n\t\t\t\t\t\t\t<\/div>\n\t\t\t\t\t\t<\/div>\n\t\t\t\t\t<\/div>\n\t\t\t\t<\/div><\/nav><\/div>\n<\/div>\n\n\n\n<div class=\"wp-block-uagb-container uagb-block-4a2567cf\">\n<div class=\"wp-block-uagb-container uagb-block-ada35977\">\n<div class=\"wp-block-columns is-layout-flex wp-container-core-columns-is-layout-28f84493 wp-block-columns-is-layout-flex\">\n<div class=\"wp-block-column is-layout-flow wp-block-column-is-layout-flow\" style=\"flex-basis:10.33%\">\n<figure class=\"wp-block-image aligncenter size-full\"><img loading=\"lazy\" decoding=\"async\" width=\"74\" height=\"73\" src=\"https:\/\/redecos.cdmx.gob.mx\/web\/wp-content\/uploads\/2024\/08\/integrantes-dorado.png\" alt=\"\" class=\"wp-image-1318\"\/><\/figure>\n<\/div>\n\n\n\n<div class=\"wp-block-column is-layout-flow wp-block-column-is-layout-flow\" style=\"flex-basis:66.66%\">\n<div class=\"wp-block-uagb-advanced-heading uagb-block-9c4561cf\" id=\"integrantes\"><h2 class=\"uagb-heading-text\">Integrantes<\/h2><\/div>\n\n\n\n<ol class=\"wp-block-list\">\n<li>l Colegio de M\u00e9xico (El Colmex)<\/li>\n\n\n\n<li>Secretar\u00eda de Seguridad Ciudadana de la Ciudad de M\u00e9xico (SSC)<\/li>\n\n\n\n<li>Instituto de Formaci\u00f3n Profesional de la Fiscal\u00eda General de Justicia de la Ciudad de M\u00e9xico (IFPES CDMX)<\/li>\n\n\n\n<li>Centro de Investigaciones y Estudios Superiores en Antropolog\u00eda Social (CIESAS)<\/li>\n\n\n\n<li>CentroGeo, Universidad Nacional Aut\u00f3noma de M\u00e9xico (UNAM)&nbsp;<\/li>\n\n\n\n<li>Centro de Investigaci\u00f3n y Estudios Avanzados (CINVESTAV)&nbsp;<\/li>\n\n\n\n<li>Colectivo de An\u00e1lisis de la Seguridad con Democracia (CASEDE)&nbsp;<\/li>\n\n\n\n<li>Fundaci\u00f3n para el estudio de la Seguridad&nbsp; y Gobernanza A.C. (FESEGO)&nbsp;<\/li>\n\n\n\n<li>Organizaci\u00f3n de la Sociedad Civil Seypaz&nbsp;<\/li>\n\n\n\n<li>Tecnol\u00f3gico de Monterrey (ITESM)&nbsp;<\/li>\n\n\n\n<li>Universidad Iberoamericana&nbsp;<\/li>\n\n\n\n<li>Universidad Rosario Castellanos (URC)&nbsp;<\/li>\n\n\n\n<li>Universidad An\u00e1huac&nbsp;<\/li>\n\n\n\n<li>Escuela de Administraci\u00f3n P\u00fablica de la Ciudad de M\u00e9xico (EAP)<\/li>\n\n\n\n<li>Consejo de Evaluaci\u00f3n del Desarrollo Social de la Ciudad de M\u00e9xico (Eval\u00faa)&nbsp;<\/li>\n\n\n\n<li>Secretar\u00eda de Educaci\u00f3n, Ciencia, Tecnolog\u00eda e Innovaci\u00f3n (SECTEI)<\/li>\n<\/ol>\n<\/div>\n<\/div>\n<\/div>\n<\/div>\n\n\n\n<div class=\"wp-block-uagb-container uagb-block-069c6b2e\">\n<div class=\"wp-block-uagb-container uagb-block-52aae402\">\n<div class=\"wp-block-columns is-layout-flex wp-container-core-columns-is-layout-28f84493 wp-block-columns-is-layout-flex\">\n<div class=\"wp-block-column is-layout-flow wp-block-column-is-layout-flow\" style=\"flex-basis:10.33%\">\n<figure class=\"wp-block-image aligncenter size-full\"><img loading=\"lazy\" decoding=\"async\" width=\"68\" height=\"76\" src=\"https:\/\/redecos.cdmx.gob.mx\/web\/wp-content\/uploads\/2024\/08\/objetivo-dorado.png\" alt=\"\" class=\"wp-image-958\"\/><\/figure>\n<\/div>\n\n\n\n<div class=\"wp-block-column is-layout-flow wp-block-column-is-layout-flow\" style=\"flex-basis:66.66%\">\n<div class=\"wp-block-uagb-advanced-heading uagb-block-82a4d3f9\" id=\"objetivo\"><h2 class=\"uagb-heading-text\">Objetivo general<\/h2><\/div>\n\n\n\n<p>Contribuir al desarrollo de estrategias para reforzar la formaci\u00f3n, educaci\u00f3n y actualizaci\u00f3n del cuerpo policial y judicial de la Ciudad de M\u00e9xico, para mejorar el nivel de seguridad en la Ciudad.<\/p>\n<\/div>\n<\/div>\n<\/div>\n\n\n\n<div class=\"wp-block-uagb-container uagb-block-6e565a43\">\n<div class=\"wp-block-columns is-layout-flex wp-container-core-columns-is-layout-28f84493 wp-block-columns-is-layout-flex\">\n<div class=\"wp-block-column is-layout-flow wp-block-column-is-layout-flow\" style=\"flex-basis:10.33%\">\n<figure class=\"wp-block-image aligncenter size-full\"><img loading=\"lazy\" decoding=\"async\" width=\"68\" height=\"82\" src=\"https:\/\/redecos.cdmx.gob.mx\/web\/wp-content\/uploads\/2024\/08\/problema-publico-dorado.png\" alt=\"\" class=\"wp-image-960\"\/><\/figure>\n<\/div>\n\n\n\n<div class=\"wp-block-column is-layout-flow wp-block-column-is-layout-flow\" style=\"flex-basis:66.66%\">\n<div class=\"wp-block-uagb-advanced-heading uagb-block-b67d2d85\"><h2 class=\"uagb-heading-text\">Problema p\u00fablico<\/h2><\/div>\n\n\n\n<p>Seguridad Ciudadana<\/p>\n<\/div>\n<\/div>\n<\/div>\n<\/div>\n\n\n\n<div class=\"wp-block-uagb-container uagb-block-2326c55e\">\n<div class=\"wp-block-uagb-container uagb-block-7a9cd42a\">\n<div class=\"wp-block-columns is-layout-flex wp-container-core-columns-is-layout-28f84493 wp-block-columns-is-layout-flex\">\n<div class=\"wp-block-column is-layout-flow wp-block-column-is-layout-flow\" style=\"flex-basis:10.33%\">\n<figure class=\"wp-block-image aligncenter size-full\"><img loading=\"lazy\" decoding=\"async\" width=\"74\" height=\"75\" src=\"https:\/\/redecos.cdmx.gob.mx\/web\/wp-content\/uploads\/2024\/08\/actividades-dorado.png\" alt=\"\" class=\"wp-image-952\"\/><\/figure>\n<\/div>\n\n\n\n<div class=\"wp-block-column is-layout-flow wp-block-column-is-layout-flow\" style=\"flex-basis:66.66%\">\n<div class=\"wp-block-uagb-advanced-heading uagb-block-797fb6df\" id=\"actividades\"><h2 class=\"uagb-heading-text\">Actividades<\/h2><\/div>\n\n\n\n<ul class=\"wp-block-list\">\n<li><strong>Bachillerato policial.<\/strong> Se dise\u00f1\u00f3 para oficiales en activo de la Secretar\u00eda de Seguridad Ciudadana de la Ciudad de M\u00e9xico, con la finalidad de permitirles cursar el nivel en dos a\u00f1os en las ciberescuelas ubicadas en los sectores policiales y en las sedes de los Puntos de Innovaci\u00f3n, Libertad, Arte, Educaci\u00f3n y Saberes (PILARES). Para finales del a\u00f1o 2023, 207 elementos concluyeron sus estudios.<\/li>\n<\/ul>\n\n\n\n<p>&nbsp;&nbsp;&nbsp;&nbsp;&nbsp;Monto: Sin costo<\/p>\n\n\n\n<ul class=\"wp-block-list\">\n<li><strong>Curso en l\u00ednea sobre Seguridad y Derechos Humanos. <\/strong>&nbsp;La Comisi\u00f3n de Derechos Humanos de la Ciudad de M\u00e9xico dise\u00f1\u00f3 el curso que inici\u00f3 el 28 de octubre de 2019 y en el cual, al primer semestre de 2020, participaron 7,272 personas de la Secretar\u00eda de Seguridad Ciudadana, entre ellos, docentes, personal administrativo, mandos medios y superiores.<\/li>\n<\/ul>\n\n\n\n<p>&nbsp;&nbsp;&nbsp;&nbsp;&nbsp;&nbsp;Monto: Sin costo<\/p>\n\n\n\n<ul class=\"wp-block-list\">\n<li><strong>Cursos sobre el Sistema Penal Acusatorio y La Cultura de la Legalidad.<\/strong> Lo imparti\u00f3 la Facultad de Derecho de la Universidad Nacional Aut\u00f3noma de M\u00e9xico (UNAM), a 30 oficiales de la Secretar\u00eda de Seguridad Ciudadana, del 28 de noviembre al 6 de diciembre de 2019.<\/li>\n<\/ul>\n\n\n\n<p>&nbsp;&nbsp;&nbsp;&nbsp;&nbsp;&nbsp;Monto: Sin costo<\/p>\n\n\n\n<ul class=\"wp-block-list\">\n<li><strong>Curso te\u00f3rico-pr\u00e1ctico para polic\u00edas ministeriales en activo y en formaci\u00f3n. El funcionario frente a la violencia y la sociedad organizada.<\/strong> Se profesionaliz\u00f3 a 16 alumnos del Instituto de Formaci\u00f3n Profesional y 14 agentes de la Polic\u00eda de Investigaci\u00f3n, de la entonces Procuradur\u00eda General de Justicia de la Ciudad de M\u00e9xico. El curso se imparti\u00f3 del 25 de noviembre al 6 de diciembre de 2019, de forma presencial en El Colegio de M\u00e9xico. Se entreg\u00f3 un informe del curso donde se detalla los objetivos, caracter\u00edsticas, dise\u00f1o original, adecuaciones y an\u00e1lisis sobre su desarrollo.<\/li>\n<\/ul>\n\n\n\n<p>&nbsp;&nbsp;&nbsp;&nbsp;&nbsp;&nbsp;Monto:&nbsp; $492, 211.20<\/p>\n\n\n\n<ul class=\"wp-block-list\">\n<li><strong>Construir redes de paz a partir de los PILARES de la Ciudad de M\u00e9xico.<\/strong> El proyecto se llev\u00f3 a cabo del 13 de noviembre de 2020 al 30 de julio de 2021, se detect\u00f3 que el Programa PILARES tiene la oportunidad y el potencial para promocionar redes de capital social (Incide directamente en las comunidades donde se encuentran). Se produjo el desarrollo de un an\u00e1lisis cualitativo y cuantitativo socioespacial de las condiciones de violencia criminal en las dos alcald\u00edas de trabajo Cuauht\u00e9moc e Iztapalapa, dando como resultado la publicaci\u00f3n del art\u00edculo \u201cTerritorialidad urbana y seguridad. Una agenda en materia de capital social para el programa PILARES de la Ciudad de M\u00e9xico\u201d (2021). Se elabor\u00f3 un texto que incluye los resultados de la investigaci\u00f3n, as\u00ed como compilado de los datos obtenidos en el marco del proyecto. Tambi\u00e9n se trabaj\u00f3 un producto audiovisual que diera cuenta del trabajo realizado en los PILARES analizados y de los resultados obtenidos del proyecto.<\/li>\n<\/ul>\n\n\n\n<p>&nbsp;&nbsp;&nbsp;&nbsp;&nbsp;&nbsp;Monto: $1,000,000.00<\/p>\n\n\n\n<ul class=\"wp-block-list\">\n<li><strong>Dise\u00f1o, desarrollo e implementaci\u00f3n de un programa de Diplomado para la Formaci\u00f3n de Mandos de la Polic\u00eda de Investigaci\u00f3n de la FGJCDMX, el cual ser\u00e1 denominado \u201cDiplomado en Alta Direcci\u00f3n con Especialidad en Procuraci\u00f3n de Justicia\u201d.<\/strong> Se realiz\u00f3 un Diplomado del 16 de enero al 16 de abril de 2023, donde se profesionaliz\u00f3 a 400 mandos de la Polic\u00eda de Investigaci\u00f3n de la Fiscal\u00eda General de Justicia de la Ciudad de M\u00e9xico, mediante la adquisici\u00f3n de conocimientos y el desarrollo de habilidades-destrezas directivas, para participar en el proceso de procuraci\u00f3n de justicia en un marco de honestidad, \u00e9tica p\u00fablica y responsabilidades administrativas.<\/li>\n<\/ul>\n\n\n\n<p>&nbsp;&nbsp;&nbsp;&nbsp;&nbsp;&nbsp;Monto: $1,972,000.00&nbsp;<\/p>\n\n\n\n<ul class=\"wp-block-list\">\n<li><strong>Evaluaci\u00f3n del programa mentor\u00edas de la estrategia Alto al Fuego. An\u00e1lisis de un programa para la reducci\u00f3n de la violencia en la Ciudad de M\u00e9xico.<\/strong> Este proyecto se trabaj\u00f3 del 15 de octubre de 2021 al 15 de marzo de 2023. En \u00e9l, se realiz\u00f3 un diagn\u00f3stico y evaluaci\u00f3n del programa Mentor\u00edas de la Estrategia Alto al Fuego con la finalidad de indagar el impacto que, sobre los beneficiarios, los mentores y la comunidad, tiene el proyecto \u201cMentores con personas en alto riesgo de cometer actos violentos\u201d. El objetivo fue proponer los ajustes y mejoras que se consideren necesarios en el dise\u00f1o e implementaci\u00f3n del proyecto. Ello dentro del marco de las competencias y para dar cumplimiento al objetivo general de reducci\u00f3n de la violencia que gu\u00eda las acciones de la Subsecretar\u00eda de Participaci\u00f3n Ciudadana y Prevenci\u00f3n del Delito de la Secretar\u00eda de Seguridad Ciudadana de la Ciudad de M\u00e9xico.<\/li>\n<\/ul>\n\n\n\n<p>&nbsp;&nbsp;&nbsp;&nbsp;&nbsp;&nbsp;Monto: $1,316,356.00&nbsp;<\/p>\n\n\n\n<ul class=\"wp-block-list\">\n<li><strong>Preservar la fortaleza capitalina. Estrategia para combatir la violencia criminal en la Ciudad de M\u00e9xico, 2024-2030.<\/strong> Este proyecto se realiz\u00f3 del 11 de noviembre de 2022 al 28 de junio de 2024, consisti\u00f3 en entender cu\u00e1les fueron los elementos detr\u00e1s de la pol\u00edtica de seguridad en la Ciudad de M\u00e9xico desde hace tres d\u00e9cadas, incluyendo la detecci\u00f3n de rasgos exitosos en la reducci\u00f3n de violencia criminal actual en la Ciudad de M\u00e9xico. A partir de los resultados, la investigaci\u00f3n ofrece una serie de recomendaciones que ser\u00e1n presentadas en 2024 a quien ocupe la jefatura de gobierno de la ciudad.<\/li>\n<\/ul>\n\n\n\n<p>&nbsp;&nbsp;&nbsp;&nbsp;&nbsp;&nbsp;Monto: $2,000,000.00<\/p>\n<\/div>\n<\/div>\n<\/div>\n<\/div>\n\n\n\n<div class=\"wp-block-uagb-container uagb-block-a3e311e3\">\n<div class=\"wp-block-uagb-container uagb-block-a72a0041\">\n<div class=\"wp-block-columns is-layout-flex wp-container-core-columns-is-layout-28f84493 wp-block-columns-is-layout-flex\">\n<div class=\"wp-block-column is-layout-flow wp-block-column-is-layout-flow\" style=\"flex-basis:10.33%\">\n<figure class=\"wp-block-image aligncenter size-full\"><img loading=\"lazy\" decoding=\"async\" width=\"58\" height=\"75\" src=\"https:\/\/redecos.cdmx.gob.mx\/web\/wp-content\/uploads\/2024\/08\/logros-dorado.png\" alt=\"\" class=\"wp-image-954\"\/><\/figure>\n<\/div>\n\n\n\n<div class=\"wp-block-column is-layout-flow wp-block-column-is-layout-flow\" style=\"flex-basis:66.66%\">\n<div class=\"wp-block-uagb-advanced-heading uagb-block-da0ddbfc\" id=\"logros\"><h2 class=\"uagb-heading-text\">Logros<\/h2><\/div>\n\n\n\n<ul class=\"wp-block-list\">\n<li>ementos de distintas \u00e1reas de la Secretar\u00eda de Seguridad Ciudadana de la Ciudad de M\u00e9xico, concluyeron sus estudios de educaci\u00f3n media superior.<\/li>\n\n\n\n<li>Se profesionaliz\u00f3 a 7,272 personas de la Secretar\u00eda de Seguridad Ciudadana de la Ciudad de M\u00e9xico, entre ellos, docentes, personal administrativo, mandos medios y superiores en el Curso en l\u00ednea sobre Seguridad y Derechos Humanos.<\/li>\n\n\n\n<li>Se profesionaliz\u00f3 a 30 oficiales de la Secretar\u00eda de Seguridad Ciudadana de la Ciudad de M\u00e9xico en los cursos sobre el Sistema Penal Acusatorio y La Cultura de la Legalidad.<\/li>\n\n\n\n<li>Se profesionaliz\u00f3 a 16 alumnos del Instituto de Formaci\u00f3n Profesional y 14 agentes de la Polic\u00eda de Investigaci\u00f3n, de la entonces Procuradur\u00eda General de Justicia de la Ciudad de M\u00e9xico, en el Curso te\u00f3rico-pr\u00e1ctico para polic\u00edas ministeriales en activo y en formaci\u00f3n. El funcionario frente a la violencia y la sociedad organizada.<\/li>\n\n\n\n<li>Se profesionaliz\u00f3 a 400 mandos de la Polic\u00eda de Investigaci\u00f3n de la Fiscal\u00eda General de Justicia de la Ciudad de M\u00e9xico, con el \u201cDiplomado en Alta Direcci\u00f3n con Especialidad en Procuraci\u00f3n de Justicia\u201d.<\/li>\n<\/ul>\n<\/div>\n<\/div>\n<\/div>\n<\/div>\n\n\n\n<div class=\"wp-block-uagb-container uagb-block-75d7118d\">\n<div class=\"wp-block-uagb-container uagb-block-76459882\">\n<div class=\"wp-block-columns is-layout-flex wp-container-core-columns-is-layout-28f84493 wp-block-columns-is-layout-flex\">\n<div class=\"wp-block-column is-layout-flow wp-block-column-is-layout-flow\" style=\"flex-basis:10.33%\">\n<figure class=\"wp-block-image aligncenter size-full\"><img loading=\"lazy\" decoding=\"async\" width=\"76\" height=\"75\" src=\"https:\/\/redecos.cdmx.gob.mx\/web\/wp-content\/uploads\/2024\/08\/acciones-dorado.png\" alt=\"\" class=\"wp-image-950\"\/><\/figure>\n<\/div>\n\n\n\n<div class=\"wp-block-column is-layout-flow wp-block-column-is-layout-flow\" style=\"flex-basis:66.66%\">\n<div class=\"wp-block-uagb-advanced-heading uagb-block-67c771ac\" id=\"acciones\"><h2 class=\"uagb-heading-text\">Acciones en curso<\/h2><\/div>\n\n\n\n<p><strong>Preservar la fortaleza capitalina. Estrategia para combatir la violencia criminal en la Ciudad de M\u00e9xico, 2024-2030.<\/strong> Este proyecto se realiz\u00f3 del 11 de noviembre de 2022 al 28 de junio de 2024, consisti\u00f3 en entender cu\u00e1les fueron los elementos detr\u00e1s de la pol\u00edtica de seguridad en la Ciudad de M\u00e9xico desde hace tres d\u00e9cadas, incluyendo la detecci\u00f3n de rasgos exitosos en la reducci\u00f3n de violencia criminal actual en la Ciudad de M\u00e9xico. A partir de los resultados, la investigaci\u00f3n ofrece una serie de recomendaciones que ser\u00e1n presentadas en 2024 a quien ocupe la jefatura de gobierno de la ciudad.<\/p>\n<\/div>\n<\/div>\n<\/div>\n<\/div>\n\n\n\n<div class=\"wp-block-uagb-container uagb-block-a86e8d1b\">\n<div class=\"wp-block-uagb-container uagb-block-d6d73053\">\n<div class=\"wp-block-columns is-layout-flex wp-container-core-columns-is-layout-28f84493 wp-block-columns-is-layout-flex\">\n<div class=\"wp-block-column is-layout-flow wp-block-column-is-layout-flow\" style=\"flex-basis:10.33%\">\n<figure class=\"wp-block-image aligncenter size-full\"><img loading=\"lazy\" decoding=\"async\" width=\"65\" height=\"64\" src=\"https:\/\/redecos.cdmx.gob.mx\/web\/wp-content\/uploads\/2024\/08\/minuta-dorado.png\" alt=\"\" class=\"wp-image-956\"\/><\/figure>\n<\/div>\n\n\n\n<div class=\"wp-block-column is-layout-flow wp-block-column-is-layout-flow\" style=\"flex-basis:66.66%\">\n<div class=\"wp-block-uagb-advanced-heading uagb-block-d4d7bbde\" id=\"minutas\"><h2 class=\"uagb-heading-text\">Minutas y recursos digitales<\/h2><\/div>\n\n\n\n<div class=\"wp-block-esab-accordion accordion-89ccfaae\" data-mode=\"global\"><div class=\"esab__container\" style=\"row-gap:10px;margin:0px 0px 0px 0px\">\n<div class=\"wp-block-esab-accordion-child\" style=\"border:1px solid #bc955c\"><div class=\"esab__head\" style=\"padding:10px 10px 10px 10px;background-color:#9f2241\" role=\"button\" aria-expanded=\"false\"><div class=\"esab__heading_txt\"><p class=\"esab__heading_tag\" style=\"color:var(--ast-global-color-5)\">Minutas<\/p><\/div><div class=\"esab__icon\"><div class=\"esab__collapse\"><svg version=\"1.2\" viewBox=\"0 0 24 24\" width=\"24\" height=\"24\"><path fill-rule=\"evenodd\" d=\"m3.5 20.5c-4.7-4.7-4.7-12.3 0-17 4.7-4.7 12.3-4.7 17 0 4.6 4.7 4.6 12.3 0 17-4.7 4.6-12.3 4.6-17 0zm0.9-0.9c4.2 4.2 11 4.2 15.2 0 4.2-4.2 4.2-11 0-15.2-4.2-4.3-11-4.3-15.2 0-4.3 4.2-4.3 11 0 15.2z\"><\/path><path d=\"m11.4 15.9v-3.3h-3.3c-0.3 0-0.6-0.3-0.6-0.6 0-0.4 0.3-0.6 0.6-0.6h3.3v-3.3c0-0.3 0.3-0.6 0.6-0.6 0.3 0 0.6 0.3 0.6 0.6v3.3h3.3c0.3 0 0.6 0.2 0.6 0.6q0 0.2-0.2 0.4-0.2 0.2-0.4 0.2h-3.3v3.3q0 0.2-0.2 0.4-0.2 0.2-0.4 0.2c-0.4 0-0.6-0.3-0.6-0.6z\"><\/path><\/svg><\/div><div class=\"esab__expand\"><svg version=\"1.2\" viewBox=\"0 0 24 24\" width=\"24\" height=\"24\"><path fill-rule=\"evenodd\" d=\"m12 24c-6.6 0-12-5.4-12-12 0-6.6 5.4-12 12-12 6.6 0 12 5.4 12 12 0 6.6-5.4 12-12 12zm10.6-12c0-5.9-4.7-10.6-10.6-10.6-5.9 0-10.6 4.7-10.6 10.6 0 5.9 4.7 10.6 10.6 10.6 5.9 0 10.6-4.7 10.6-10.6z\"><\/path><path d=\"m5.6 11.3h12.8v1.4h-12.8z\"><\/path><\/svg><\/div><\/div><\/div><div class=\"esab__body\" style=\"border-top:1px solid var(--ast-global-color-5);padding:10px 10px 10px 10px;background-color:transparent\">\n<p><\/p>\n\n\n\n<div class=\"wp-block-file\"><a id=\"wp-block-file--media-a9f1eec5-85d1-49ba-aaf3-ab9e8bb440e3\" href=\"https:\/\/redecos.cdmx.gob.mx\/web\/wp-content\/uploads\/2024\/08\/PILARES-COLMEX.pdf\">PILARES COLMEX<\/a><a href=\"https:\/\/redecos.cdmx.gob.mx\/web\/wp-content\/uploads\/2024\/08\/PILARES-COLMEX.pdf\" class=\"wp-block-file__button wp-element-button\" download aria-describedby=\"wp-block-file--media-a9f1eec5-85d1-49ba-aaf3-ab9e8bb440e3\">Descarga<\/a><\/div>\n\n\n\n<div class=\"wp-block-file\"><a id=\"wp-block-file--media-db5c71f4-30e5-4d64-b3e8-b8c861ed7085\" href=\"https:\/\/redecos.cdmx.gob.mx\/web\/wp-content\/uploads\/2024\/08\/Informe-curso-Policias-Minist-17-dic-2019-DR.-Sergio-Aguayodocx-2.pdf\">Informe curso Polic\u00edas Minist 17 dic 2019-DR. Sergio Aguayodocx (2)<\/a><a href=\"https:\/\/redecos.cdmx.gob.mx\/web\/wp-content\/uploads\/2024\/08\/Informe-curso-Policias-Minist-17-dic-2019-DR.-Sergio-Aguayodocx-2.pdf\" class=\"wp-block-file__button wp-element-button\" download aria-describedby=\"wp-block-file--media-db5c71f4-30e5-4d64-b3e8-b8c861ed7085\">Descarga<\/a><\/div>\n<\/div><\/div>\n\n\n\n<div class=\"wp-block-esab-accordion-child\" style=\"border:1px solid #bc955c\"><div class=\"esab__head\" style=\"padding:10px 10px 10px 10px;background-color:#9f2241\" role=\"button\" aria-expanded=\"false\"><div class=\"esab__heading_txt\"><p class=\"esab__heading_tag\" style=\"color:var(--ast-global-color-5)\">Informes y otros documentos<\/p><\/div><div class=\"esab__icon\"><div class=\"esab__collapse\"><svg version=\"1.2\" viewBox=\"0 0 24 24\" width=\"24\" height=\"24\"><path fill-rule=\"evenodd\" d=\"m3.5 20.5c-4.7-4.7-4.7-12.3 0-17 4.7-4.7 12.3-4.7 17 0 4.6 4.7 4.6 12.3 0 17-4.7 4.6-12.3 4.6-17 0zm0.9-0.9c4.2 4.2 11 4.2 15.2 0 4.2-4.2 4.2-11 0-15.2-4.2-4.3-11-4.3-15.2 0-4.3 4.2-4.3 11 0 15.2z\"><\/path><path d=\"m11.4 15.9v-3.3h-3.3c-0.3 0-0.6-0.3-0.6-0.6 0-0.4 0.3-0.6 0.6-0.6h3.3v-3.3c0-0.3 0.3-0.6 0.6-0.6 0.3 0 0.6 0.3 0.6 0.6v3.3h3.3c0.3 0 0.6 0.2 0.6 0.6q0 0.2-0.2 0.4-0.2 0.2-0.4 0.2h-3.3v3.3q0 0.2-0.2 0.4-0.2 0.2-0.4 0.2c-0.4 0-0.6-0.3-0.6-0.6z\"><\/path><\/svg><\/div><div class=\"esab__expand\"><svg version=\"1.2\" viewBox=\"0 0 24 24\" width=\"24\" height=\"24\"><path fill-rule=\"evenodd\" d=\"m12 24c-6.6 0-12-5.4-12-12 0-6.6 5.4-12 12-12 6.6 0 12 5.4 12 12 0 6.6-5.4 12-12 12zm10.6-12c0-5.9-4.7-10.6-10.6-10.6-5.9 0-10.6 4.7-10.6 10.6 0 5.9 4.7 10.6 10.6 10.6 5.9 0 10.6-4.7 10.6-10.6z\"><\/path><path d=\"m5.6 11.3h12.8v1.4h-12.8z\"><\/path><\/svg><\/div><\/div><\/div><div class=\"esab__body\" style=\"border-top:1px solid var(--ast-global-color-5);padding:10px 10px 10px 10px;background-color:transparent\">\n<p><\/p>\n<\/div><\/div>\n\n\n\n<div class=\"wp-block-esab-accordion-child\" style=\"border:1px solid #bc955c\"><div class=\"esab__head\" style=\"padding:10px 10px 10px 10px;background-color:#9f2241\" role=\"button\" aria-expanded=\"false\"><div class=\"esab__heading_txt\"><p class=\"esab__heading_tag\" style=\"color:var(--ast-global-color-5)\">Recursos digitales<\/p><\/div><div class=\"esab__icon\"><div class=\"esab__collapse\"><svg version=\"1.2\" viewBox=\"0 0 24 24\" width=\"24\" height=\"24\"><path fill-rule=\"evenodd\" d=\"m3.5 20.5c-4.7-4.7-4.7-12.3 0-17 4.7-4.7 12.3-4.7 17 0 4.6 4.7 4.6 12.3 0 17-4.7 4.6-12.3 4.6-17 0zm0.9-0.9c4.2 4.2 11 4.2 15.2 0 4.2-4.2 4.2-11 0-15.2-4.2-4.3-11-4.3-15.2 0-4.3 4.2-4.3 11 0 15.2z\"><\/path><path d=\"m11.4 15.9v-3.3h-3.3c-0.3 0-0.6-0.3-0.6-0.6 0-0.4 0.3-0.6 0.6-0.6h3.3v-3.3c0-0.3 0.3-0.6 0.6-0.6 0.3 0 0.6 0.3 0.6 0.6v3.3h3.3c0.3 0 0.6 0.2 0.6 0.6q0 0.2-0.2 0.4-0.2 0.2-0.4 0.2h-3.3v3.3q0 0.2-0.2 0.4-0.2 0.2-0.4 0.2c-0.4 0-0.6-0.3-0.6-0.6z\"><\/path><\/svg><\/div><div class=\"esab__expand\"><svg version=\"1.2\" viewBox=\"0 0 24 24\" width=\"24\" height=\"24\"><path fill-rule=\"evenodd\" d=\"m12 24c-6.6 0-12-5.4-12-12 0-6.6 5.4-12 12-12 6.6 0 12 5.4 12 12 0 6.6-5.4 12-12 12zm10.6-12c0-5.9-4.7-10.6-10.6-10.6-5.9 0-10.6 4.7-10.6 10.6 0 5.9 4.7 10.6 10.6 10.6 5.9 0 10.6-4.7 10.6-10.6z\"><\/path><path d=\"m5.6 11.3h12.8v1.4h-12.8z\"><\/path><\/svg><\/div><\/div><\/div><div class=\"esab__body\" style=\"border-top:1px solid var(--ast-global-color-5);padding:10px 10px 10px 10px;background-color:transparent\">\n<p><\/p>\n\n\n\n<div class=\"wp-block-uagb-container uagb-block-277213f3\"><\/div>\n\n\n\n<figure class=\"wp-block-image aligncenter size-full\"><a href=\"https:\/\/violenciaypaz.colmex.mx\/archivos\/UHVibGljYWNpb24KIDk4CmRvY3VtZW50bw==\/Informe%20CDMX-SVP%209%20sept%20OK.pdf\"><img loading=\"lazy\" decoding=\"async\" width=\"652\" height=\"844\" src=\"https:\/\/redecos.cdmx.gob.mx\/web\/wp-content\/uploads\/2024\/09\/estrategias_politicas.png\" alt=\"\" class=\"wp-image-3936\" srcset=\"https:\/\/redecos.cdmx.gob.mx\/web\/wp-content\/uploads\/2024\/09\/estrategias_politicas.png 652w, https:\/\/redecos.cdmx.gob.mx\/web\/wp-content\/uploads\/2024\/09\/estrategias_politicas-232x300.png 232w\" sizes=\"auto, (max-width: 652px) 100vw, 652px\" \/><\/a><\/figure>\n<\/div><\/div>\n\n\n\n<div class=\"wp-block-esab-accordion-child  esab__active_accordion\" style=\"border:1px solid #bc955c\"><div class=\"esab__head\" style=\"padding:10px 10px 10px 10px;background-color:#9f2241\" role=\"button\" aria-expanded=\"true\"><div class=\"esab__heading_txt\"><p class=\"esab__heading_tag\" style=\"color:var(--ast-global-color-5)\">Fotograf\u00edas<\/p><\/div><div class=\"esab__icon esab__active_icon\"><div class=\"esab__collapse\"><svg version=\"1.2\" viewBox=\"0 0 24 24\" width=\"24\" height=\"24\"><path fill-rule=\"evenodd\" d=\"m3.5 20.5c-4.7-4.7-4.7-12.3 0-17 4.7-4.7 12.3-4.7 17 0 4.6 4.7 4.6 12.3 0 17-4.7 4.6-12.3 4.6-17 0zm0.9-0.9c4.2 4.2 11 4.2 15.2 0 4.2-4.2 4.2-11 0-15.2-4.2-4.3-11-4.3-15.2 0-4.3 4.2-4.3 11 0 15.2z\"><\/path><path d=\"m11.4 15.9v-3.3h-3.3c-0.3 0-0.6-0.3-0.6-0.6 0-0.4 0.3-0.6 0.6-0.6h3.3v-3.3c0-0.3 0.3-0.6 0.6-0.6 0.3 0 0.6 0.3 0.6 0.6v3.3h3.3c0.3 0 0.6 0.2 0.6 0.6q0 0.2-0.2 0.4-0.2 0.2-0.4 0.2h-3.3v3.3q0 0.2-0.2 0.4-0.2 0.2-0.4 0.2c-0.4 0-0.6-0.3-0.6-0.6z\"><\/path><\/svg><\/div><div class=\"esab__expand\"><svg version=\"1.2\" viewBox=\"0 0 24 24\" width=\"24\" height=\"24\"><path fill-rule=\"evenodd\" d=\"m12 24c-6.6 0-12-5.4-12-12 0-6.6 5.4-12 12-12 6.6 0 12 5.4 12 12 0 6.6-5.4 12-12 12zm10.6-12c0-5.9-4.7-10.6-10.6-10.6-5.9 0-10.6 4.7-10.6 10.6 0 5.9 4.7 10.6 10.6 10.6 5.9 0 10.6-4.7 10.6-10.6z\"><\/path><path d=\"m5.6 11.3h12.8v1.4h-12.8z\"><\/path><\/svg><\/div><\/div><\/div><div class=\"esab__body esab__active\" style=\"border-top:1px solid var(--ast-global-color-5);padding:10px 10px 10px 10px;background-color:transparent\">\n<p><\/p>\n\n\n\n<\/div><\/div>\n\n\n\n<div class=\"wp-block-esab-accordion-child\" style=\"border:1px solid #bc955c\"><div class=\"esab__head\" style=\"padding:10px 10px 10px 10px;background-color:#9f2241\" role=\"button\" aria-expanded=\"false\"><div class=\"esab__heading_txt\"><p class=\"esab__heading_tag\" style=\"color:var(--ast-global-color-5)\">Videos<\/p><\/div><div class=\"esab__icon\"><div class=\"esab__collapse\"><svg version=\"1.2\" viewBox=\"0 0 24 24\" width=\"24\" height=\"24\"><path fill-rule=\"evenodd\" d=\"m3.5 20.5c-4.7-4.7-4.7-12.3 0-17 4.7-4.7 12.3-4.7 17 0 4.6 4.7 4.6 12.3 0 17-4.7 4.6-12.3 4.6-17 0zm0.9-0.9c4.2 4.2 11 4.2 15.2 0 4.2-4.2 4.2-11 0-15.2-4.2-4.3-11-4.3-15.2 0-4.3 4.2-4.3 11 0 15.2z\"><\/path><path d=\"m11.4 15.9v-3.3h-3.3c-0.3 0-0.6-0.3-0.6-0.6 0-0.4 0.3-0.6 0.6-0.6h3.3v-3.3c0-0.3 0.3-0.6 0.6-0.6 0.3 0 0.6 0.3 0.6 0.6v3.3h3.3c0.3 0 0.6 0.2 0.6 0.6q0 0.2-0.2 0.4-0.2 0.2-0.4 0.2h-3.3v3.3q0 0.2-0.2 0.4-0.2 0.2-0.4 0.2c-0.4 0-0.6-0.3-0.6-0.6z\"><\/path><\/svg><\/div><div class=\"esab__expand\"><svg version=\"1.2\" viewBox=\"0 0 24 24\" width=\"24\" height=\"24\"><path fill-rule=\"evenodd\" d=\"m12 24c-6.6 0-12-5.4-12-12 0-6.6 5.4-12 12-12 6.6 0 12 5.4 12 12 0 6.6-5.4 12-12 12zm10.6-12c0-5.9-4.7-10.6-10.6-10.6-5.9 0-10.6 4.7-10.6 10.6 0 5.9 4.7 10.6 10.6 10.6 5.9 0 10.6-4.7 10.6-10.6z\"><\/path><path d=\"m5.6 11.3h12.8v1.4h-12.8z\"><\/path><\/svg><\/div><\/div><\/div><div class=\"esab__body\" style=\"border-top:1px solid var(--ast-global-color-5);padding:10px 10px 10px 10px;background-color:transparent\">\n<p><\/p>\n\n\n\n<div class=\"wp-block-uagb-container uagb-block-cee04e52\"><\/div>\n\n\n\n<div class=\"wp-block-columns is-layout-flex wp-container-core-columns-is-layout-28f84493 wp-block-columns-is-layout-flex\">\n<div class=\"wp-block-column is-layout-flow wp-block-column-is-layout-flow\">\n<div class=\"ast-oembed-container \" style=\"height: 100%;\"><iframe loading=\"lazy\" title=\"Seguridad y Redes de Paz\" width=\"500\" height=\"281\" src=\"https:\/\/www.youtube.com\/embed\/kQixjGCTGaU?list=PLNyU8QmGZdoDt0njuYmkQ2GPI_HJCrguJ\" frameborder=\"0\" allow=\"accelerometer; autoplay; clipboard-write; encrypted-media; gyroscope; picture-in-picture; web-share\" referrerpolicy=\"strict-origin-when-cross-origin\" allowfullscreen><\/iframe><\/div>\n<\/div>\n\n\n\n<div class=\"wp-block-column is-layout-flow wp-block-column-is-layout-flow\">\n<div class=\"ast-oembed-container \" style=\"height: 100%;\"><iframe loading=\"lazy\" title=\"La Fortaleza Capitalina\" width=\"500\" height=\"281\" src=\"https:\/\/www.youtube.com\/embed\/cduEZSmnHDQ?feature=oembed\" frameborder=\"0\" allow=\"accelerometer; autoplay; clipboard-write; encrypted-media; gyroscope; picture-in-picture; web-share\" referrerpolicy=\"strict-origin-when-cross-origin\" allowfullscreen><\/iframe><\/div>\n<\/div>\n<\/div>\n<\/div><\/div>\n<\/div><\/div>\n<\/div>\n<\/div>\n<\/div>\n<\/div>\n<\/div><\/div>\n","protected":false},"excerpt":{"rendered":"<p>Seguridad Ciudadana Integrantes Objetivo general Contribuir al desarrollo de estrategias para reforzar la formaci\u00f3n, educaci\u00f3n y actualizaci\u00f3n del cuerpo policial [&hellip;]<\/p>\n","protected":false},"author":2,"featured_media":0,"parent":0,"menu_order":0,"comment_status":"closed","ping_status":"closed","template":"","meta":{"_uag_custom_page_level_css":"","site-sidebar-layout":"default","site-content-layout":"","ast-site-content-layout":"","site-content-style":"default","site-sidebar-style":"default","ast-global-header-display":"","ast-banner-title-visibility":"","ast-main-header-display":"","ast-hfb-above-header-display":"","ast-hfb-below-header-display":"","ast-hfb-mobile-header-display":"","site-post-title":"disabled","ast-breadcrumbs-content":"","ast-featured-img":"","footer-sml-layout":"","theme-transparent-header-meta":"","adv-header-id-meta":"","stick-header-meta":"","header-above-stick-meta":"","header-main-stick-meta":"","header-below-stick-meta":"","astra-migrate-meta-layouts":"default","ast-page-background-enabled":"default","ast-page-background-meta":{"desktop":{"background-color":"var(--ast-global-color-4)","background-image":"","background-repeat":"repeat","background-position":"center center","background-size":"auto","background-attachment":"scroll","background-type":"","background-media":"","overlay-type":"","overlay-color":"","overlay-opacity":"","overlay-gradient":""},"tablet":{"background-color":"","background-image":"","background-repeat":"repeat","background-position":"center center","background-size":"auto","background-attachment":"scroll","background-type":"","background-media":"","overlay-type":"","overlay-color":"","overlay-opacity":"","overlay-gradient":""},"mobile":{"background-color":"","background-image":"","background-repeat":"repeat","background-position":"center center","background-size":"auto","background-attachment":"scroll","background-type":"","background-media":"","overlay-type":"","overlay-color":"","overlay-opacity":"","overlay-gradient":""}},"ast-content-background-meta":{"desktop":{"background-color":"var(--ast-global-color-5)","background-image":"","background-repeat":"repeat","background-position":"center center","background-size":"auto","background-attachment":"scroll","background-type":"","background-media":"","overlay-type":"","overlay-color":"","overlay-opacity":"","overlay-gradient":""},"tablet":{"background-color":"var(--ast-global-color-5)","background-image":"","background-repeat":"repeat","background-position":"center center","background-size":"auto","background-attachment":"scroll","background-type":"","background-media":"","overlay-type":"","overlay-color":"","overlay-opacity":"","overlay-gradient":""},"mobile":{"background-color":"var(--ast-global-color-5)","background-image":"","background-repeat":"repeat","background-position":"center center","background-size":"auto","background-attachment":"scroll","background-type":"","background-media":"","overlay-type":"","overlay-color":"","overlay-opacity":"","overlay-gradient":""}},"footnotes":""},"class_list":["post-1760","page","type-page","status-publish","hentry"],"uagb_featured_image_src":{"full":false,"thumbnail":false,"medium":false,"medium_large":false,"large":false,"1536x1536":false,"2048x2048":false},"uagb_author_info":{"display_name":"admin","author_link":"https:\/\/redecos.cdmx.gob.mx\/web\/author\/admin\/"},"uagb_comment_info":0,"uagb_excerpt":"Seguridad Ciudadana Integrantes Objetivo general Contribuir al desarrollo de estrategias para reforzar la formaci\u00f3n, educaci\u00f3n y actualizaci\u00f3n del cuerpo policial [&hellip;]","_links":{"self":[{"href":"https:\/\/redecos.cdmx.gob.mx\/web\/wp-json\/wp\/v2\/pages\/1760","targetHints":{"allow":["GET"]}}],"collection":[{"href":"https:\/\/redecos.cdmx.gob.mx\/web\/wp-json\/wp\/v2\/pages"}],"about":[{"href":"https:\/\/redecos.cdmx.gob.mx\/web\/wp-json\/wp\/v2\/types\/page"}],"author":[{"embeddable":true,"href":"https:\/\/redecos.cdmx.gob.mx\/web\/wp-json\/wp\/v2\/users\/2"}],"replies":[{"embeddable":true,"href":"https:\/\/redecos.cdmx.gob.mx\/web\/wp-json\/wp\/v2\/comments?post=1760"}],"version-history":[{"count":18,"href":"https:\/\/redecos.cdmx.gob.mx\/web\/wp-json\/wp\/v2\/pages\/1760\/revisions"}],"predecessor-version":[{"id":3938,"href":"https:\/\/redecos.cdmx.gob.mx\/web\/wp-json\/wp\/v2\/pages\/1760\/revisions\/3938"}],"wp:attachment":[{"href":"https:\/\/redecos.cdmx.gob.mx\/web\/wp-json\/wp\/v2\/media?parent=1760"}],"curies":[{"name":"wp","href":"https:\/\/api.w.org\/{rel}","templated":true}]}}