{"id":1714,"date":"2024-08-21T22:44:58","date_gmt":"2024-08-21T22:44:58","guid":{"rendered":"https:\/\/redecos.cdmx.gob.mx\/web\/?page_id=1714"},"modified":"2024-09-11T20:49:49","modified_gmt":"2024-09-11T20:49:49","slug":"proteccion-y-obra-civil","status":"publish","type":"page","link":"https:\/\/redecos.cdmx.gob.mx\/web\/proteccion-y-obra-civil\/","title":{"rendered":"Protecci\u00f3n y Obra Civil"},"content":{"rendered":"\n<div class=\"wp-block-uagb-container uagb-block-e3baa328 alignfull uagb-is-root-container\"><div class=\"uagb-container-inner-blocks-wrap\">\n<div class=\"wp-block-uagb-container uagb-block-8f9fea45\">\n<div class=\"wp-block-uagb-advanced-heading uagb-block-c3e7380e\"><h2 class=\"uagb-heading-text\">Protecci\u00f3n y Obra Civil<\/h2><\/div>\n<\/div>\n\n\n\n<div class=\"wp-block-uagb-container uagb-block-dfafd7a3\">\n<figure class=\"wp-block-image aligncenter size-full\"><img loading=\"lazy\" decoding=\"async\" width=\"181\" height=\"40\" src=\"https:\/\/redecos.cdmx.gob.mx\/web\/wp-content\/uploads\/2024\/08\/linea.png\" alt=\"\" class=\"wp-image-986\"\/><\/figure>\n<\/div>\n\n\n\n<div class=\"wp-block-uagb-container uagb-block-6e93e40f\">\n<div class=\"wp-block-uagb-container uagb-block-f68bb23c\"><nav class=\"is-responsive wp-block-navigation is-layout-flex wp-block-navigation-is-layout-flex\" aria-label=\"Secundario\" \n\t\t data-wp-interactive=\"core\/navigation\" data-wp-context='{\"overlayOpenedBy\":{\"click\":false,\"hover\":false,\"focus\":false},\"type\":\"overlay\",\"roleAttribute\":\"\",\"ariaLabel\":\"Men\\u00fa\"}'><button aria-haspopup=\"dialog\" aria-label=\"Abrir el men\u00fa\" class=\"wp-block-navigation__responsive-container-open\" \n\t\t\t\tdata-wp-on--click=\"actions.openMenuOnClick\"\n\t\t\t\tdata-wp-on--keydown=\"actions.handleMenuKeydown\"\n\t\t\t><svg width=\"24\" height=\"24\" xmlns=\"http:\/\/www.w3.org\/2000\/svg\" viewBox=\"0 0 24 24\" aria-hidden=\"true\" focusable=\"false\"><path d=\"M4 7.5h16v1.5H4z\"><\/path><path d=\"M4 15h16v1.5H4z\"><\/path><\/svg><\/button>\n\t\t\t\t<div class=\"wp-block-navigation__responsive-container\"  id=\"modal-1\" \n\t\t\t\tdata-wp-class--has-modal-open=\"state.isMenuOpen\"\n\t\t\t\tdata-wp-class--is-menu-open=\"state.isMenuOpen\"\n\t\t\t\tdata-wp-watch=\"callbacks.initMenu\"\n\t\t\t\tdata-wp-on--keydown=\"actions.handleMenuKeydown\"\n\t\t\t\tdata-wp-on--focusout=\"actions.handleMenuFocusout\"\n\t\t\t\ttabindex=\"-1\"\n\t\t\t>\n\t\t\t\t\t<div class=\"wp-block-navigation__responsive-close\" tabindex=\"-1\">\n\t\t\t\t\t\t<div class=\"wp-block-navigation__responsive-dialog\" \n\t\t\t\tdata-wp-bind--aria-modal=\"state.ariaModal\"\n\t\t\t\tdata-wp-bind--aria-label=\"state.ariaLabel\"\n\t\t\t\tdata-wp-bind--role=\"state.roleAttribute\"\n\t\t\t>\n\t\t\t\t\t\t\t<button aria-label=\"Cerrar el men\u00fa\" class=\"wp-block-navigation__responsive-container-close\" \n\t\t\t\tdata-wp-on--click=\"actions.closeMenuOnClick\"\n\t\t\t><svg xmlns=\"http:\/\/www.w3.org\/2000\/svg\" viewBox=\"0 0 24 24\" width=\"24\" height=\"24\" aria-hidden=\"true\" focusable=\"false\"><path d=\"m13.06 12 6.47-6.47-1.06-1.06L12 10.94 5.53 4.47 4.47 5.53 10.94 12l-6.47 6.47 1.06 1.06L12 13.06l6.47 6.47 1.06-1.06L13.06 12Z\"><\/path><\/svg><\/button>\n\t\t\t\t\t\t\t<div class=\"wp-block-navigation__responsive-container-content\" \n\t\t\t\tdata-wp-watch=\"callbacks.focusFirstElement\"\n\t\t\t id=\"modal-1-content\">\n\t\t\t\t\t\t\t\t<ul class=\"wp-block-navigation__container is-responsive wp-block-navigation\"><li class=\" wp-block-navigation-item wp-block-navigation-link\"><a class=\"wp-block-navigation-item__content\"  href=\"#integrantes\"><span class=\"wp-block-navigation-item__label\"><img loading=\"lazy\" decoding=\"async\" width=\"49\" height=\"48\" class=\"wp-image-1000\" style=\"width: 25px\" src=\"https:\/\/redecos.cdmx.gob.mx\/web\/wp-content\/uploads\/2024\/08\/integrantes.png\" alt=\"\">       Integrantes <\/span><\/a><\/li><li class=\" wp-block-navigation-item wp-block-navigation-link\"><a class=\"wp-block-navigation-item__content\"  href=\"#objetivo\"><span class=\"wp-block-navigation-item__label\"><img loading=\"lazy\" decoding=\"async\" width=\"39\" height=\"48\" class=\"wp-image-1004\" style=\"width: 25px\" src=\"https:\/\/redecos.cdmx.gob.mx\/web\/wp-content\/uploads\/2024\/08\/objetivos.png\" alt=\"\"><strong>       Objetivo<\/strong><\/span><\/a><\/li><li class=\" wp-block-navigation-item wp-block-navigation-link\"><a class=\"wp-block-navigation-item__content\"  href=\"#actividades\"><span class=\"wp-block-navigation-item__label\"><img loading=\"lazy\" decoding=\"async\" width=\"46\" height=\"45\" class=\"wp-image-992\" style=\"width: 25px\" src=\"https:\/\/redecos.cdmx.gob.mx\/web\/wp-content\/uploads\/2024\/08\/actividades.png\" alt=\"\">  <strong>     Actividades y logros<\/strong><\/span><\/a><\/li><li class=\" wp-block-navigation-item wp-block-navigation-link\"><a class=\"wp-block-navigation-item__content\"  href=\"#acciones\"><span class=\"wp-block-navigation-item__label\"><img loading=\"lazy\" decoding=\"async\" width=\"48\" height=\"48\" class=\"wp-image-990\" style=\"width: 25px\" src=\"https:\/\/redecos.cdmx.gob.mx\/web\/wp-content\/uploads\/2024\/08\/acciones.png\" alt=\"\">  <strong>     Acciones en curso<\/strong><\/span><\/a><\/li><li class=\" wp-block-navigation-item wp-block-navigation-link\"><a class=\"wp-block-navigation-item__content\"  href=\"#minutas\"><span class=\"wp-block-navigation-item__label\"><img loading=\"lazy\" decoding=\"async\" width=\"48\" height=\"47\" class=\"wp-image-1002\" style=\"width: 25px\" src=\"https:\/\/redecos.cdmx.gob.mx\/web\/wp-content\/uploads\/2024\/08\/minutas.png\" alt=\"\">  <strong>     Minutas y recursos digitales<\/strong><\/span><\/a><\/li><\/ul>\n\t\t\t\t\t\t\t<\/div>\n\t\t\t\t\t\t<\/div>\n\t\t\t\t\t<\/div>\n\t\t\t\t<\/div><\/nav><\/div>\n<\/div>\n\n\n\n<div class=\"wp-block-uagb-container uagb-block-ba94111f\">\n<div class=\"wp-block-uagb-container uagb-block-c0baaf12\">\n<div class=\"wp-block-columns is-layout-flex wp-container-core-columns-is-layout-28f84493 wp-block-columns-is-layout-flex\">\n<div class=\"wp-block-column is-layout-flow wp-block-column-is-layout-flow\" style=\"flex-basis:10.33%\">\n<figure class=\"wp-block-image aligncenter size-full\"><img loading=\"lazy\" decoding=\"async\" width=\"74\" height=\"73\" src=\"https:\/\/redecos.cdmx.gob.mx\/web\/wp-content\/uploads\/2024\/08\/integrantes-dorado.png\" alt=\"\" class=\"wp-image-1318\"\/><\/figure>\n<\/div>\n\n\n\n<div class=\"wp-block-column is-layout-flow wp-block-column-is-layout-flow\" style=\"flex-basis:66.66%\">\n<div class=\"wp-block-uagb-advanced-heading uagb-block-d42e27d8\" id=\"integrantes\"><h2 class=\"uagb-heading-text\">Integrantes<\/h2><\/div>\n\n\n\n<ol class=\"wp-block-list\">\n<li>Servicio Sismol\u00f3gico Nacional (SSN)<\/li>\n\n\n\n<li>Universidad Nacional Aut\u00f3noma de M\u00e9xico (UNAM)<\/li>\n\n\n\n<li>Instituto Polit\u00e9cnico Nacional (IPN)<\/li>\n\n\n\n<li>Universidad Aut\u00f3noma Metropolitana (UAM)<\/li>\n\n\n\n<li>Universidad Panamericana (UP)<\/li>\n\n\n\n<li>Centro Nacional de Prevenci\u00f3n de Desastres (CNPD)<\/li>\n\n\n\n<li>Centro de Instrumentaci\u00f3n y Registro S\u00edsmico, A.C.<\/li>\n\n\n\n<li>Secretar\u00eda de Gesti\u00f3n Integral de Riesgos y Protecci\u00f3n Civil (SGIRPC)<\/li>\n\n\n\n<li>Instituto de Seguridad para las Construcciones (ISC)<\/li>\n\n\n\n<li>Secretar\u00eda de Obras y Servicios (SOBSE)<\/li>\n\n\n\n<li>Secretar\u00eda de Educaci\u00f3n, Ciencia, Tecnolog\u00eda e Innovaci\u00f3n (SECTEI)<\/li>\n<\/ol>\n<\/div>\n<\/div>\n<\/div>\n<\/div>\n\n\n\n<div class=\"wp-block-uagb-container uagb-block-0007bd2d\">\n<div class=\"wp-block-uagb-container uagb-block-e85e24f3\">\n<div class=\"wp-block-columns is-layout-flex wp-container-core-columns-is-layout-28f84493 wp-block-columns-is-layout-flex\">\n<div class=\"wp-block-column is-layout-flow wp-block-column-is-layout-flow\" style=\"flex-basis:10.33%\">\n<figure class=\"wp-block-image aligncenter size-full\"><img loading=\"lazy\" decoding=\"async\" width=\"68\" height=\"76\" src=\"https:\/\/redecos.cdmx.gob.mx\/web\/wp-content\/uploads\/2024\/08\/objetivo-dorado.png\" alt=\"\" class=\"wp-image-958\"\/><\/figure>\n<\/div>\n\n\n\n<div class=\"wp-block-column is-layout-flow wp-block-column-is-layout-flow\" style=\"flex-basis:66.66%\">\n<div class=\"wp-block-uagb-advanced-heading uagb-block-81e464e4\" id=\"objetivo\"><h2 class=\"uagb-heading-text\">Objetivo general<\/h2><\/div>\n\n\n\n<p>Definir estrategias y coordinar esfuerzos acad\u00e9micos e institucionales para encontrar soluciones a los retos de la ciudad en materia de riesgos naturales, especialmente sismos, minas, agrietamiento del suelo y actividad volc\u00e1nica.<\/p>\n<\/div>\n<\/div>\n<\/div>\n\n\n\n<div class=\"wp-block-uagb-container uagb-block-3abe4473\">\n<div class=\"wp-block-columns is-layout-flex wp-container-core-columns-is-layout-28f84493 wp-block-columns-is-layout-flex\">\n<div class=\"wp-block-column is-layout-flow wp-block-column-is-layout-flow\" style=\"flex-basis:10.33%\">\n<figure class=\"wp-block-image aligncenter size-full\"><img loading=\"lazy\" decoding=\"async\" width=\"68\" height=\"82\" src=\"https:\/\/redecos.cdmx.gob.mx\/web\/wp-content\/uploads\/2024\/08\/problema-publico-dorado.png\" alt=\"\" class=\"wp-image-960\"\/><\/figure>\n<\/div>\n\n\n\n<div class=\"wp-block-column is-layout-flow wp-block-column-is-layout-flow\" style=\"flex-basis:66.66%\">\n<div class=\"wp-block-uagb-advanced-heading uagb-block-0e0223a4\"><h2 class=\"uagb-heading-text\">Problema p\u00fablico<\/h2><\/div>\n\n\n\n<p>Riesgos naturales en materia de sismos, actividad volc\u00e1nica, agrietamiento del suelo, minas, diagn\u00f3sticos geol\u00f3gicos y estructurales de edificios hist\u00f3ricos, entre otros.<\/p>\n<\/div>\n<\/div>\n<\/div>\n<\/div>\n\n\n\n<div class=\"wp-block-uagb-container uagb-block-22f1474c\">\n<div class=\"wp-block-uagb-container uagb-block-f6805917\">\n<div class=\"wp-block-columns is-layout-flex wp-container-core-columns-is-layout-28f84493 wp-block-columns-is-layout-flex\">\n<div class=\"wp-block-column is-layout-flow wp-block-column-is-layout-flow\" style=\"flex-basis:10.33%\">\n<figure class=\"wp-block-image aligncenter size-full\"><img loading=\"lazy\" decoding=\"async\" width=\"74\" height=\"75\" src=\"https:\/\/redecos.cdmx.gob.mx\/web\/wp-content\/uploads\/2024\/08\/actividades-dorado.png\" alt=\"\" class=\"wp-image-952\"\/><\/figure>\n<\/div>\n\n\n\n<div class=\"wp-block-column is-layout-flow wp-block-column-is-layout-flow\" style=\"flex-basis:66.66%\">\n<div class=\"wp-block-uagb-advanced-heading uagb-block-0a230144\" id=\"actividades\"><h2 class=\"uagb-heading-text\">Actividades<\/h2><\/div>\n\n\n\n<p><strong>2019<\/strong><\/p>\n\n\n\n<ul class=\"wp-block-list\">\n<li>El Grupo de Trabajo inici\u00f3 sus actividades en este a\u00f1o como una iniciativa impulsada desde la Jefatura de Gobierno y en conjunto con la Red S\u00edsmica de la Ciudad de M\u00e9xico (RSCDMX). La Red qued\u00f3 conformada por expertos en sismolog\u00eda de cuatro Instituciones: UNAM, UAM-Azc, CENAPRED y CIRES A.C. y tuvo como objetivo principal -para su primera fase- la conformaci\u00f3n del Sistema de Informaci\u00f3n S\u00edsmica de la Ciudad de M\u00e9xico (SISCDMX), con el prop\u00f3sito de unificar las seis redes de monitoreo s\u00edsmico de las cuatro instituciones que operaban de manera independiente; as\u00ed como actualizar y homologar las estaciones s\u00edsmicas de estas redes. Para llevar a cabo esto, la SECTEI formaliz\u00f3 cuatro convenios de asignaci\u00f3n de recursos por un monto de $40,403,715.00. <\/li>\n\n\n\n<li>Durante este a\u00f1o la RSCDMX sesion\u00f3 en siete ocasiones. En la tercera sesi\u00f3n del primero de agosto de 2019 se present\u00f3 el \u201cProyecto para la integraci\u00f3n de la Red S\u00edsmica de la Ciudad de M\u00e9xico\u201d, el cual plante\u00f3 los objetivos generales de las dos etapas del proyecto.<\/li>\n<\/ul>\n\n\n\n<p><strong>2020<\/strong><\/p>\n\n\n\n<ul class=\"wp-block-list\">\n<li>En este a\u00f1o, la RSCDMX sesion\u00f3 en tres ocasiones. Durante la reuni\u00f3n del 30 de octubre se presentaron los avances de los cuatro convenios que conforman el SISCDMX a la Dra. Rosaura Ru\u00edz, en ese entonces Titular de la SECTEI, as\u00ed como a la Arquitecta Myriam Urz\u00faa Venegas, de la SGIRPC. Ambas Secretarias agradecieron los trabajos realizados y ofrecieron su apoyo para destrabar las dificultades que los proyectos enfrentaban para su desarrollo, esto debido a la pandemia sanitaria por la que se atravesaba.<\/li>\n<\/ul>\n\n\n\n<p><strong>2021<\/strong><\/p>\n\n\n\n<ul class=\"wp-block-list\">\n<li>El 23 de abril de 2021 se instal\u00f3 el Grupo de Trabajo Protecci\u00f3n y Obra Civil, el cual se conform\u00f3 por dos Grupos de Trabajo previamente existentes: el de Protecci\u00f3n Civil, que sum\u00f3 los trabajos que ven\u00edan desarroll\u00e1ndose desde el 2019, con la con la RSCDMX, la SGIRPC y el Instituto para la Seguridad de las Construcciones ISC, as\u00ed como el Grupo de Trabajo Obra Civil, que contaba con la participaci\u00f3n del Instituto de Ingenier\u00eda de la UNAM y la Secretar\u00eda de Obras y Servicios (SOBSE) de la ciudad.<\/li>\n<\/ul>\n\n\n\n<ul class=\"wp-block-list\">\n<li>Durante este a\u00f1o se tuvieron seis sesiones, en las que se conoci\u00f3 el avance t\u00e9cnico y administrativo de los proyectos tecnol\u00f3gicos apoyados por la SECTEI en el marco de la RED ECOS. De entre estos proyectos se encuentran los que integran el SISCDMX y el dirigido a desarrollar modelos num\u00e9ricos para estudiar tanto el comportamiento de las grietas en el suelo, como el comportamiento de las medidas de soluci\u00f3n a implementar en la superficie del terreno y dar recomendaciones para enfrentar el problema en la pr\u00e1ctica. Para este proyecto se destin\u00f3 un monto de $1,918,001.92.<\/li>\n<\/ul>\n\n\n\n<p><strong>2022<\/strong><\/p>\n\n\n\n<ul class=\"wp-block-list\">\n<li>Durante este a\u00f1o, el Grupo sesion\u00f3 en cuatro ocasiones. El 16 de junio de 2022 se llev\u00f3 a cabo la primera sesi\u00f3n, en la cual se presentaron los avances del SISCDMX ante la Arq. Myriam Urz\u00faa, titular de la SGIRyPC, quien se mostr\u00f3 satisfecha del avance del Sistema, aunque inst\u00f3 a la RSCDMX a sumar esfuerzos para tener resultados lo antes posible.<\/li>\n\n\n\n<li>En la misma sesi\u00f3n, se present\u00f3 el avance del proyecto apoyado por la SECTEI a finales del 2021:&nbsp; Dise\u00f1o y desarrollo de concreto nanocompuesto polim\u00e9rico con \u00f3xido de grafeno y arcilla bentonita-lys para la industria de la construcci\u00f3n y vialidad, el cual cont\u00f3 con una inversi\u00f3n de $2,866,000.00 pesos. Su objetivo fue, a partir de un nanocompuesto de concreto polim\u00e9rico fabricado con resina poli\u00e9ster proveniente de botellas de PET posconsumo,&nbsp; concreto reciclado y nanopart\u00edculas, como el grafeno), la producci\u00f3n de cemento permeable e impermeable, con alto costo ambiental para la ciudad.<\/li>\n<\/ul>\n\n\n\n<p><strong>2023<\/strong><\/p>\n\n\n\n<ul class=\"wp-block-list\">\n<li>En este a\u00f1o el Grupo de Trabajo sesion\u00f3 en seis ocasiones: El 9 de febrero de 2023 los integrantes de la RSCDMX y funcionarios de la SGIRPC y la SECTEI, elaboraron un comunicado sobre los microsismos ocurridos el 7 y 8 de febrero con epicentro en el Valle de M\u00e9xico, en las Alcald\u00edas Coyoac\u00e1n, Magdalena Contreras y \u00c1lvaro Obreg\u00f3n. En el documento se concluy\u00f3 que estos sismos son causados por movimientos de fallas geol\u00f3gicas locales, con magnitudes peque\u00f1as y que pueden percibirse en zonas cercanas al epicentro. Dicho comunicado se entreg\u00f3 a la Jefatura de Gobierno.<\/li>\n<\/ul>\n\n\n\n<ul class=\"wp-block-list\">\n<li>El 21 de abril de 2023 integrantes de la RSCDMX,&nbsp; la SGIRPC y la SECTEI se reunieron para elaborar una Tarjeta Informativa para la Jefatura de Gobierno con respecto a los microsismos ocurridos el 20 y 21 de abril con epicentro en el Valle de M\u00e9xico, y percibidos en colonias de las Alcald\u00edas \u00c1lvaro Obreg\u00f3n, Miguel Hidalgo, Magdalena Contreras, Benito Ju\u00e1rez y Coyoac\u00e1n. En el documento se concluye que estos eventos est\u00e1n asociados a la activaci\u00f3n de peque\u00f1as fallas pertenecientes a la Sierra de las Cruces, formaci\u00f3n que separa al Valle de M\u00e9xico del Valle de Toluca y que las aceleraciones m\u00e1ximas fueron significativamente bajas y no representan riesgo alguno para la poblaci\u00f3n ni para las edificaciones de la Ciudad de M\u00e9xico.<\/li>\n<\/ul>\n\n\n\n<ul class=\"wp-block-list\">\n<li>El 18 de mayo de 2023 los integrantes de las cuatro instituciones que conforman la RSCDMX fueron invitados a la Jefatura de Gobierno para participar en la conferencia de prensa que dio la Dra. Claudia Sheimbaum, Jefa de Gobierno, con respecto a los microsismos ocurridos en fechas recientes con epicentro en la Ciudad de M\u00e9xico; adem\u00e1s, se inform\u00f3 de la implementaci\u00f3n del SISCDMX y del uso de los mapas de intensidades emitidos por el Sistema por parte de las autoridades de Protecci\u00f3n Civil de la ciudad. En la conferencia el Jefe del SSN, Dr. Arturo Iglesias, inform\u00f3 que los microsismos registrados no representan un riesgo para la poblaci\u00f3n de la Ciudad, sino que son fen\u00f3menos naturales que seguir\u00e1n ocurriendo.<\/li>\n<\/ul>\n\n\n\n<ul class=\"wp-block-list\">\n<li>El 9 de junio de 2023 -como una iniciativa conjunta entre la SECTEI y la SGIRPC- se convoc\u00f3 a un grupo de especialistas de las principales Instituciones superiores del pa\u00eds para conformar la Red ECOs de Vulcanolog\u00eda cuyo objetivo principal acordado es ser el \u00f3rgano asesor del Gobierno de la Ciudad de M\u00e9xico con relaci\u00f3n a los diversos peligros asociados a la actividad del Volc\u00e1n Popocat\u00e9petl, con el fin de contar con un grupo de consulta experto, confiable y \u00e9tico, para atender cualquier contingencia mediante un enfoque centrado en la ciudadan\u00eda.<\/li>\n<\/ul>\n\n\n\n<ul class=\"wp-block-list\">\n<li>El 4 de octubre de 2023, durante la tercera sesi\u00f3n del Grupo de Trabajo, se presentaron los proyectos aprobados de la Convocatoria 2023 de la SECTEI con tem\u00e1ticas relacionadas a este grupo. Con el apoyo entregado, que suma el monto de $7,419,619.76, comenzaron sus actividades estos proyectos:<\/li>\n<\/ul>\n\n\n\n<ul class=\"wp-block-list\">\n<li>Estudio del comportamiento de pilotes de control in situ mediante instrumentaci\u00f3n geot\u00e9cnica y modelado num\u00e9rico.<\/li>\n\n\n\n<li>Estudio geof\u00edsico-geol\u00f3gico del poniente de la Ciudad de M\u00e9xico: implicaciones en el origen de los microsismos.<\/li>\n\n\n\n<li>Creaci\u00f3n de un laboratorio de pruebas para evaluar Equipos de Difusi\u00f3n Secundaria de la Se\u00f1al de Alerta S\u00edsmica del Sistema de Alerta S\u00edsmica de la Ciudad de M\u00e9xico SASMEX-CDMX.<\/li>\n<\/ul>\n\n\n\n<p><strong>2024<\/strong><\/p>\n\n\n\n<ul class=\"wp-block-list\">\n<li>En lo que va de este a\u00f1o el Grupo ha sesionado en dos ocasiones. En las reuniones se presentan los avances alcanzados por los proyectos desarrollados en los grupos de Protecci\u00f3n Civil y Obra Civil. Este avance se ha comunicado a las dependencias del Gobierno de la Ciudad usuarias de los resultados de los tres proyectos.<\/li>\n<\/ul>\n<\/div>\n<\/div>\n<\/div>\n<\/div>\n\n\n\n<div class=\"wp-block-uagb-container uagb-block-aa5cce5a\">\n<div class=\"wp-block-uagb-container uagb-block-131be4de\">\n<div class=\"wp-block-columns is-layout-flex wp-container-core-columns-is-layout-28f84493 wp-block-columns-is-layout-flex\">\n<div class=\"wp-block-column is-layout-flow wp-block-column-is-layout-flow\" style=\"flex-basis:10.33%\">\n<figure class=\"wp-block-image aligncenter size-full\"><img loading=\"lazy\" decoding=\"async\" width=\"58\" height=\"75\" src=\"https:\/\/redecos.cdmx.gob.mx\/web\/wp-content\/uploads\/2024\/08\/logros-dorado.png\" alt=\"\" class=\"wp-image-954\"\/><\/figure>\n<\/div>\n\n\n\n<div class=\"wp-block-column is-layout-flow wp-block-column-is-layout-flow\" style=\"flex-basis:66.66%\">\n<div class=\"wp-block-uagb-advanced-heading uagb-block-78fd8f2a\" id=\"logros\"><h2 class=\"uagb-heading-text\">Logros<\/h2><\/div>\n\n\n\n<ul class=\"wp-block-list\">\n<li>Se conform\u00f3 el SISCDMX, con 173 estaciones de monitoreo, de las seis redes que operan en la Ciudad de M\u00e9xico pertenecientes a cuatro instituciones: UNAM, UAM, CENAPRED y CIRES, A.C.<\/li>\n\n\n\n<li>Se generaron dos comunicados para Jefatura de Gobierno con el prop\u00f3sito de dar explicaci\u00f3n a los microsismos registrados en la Ciudad de M\u00e9xico y sentidos en las Alcald\u00edas \u00c1lvaro Obreg\u00f3n, Coyoac\u00e1n, Magdalena Contreras, Miguel Hidalgo y Benito Ju\u00e1rez.<\/li>\n\n\n\n<li>Los integrantes de la RSCDMX fueron invitados a la conferencia de prensa del 18 de mayo de 2023 para informar sobre los microsismos ocurridos en la capital y de la conformaci\u00f3n y resultados del Sistema de Informaci\u00f3n S\u00edsmicas de la Ciudad de M\u00e9xico.<\/li>\n\n\n\n<li>Se atendieron m\u00e1s de mil grietas en calles de la Alcald\u00eda Iztapalapa a partir de la t\u00e9cnica desarrollada por el Instituto de Ingenier\u00eda de la UNAM, a trav\u00e9s del proyecto \u201cCaja disipadora de deformaciones unitarias\u201d.<\/li>\n\n\n\n<li>Diariamente la Direcci\u00f3n de Alerta Temprana de la SGIRPC emite el \u201cPron\u00f3stico de desplazamiento de ceniza del Volc\u00e1n Popocat\u00e9petl\u201d para manejo interno a esa Secretar\u00eda, a partir de informaci\u00f3n generada, comentada y validada por el Grupo de la Red de Vulcanolog\u00eda.<\/li>\n<\/ul>\n<\/div>\n<\/div>\n<\/div>\n<\/div>\n\n\n\n<div class=\"wp-block-uagb-container uagb-block-5f5f3d20\">\n<div class=\"wp-block-uagb-container uagb-block-b933cfd7\">\n<div class=\"wp-block-columns is-layout-flex wp-container-core-columns-is-layout-28f84493 wp-block-columns-is-layout-flex\">\n<div class=\"wp-block-column is-layout-flow wp-block-column-is-layout-flow\" style=\"flex-basis:10.33%\">\n<figure class=\"wp-block-image aligncenter size-full\"><img loading=\"lazy\" decoding=\"async\" width=\"76\" height=\"75\" src=\"https:\/\/redecos.cdmx.gob.mx\/web\/wp-content\/uploads\/2024\/08\/acciones-dorado.png\" alt=\"\" class=\"wp-image-950\"\/><\/figure>\n<\/div>\n\n\n\n<div class=\"wp-block-column is-layout-flow wp-block-column-is-layout-flow\" style=\"flex-basis:66.66%\">\n<div class=\"wp-block-uagb-advanced-heading uagb-block-17621014\" id=\"acciones\"><h2 class=\"uagb-heading-text\">Acciones en curso<\/h2><\/div>\n\n\n\n<p>El estudio geof\u00edsico-geol\u00f3gico del poniente de la Ciudad de M\u00e9xico: Implicaciones en el origen de los microsismos, contin\u00faa con las actividades programadas para estudiar, desde un enfoque integral y con t\u00e9cnicas geol\u00f3gico-geof\u00edsicas, a la porci\u00f3n afectada de la ciudad, con la finalidad de conocer sus caracter\u00edsticas geol\u00f3gicas a detalle, en particular la zona profunda, para identificar las estructuras fr\u00e1giles que podr\u00edan ser las generadoras de los microsismos detectados en las inmediaciones. Con los resultados que se obtengan se impartir\u00e1 un taller de divulgaci\u00f3n relacionado con los eventos s\u00edsmicos ocurridos en la zona; de igual forma se est\u00e1n preparando infograf\u00edas que integran informaci\u00f3n acerca de los microsismos recientes.<\/p>\n\n\n\n<p>Se contin\u00faa con la evaluaci\u00f3n del comportamiento de pilotes de control en la torre del Centro Cultural Universitario Tlatelolco de la UNAM. Se lleva a cabo la implementaci\u00f3n de la instrumentaci\u00f3n geot\u00e9cnica en cuatro pilotes de la torre y se realizar\u00e1 la interpretaci\u00f3n de los datos que se obtengan de la instrumentaci\u00f3n implementada. Con estos resultados se elaborar\u00e1 una gu\u00eda para realizar la revisi\u00f3n visual de los pilotes de control despu\u00e9s de ocurrido un sismo, as\u00ed como la generaci\u00f3n de los lineamientos recomendados para el mantenimiento de pilotes de control que favorezcan el buen comportamiento de los edificios con este tipo de cimentaciones especiales.<\/p>\n\n\n\n<p>Por \u00faltimo, se trabaja en&nbsp; la implementaci\u00f3n, equipamiento y puesta en marcha del laboratorio especializado para llevar a cabo las pruebas correspondientes a los equipos de difusi\u00f3n secundaria de la se\u00f1al de Alerta S\u00edsmica de la Ciudad de M\u00e9xico, con base a la Norma T\u00e9cnica NT-SGIRPC-SDSAS-001-2021.-SISTEMAS DE DIFUSI\u00d3N SECUNDARIA PARA EL ALERTAMIENTO S\u00cdSMICO, cuyos resultados contribuir\u00e1n en la elaboraci\u00f3n del Dictamen T\u00e9cnico que deber\u00e1 emitir el comit\u00e9 t\u00e9cnico de Alertas Tempranas de la SGIRPC, como resultado de la verificaci\u00f3n y evaluaci\u00f3n t\u00e9cnica de los sistemas de difusi\u00f3n secundaria en t\u00e9rminos de la mencionada NT.<\/p>\n\n\n\n<p>Estas tres actividades recibieron financiamiento por parte de la SECTEI.<\/p>\n<\/div>\n<\/div>\n<\/div>\n<\/div>\n\n\n\n<div class=\"wp-block-uagb-container uagb-block-577dc4d6\">\n<div class=\"wp-block-uagb-container uagb-block-700e369b\">\n<div class=\"wp-block-columns is-layout-flex wp-container-core-columns-is-layout-28f84493 wp-block-columns-is-layout-flex\">\n<div class=\"wp-block-column is-layout-flow wp-block-column-is-layout-flow\" style=\"flex-basis:10.33%\">\n<figure class=\"wp-block-image aligncenter size-full\"><img loading=\"lazy\" decoding=\"async\" width=\"65\" height=\"64\" src=\"https:\/\/redecos.cdmx.gob.mx\/web\/wp-content\/uploads\/2024\/08\/minuta-dorado.png\" alt=\"\" class=\"wp-image-956\"\/><\/figure>\n<\/div>\n\n\n\n<div class=\"wp-block-column is-layout-flow wp-block-column-is-layout-flow\" style=\"flex-basis:66.66%\">\n<div class=\"wp-block-uagb-advanced-heading uagb-block-3aad8b92\" id=\"minutas\"><h2 class=\"uagb-heading-text\">Minutas y recursos digitales<\/h2><\/div>\n\n\n\n<div class=\"wp-block-esab-accordion accordion-9944d770\" data-mode=\"global\"><div class=\"esab__container\" style=\"row-gap:10px;margin:0px 0px 0px 0px\">\n<div class=\"wp-block-esab-accordion-child\" style=\"border:1px solid #bc955c\"><div class=\"esab__head\" style=\"padding:10px 10px 10px 10px;background-color:#9f2241\" role=\"button\" aria-expanded=\"false\"><div class=\"esab__heading_txt\"><p class=\"esab__heading_tag\" style=\"color:var(--ast-global-color-5)\">Minutas<\/p><\/div><div class=\"esab__icon\"><div class=\"esab__collapse\"><svg version=\"1.2\" viewBox=\"0 0 24 24\" width=\"24\" height=\"24\"><path fill-rule=\"evenodd\" d=\"m3.5 20.5c-4.7-4.7-4.7-12.3 0-17 4.7-4.7 12.3-4.7 17 0 4.6 4.7 4.6 12.3 0 17-4.7 4.6-12.3 4.6-17 0zm0.9-0.9c4.2 4.2 11 4.2 15.2 0 4.2-4.2 4.2-11 0-15.2-4.2-4.3-11-4.3-15.2 0-4.3 4.2-4.3 11 0 15.2z\"><\/path><path d=\"m11.4 15.9v-3.3h-3.3c-0.3 0-0.6-0.3-0.6-0.6 0-0.4 0.3-0.6 0.6-0.6h3.3v-3.3c0-0.3 0.3-0.6 0.6-0.6 0.3 0 0.6 0.3 0.6 0.6v3.3h3.3c0.3 0 0.6 0.2 0.6 0.6q0 0.2-0.2 0.4-0.2 0.2-0.4 0.2h-3.3v3.3q0 0.2-0.2 0.4-0.2 0.2-0.4 0.2c-0.4 0-0.6-0.3-0.6-0.6z\"><\/path><\/svg><\/div><div class=\"esab__expand\"><svg version=\"1.2\" viewBox=\"0 0 24 24\" width=\"24\" height=\"24\"><path fill-rule=\"evenodd\" d=\"m12 24c-6.6 0-12-5.4-12-12 0-6.6 5.4-12 12-12 6.6 0 12 5.4 12 12 0 6.6-5.4 12-12 12zm10.6-12c0-5.9-4.7-10.6-10.6-10.6-5.9 0-10.6 4.7-10.6 10.6 0 5.9 4.7 10.6 10.6 10.6 5.9 0 10.6-4.7 10.6-10.6z\"><\/path><path d=\"m5.6 11.3h12.8v1.4h-12.8z\"><\/path><\/svg><\/div><\/div><\/div><div class=\"esab__body\" style=\"border-top:1px solid var(--ast-global-color-5);padding:10px 10px 10px 10px;background-color:transparent\">\n<p><\/p>\n\n\n\n<div class=\"wp-block-file\"><a id=\"wp-block-file--media-059eac98-db59-4161-97dc-da88197b3d80\" href=\"https:\/\/redecos.cdmx.gob.mx\/web\/wp-content\/uploads\/2024\/08\/2024-03-06-Minuta-Segunda-Sesion-Red-ECOs-Red-de-Proteccion-y-Obra-Civil.pdf\">2024 03 06-Minuta Segunda Sesi\u00f3n Red ECOs-Red de Protecci\u00f3n y Obra Civil<\/a><a href=\"https:\/\/redecos.cdmx.gob.mx\/web\/wp-content\/uploads\/2024\/08\/2024-03-06-Minuta-Segunda-Sesion-Red-ECOs-Red-de-Proteccion-y-Obra-Civil.pdf\" class=\"wp-block-file__button wp-element-button\" download aria-describedby=\"wp-block-file--media-059eac98-db59-4161-97dc-da88197b3d80\">Descarga<\/a><\/div>\n\n\n\n<div class=\"wp-block-file\"><a id=\"wp-block-file--media-326cb263-befc-4306-ad96-709d38f7540a\" href=\"https:\/\/redecos.cdmx.gob.mx\/web\/wp-content\/uploads\/2024\/08\/2024-02-07-Minuta-Primera-Sesion-Red-ECOs-Red-de-Proteccion-y-Obra-Civil.pdf\">2024 02 07-Minuta Primera Sesi\u00f3n Red ECOs-Red de Protecci\u00f3n y Obra Civil<\/a><a href=\"https:\/\/redecos.cdmx.gob.mx\/web\/wp-content\/uploads\/2024\/08\/2024-02-07-Minuta-Primera-Sesion-Red-ECOs-Red-de-Proteccion-y-Obra-Civil.pdf\" class=\"wp-block-file__button wp-element-button\" download aria-describedby=\"wp-block-file--media-326cb263-befc-4306-ad96-709d38f7540a\">Descarga<\/a><\/div>\n\n\n\n<div class=\"wp-block-file\"><a id=\"wp-block-file--media-c9ef3ee8-a3a7-44c6-ab03-59c73b6937d6\" href=\"https:\/\/redecos.cdmx.gob.mx\/web\/wp-content\/uploads\/2024\/08\/2023-10-04-Minuta-Tercera-sesion-Red-ECOS-Red-de-Proteccion-y-Obra-Civil.pdf\">2023 10 04-Minuta Tercera sesi\u00f3n Red ECOS-Red de Protecci\u00f3n y Obra Civil<\/a><a href=\"https:\/\/redecos.cdmx.gob.mx\/web\/wp-content\/uploads\/2024\/08\/2023-10-04-Minuta-Tercera-sesion-Red-ECOS-Red-de-Proteccion-y-Obra-Civil.pdf\" class=\"wp-block-file__button wp-element-button\" download aria-describedby=\"wp-block-file--media-c9ef3ee8-a3a7-44c6-ab03-59c73b6937d6\">Descarga<\/a><\/div>\n\n\n\n<div class=\"wp-block-file\"><a id=\"wp-block-file--media-959834ca-a67f-47bc-aea8-542983c05b0d\" href=\"https:\/\/redecos.cdmx.gob.mx\/web\/wp-content\/uploads\/2024\/08\/2023-07-05-Minuta-Segunda-sesion-Red-ECOS-de-Vulcanologia.pdf\">2023 07 05-Minuta Segunda sesi\u00f3n Red ECOS de Vulcanolog\u00eda<\/a><a href=\"https:\/\/redecos.cdmx.gob.mx\/web\/wp-content\/uploads\/2024\/08\/2023-07-05-Minuta-Segunda-sesion-Red-ECOS-de-Vulcanologia.pdf\" class=\"wp-block-file__button wp-element-button\" download aria-describedby=\"wp-block-file--media-959834ca-a67f-47bc-aea8-542983c05b0d\">Descarga<\/a><\/div>\n\n\n\n<div class=\"wp-block-file\"><a id=\"wp-block-file--media-dde90a41-857f-4acb-9099-c0fa4add607c\" href=\"https:\/\/redecos.cdmx.gob.mx\/web\/wp-content\/uploads\/2024\/08\/2023-05-04-Minuta-Segunda-Sesion-Red-ECOs-Red-de-Proteccion-y-Obra-Civil.pdf\">2023 05 04-Minuta Segunda Sesi\u00f3n Red ECOs-Red de Protecci\u00f3n y Obra Civil<\/a><a href=\"https:\/\/redecos.cdmx.gob.mx\/web\/wp-content\/uploads\/2024\/08\/2023-05-04-Minuta-Segunda-Sesion-Red-ECOs-Red-de-Proteccion-y-Obra-Civil.pdf\" class=\"wp-block-file__button wp-element-button\" download aria-describedby=\"wp-block-file--media-dde90a41-857f-4acb-9099-c0fa4add607c\">Descarga<\/a><\/div>\n\n\n\n<div class=\"wp-block-file\"><a id=\"wp-block-file--media-21a0f83b-20bd-44ee-a065-5de3e2f28119\" href=\"https:\/\/redecos.cdmx.gob.mx\/web\/wp-content\/uploads\/2024\/08\/2023-02-09-Minuta-Sesion-Red-de-Proteccion-y-Obra-Civil-RSCDMX.pdf\">2023 02 09-Minuta Sesi\u00f3n Red de Protecci\u00f3n y Obra Civil-RSCDMX<\/a><a href=\"https:\/\/redecos.cdmx.gob.mx\/web\/wp-content\/uploads\/2024\/08\/2023-02-09-Minuta-Sesion-Red-de-Proteccion-y-Obra-Civil-RSCDMX.pdf\" class=\"wp-block-file__button wp-element-button\" download aria-describedby=\"wp-block-file--media-21a0f83b-20bd-44ee-a065-5de3e2f28119\">Descarga<\/a><\/div>\n\n\n\n<div class=\"wp-block-file\"><a id=\"wp-block-file--media-ba14ec33-d2f7-4dff-9f21-304a1adaed67\" href=\"https:\/\/redecos.cdmx.gob.mx\/web\/wp-content\/uploads\/2024\/08\/2022-11-24-Minuta-Cuarta-Sesion-Red-ECOs-Red-de-Proteccion-y-Obra-Civil.pdf\">2022 11 24-Minuta Cuarta Sesi\u00f3n Red ECOs-Red de Protecci\u00f3n y Obra Civil<\/a><a href=\"https:\/\/redecos.cdmx.gob.mx\/web\/wp-content\/uploads\/2024\/08\/2022-11-24-Minuta-Cuarta-Sesion-Red-ECOs-Red-de-Proteccion-y-Obra-Civil.pdf\" class=\"wp-block-file__button wp-element-button\" download aria-describedby=\"wp-block-file--media-ba14ec33-d2f7-4dff-9f21-304a1adaed67\">Descarga<\/a><\/div>\n\n\n\n<div class=\"wp-block-file\"><a id=\"wp-block-file--media-6a9e182a-c2e3-4260-8934-6f8bf87c45ce\" href=\"https:\/\/redecos.cdmx.gob.mx\/web\/wp-content\/uploads\/2024\/08\/2022-09-22-Minuta-Tercera-Sesion-Red-ECOs-Red-de-Proteccion-y-Obra-Civil.pdf\">2022 09 22-Minuta Tercera Sesi\u00f3n Red ECOs-Red de Protecci\u00f3n y Obra Civil<\/a><a href=\"https:\/\/redecos.cdmx.gob.mx\/web\/wp-content\/uploads\/2024\/08\/2022-09-22-Minuta-Tercera-Sesion-Red-ECOs-Red-de-Proteccion-y-Obra-Civil.pdf\" class=\"wp-block-file__button wp-element-button\" download aria-describedby=\"wp-block-file--media-6a9e182a-c2e3-4260-8934-6f8bf87c45ce\">Descarga<\/a><\/div>\n\n\n\n<div class=\"wp-block-file\"><a id=\"wp-block-file--media-4ba25d4e-a87a-4b19-a39e-606d8ec433bd\" href=\"https:\/\/redecos.cdmx.gob.mx\/web\/wp-content\/uploads\/2024\/08\/2022-08-18-Minuta-Segunda-Sesion-Red-ECOs-Red-de-Proteccion-y-Obra-Civil.pdf\">2022 08 18-Minuta Segunda Sesi\u00f3n Red ECOs-Red de Protecci\u00f3n y Obra Civil<\/a><a href=\"https:\/\/redecos.cdmx.gob.mx\/web\/wp-content\/uploads\/2024\/08\/2022-08-18-Minuta-Segunda-Sesion-Red-ECOs-Red-de-Proteccion-y-Obra-Civil.pdf\" class=\"wp-block-file__button wp-element-button\" download aria-describedby=\"wp-block-file--media-4ba25d4e-a87a-4b19-a39e-606d8ec433bd\">Descarga<\/a><\/div>\n\n\n\n<div class=\"wp-block-file\"><a id=\"wp-block-file--media-e1e16daf-8a3d-47f8-b1ff-43c80a60550f\" href=\"https:\/\/redecos.cdmx.gob.mx\/web\/wp-content\/uploads\/2024\/08\/2022-06-16-Minuta-Primera-Sesion-Red-ECOs-Red-de-Proteccion-y-Obra-Civil.pdf\">2022 06 16-Minuta Primera Sesi\u00f3n Red ECOs-Red de Protecci\u00f3n y Obra Civil<\/a><a href=\"https:\/\/redecos.cdmx.gob.mx\/web\/wp-content\/uploads\/2024\/08\/2022-06-16-Minuta-Primera-Sesion-Red-ECOs-Red-de-Proteccion-y-Obra-Civil.pdf\" class=\"wp-block-file__button wp-element-button\" download aria-describedby=\"wp-block-file--media-e1e16daf-8a3d-47f8-b1ff-43c80a60550f\">Descarga<\/a><\/div>\n\n\n\n<div class=\"wp-block-file\"><a id=\"wp-block-file--media-a2fdb600-bd57-4231-8611-4995869ecf28\" href=\"https:\/\/redecos.cdmx.gob.mx\/web\/wp-content\/uploads\/2024\/08\/2021-12-17-Minuta-Sexta-Sesion-Red-ECOs-Red-de-Proteccion-y-Obra-Civil.pdf\">2021 12 17-Minuta Sexta Sesi\u00f3n Red ECOs-Red de Protecci\u00f3n y Obra Civil<\/a><a href=\"https:\/\/redecos.cdmx.gob.mx\/web\/wp-content\/uploads\/2024\/08\/2021-12-17-Minuta-Sexta-Sesion-Red-ECOs-Red-de-Proteccion-y-Obra-Civil.pdf\" class=\"wp-block-file__button wp-element-button\" download aria-describedby=\"wp-block-file--media-a2fdb600-bd57-4231-8611-4995869ecf28\">Descarga<\/a><\/div>\n\n\n\n<div class=\"wp-block-file\"><a id=\"wp-block-file--media-10cbd7c6-2eee-496b-85df-8820076d0e5b\" href=\"https:\/\/redecos.cdmx.gob.mx\/web\/wp-content\/uploads\/2024\/08\/2021-11-05-Minuta-Quinta-Sesion-Red-ECOs-Red-de-Proteccion-y-Obra-Civil.pdf\">2021 11 05-Minuta Quinta Sesi\u00f3n Red ECOs-Red de Protecci\u00f3n y Obra Civil<\/a><a href=\"https:\/\/redecos.cdmx.gob.mx\/web\/wp-content\/uploads\/2024\/08\/2021-11-05-Minuta-Quinta-Sesion-Red-ECOs-Red-de-Proteccion-y-Obra-Civil.pdf\" class=\"wp-block-file__button wp-element-button\" download aria-describedby=\"wp-block-file--media-10cbd7c6-2eee-496b-85df-8820076d0e5b\">Descarga<\/a><\/div>\n\n\n\n<div class=\"wp-block-file\"><a id=\"wp-block-file--media-60a82e5d-e55f-4fa0-b1c3-3747ef96d754\" href=\"https:\/\/redecos.cdmx.gob.mx\/web\/wp-content\/uploads\/2024\/08\/2021-09-03-Minuta-Cuarta-Sesion-Red-ECOs-Red-de-Proteccion-y-Obra-Civil.pdf\">2021 09 03-Minuta Cuarta Sesi\u00f3n Red ECOs-Red de Protecci\u00f3n y Obra Civil<\/a><a href=\"https:\/\/redecos.cdmx.gob.mx\/web\/wp-content\/uploads\/2024\/08\/2021-09-03-Minuta-Cuarta-Sesion-Red-ECOs-Red-de-Proteccion-y-Obra-Civil.pdf\" class=\"wp-block-file__button wp-element-button\" download aria-describedby=\"wp-block-file--media-60a82e5d-e55f-4fa0-b1c3-3747ef96d754\">Descarga<\/a><\/div>\n\n\n\n<div class=\"wp-block-file\"><a id=\"wp-block-file--media-58b57618-629b-4f87-8784-8b1066a38ef1\" href=\"https:\/\/redecos.cdmx.gob.mx\/web\/wp-content\/uploads\/2024\/08\/2021-06-30-Minuta-Tercera-Sesion-Red-ECOs-Red-de-Proteccion-y-Obra-Civil.pdf\">2021 06 30-Minuta Tercera Sesi\u00f3n Red ECOs-Red de Protecci\u00f3n y Obra Civil<\/a><a href=\"https:\/\/redecos.cdmx.gob.mx\/web\/wp-content\/uploads\/2024\/08\/2021-06-30-Minuta-Tercera-Sesion-Red-ECOs-Red-de-Proteccion-y-Obra-Civil.pdf\" class=\"wp-block-file__button wp-element-button\" download aria-describedby=\"wp-block-file--media-58b57618-629b-4f87-8784-8b1066a38ef1\">Descarga<\/a><\/div>\n\n\n\n<div class=\"wp-block-file\"><a id=\"wp-block-file--media-b4b9e614-af7a-429c-b2d0-45c1756939c6\" href=\"https:\/\/redecos.cdmx.gob.mx\/web\/wp-content\/uploads\/2024\/08\/2021-05-21-Minuta-Segunda-sesion-Red-ECOs-Red-de-Proteccion-y-Obra-Civil.pdf\">2021 05 21-Minuta Segunda sesi\u00f3n Red ECOs-Red de Protecci\u00f3n y Obra Civil<\/a><a href=\"https:\/\/redecos.cdmx.gob.mx\/web\/wp-content\/uploads\/2024\/08\/2021-05-21-Minuta-Segunda-sesion-Red-ECOs-Red-de-Proteccion-y-Obra-Civil.pdf\" class=\"wp-block-file__button wp-element-button\" download aria-describedby=\"wp-block-file--media-b4b9e614-af7a-429c-b2d0-45c1756939c6\">Descarga<\/a><\/div>\n\n\n\n<div class=\"wp-block-file\"><a id=\"wp-block-file--media-8c7012b8-7448-4716-9c81-2597b476e436\" href=\"https:\/\/redecos.cdmx.gob.mx\/web\/wp-content\/uploads\/2024\/08\/2021-04-23-Minuta-Sesion-Inicial-Red-ECOs-Red-de-Proteccion-y-Obra-Civil.pdf\">2021 04 23-Minuta Sesi\u00f3n Inicial Red ECOs-Red de Protecci\u00f3n y Obra Civil<\/a><a href=\"https:\/\/redecos.cdmx.gob.mx\/web\/wp-content\/uploads\/2024\/08\/2021-04-23-Minuta-Sesion-Inicial-Red-ECOs-Red-de-Proteccion-y-Obra-Civil.pdf\" class=\"wp-block-file__button wp-element-button\" download aria-describedby=\"wp-block-file--media-8c7012b8-7448-4716-9c81-2597b476e436\">Descarga<\/a><\/div>\n\n\n\n<div class=\"wp-block-file\"><a id=\"wp-block-file--media-dc605ca6-06c5-41da-834e-104baa080f97\" href=\"https:\/\/redecos.cdmx.gob.mx\/web\/wp-content\/uploads\/2024\/08\/30-10-2020-Presentacion-de-Avances-de-la-RSCDMX-Secretarias.pdf\">30 10 2020-Presentaci\u00f3n de Avances de la RSCDMX Secretarias<\/a><a href=\"https:\/\/redecos.cdmx.gob.mx\/web\/wp-content\/uploads\/2024\/08\/30-10-2020-Presentacion-de-Avances-de-la-RSCDMX-Secretarias.pdf\" class=\"wp-block-file__button wp-element-button\" download aria-describedby=\"wp-block-file--media-dc605ca6-06c5-41da-834e-104baa080f97\">Descarga<\/a><\/div>\n\n\n\n<div class=\"wp-block-file\"><a id=\"wp-block-file--media-9e1af72c-cf49-40df-8861-1fe4917ba3bc\" href=\"https:\/\/redecos.cdmx.gob.mx\/web\/wp-content\/uploads\/2024\/08\/28-02-2020-Minuta-octava-sesion-RSCDMX.pdf\">28 02 2020-Minuta octava sesi\u00f3n RSCDMX<\/a><a href=\"https:\/\/redecos.cdmx.gob.mx\/web\/wp-content\/uploads\/2024\/08\/28-02-2020-Minuta-octava-sesion-RSCDMX.pdf\" class=\"wp-block-file__button wp-element-button\" download aria-describedby=\"wp-block-file--media-9e1af72c-cf49-40df-8861-1fe4917ba3bc\">Descarga<\/a><\/div>\n\n\n\n<div class=\"wp-block-file\"><a id=\"wp-block-file--media-28347e53-195b-497f-96a7-757ebeb85624\" href=\"https:\/\/redecos.cdmx.gob.mx\/web\/wp-content\/uploads\/2024\/08\/26-07-2019-Minuta-segunda-sesion-RSCDMX.pdf\">26 07 2019-Minuta segunda sesi\u00f3n RSCDMX<\/a><a href=\"https:\/\/redecos.cdmx.gob.mx\/web\/wp-content\/uploads\/2024\/08\/26-07-2019-Minuta-segunda-sesion-RSCDMX.pdf\" class=\"wp-block-file__button wp-element-button\" download aria-describedby=\"wp-block-file--media-28347e53-195b-497f-96a7-757ebeb85624\">Descarga<\/a><\/div>\n\n\n\n<div class=\"wp-block-file\"><a id=\"wp-block-file--media-ecd1507f-45ab-4267-8757-d158252a1d91\" href=\"https:\/\/redecos.cdmx.gob.mx\/web\/wp-content\/uploads\/2024\/08\/25-09-2019-Minuta-quinta-Sesion-RSCDMX.pdf\">25 09 2019-Minuta quinta Sesi\u00f3n RSCDMX<\/a><a href=\"https:\/\/redecos.cdmx.gob.mx\/web\/wp-content\/uploads\/2024\/08\/25-09-2019-Minuta-quinta-Sesion-RSCDMX.pdf\" class=\"wp-block-file__button wp-element-button\" download aria-describedby=\"wp-block-file--media-ecd1507f-45ab-4267-8757-d158252a1d91\">Descarga<\/a><\/div>\n\n\n\n<div class=\"wp-block-file\"><a id=\"wp-block-file--media-eb89d477-3072-47f4-a0fc-7bd67d096267\" href=\"https:\/\/redecos.cdmx.gob.mx\/web\/wp-content\/uploads\/2024\/08\/24-07-2019-Minuta-primera-sesion-RSCDMX.pdf\">24 07 2019-Minuta primera sesi\u00f3n RSCDMX<\/a><a href=\"https:\/\/redecos.cdmx.gob.mx\/web\/wp-content\/uploads\/2024\/08\/24-07-2019-Minuta-primera-sesion-RSCDMX.pdf\" class=\"wp-block-file__button wp-element-button\" download aria-describedby=\"wp-block-file--media-eb89d477-3072-47f4-a0fc-7bd67d096267\">Descarga<\/a><\/div>\n\n\n\n<div class=\"wp-block-file\"><a id=\"wp-block-file--media-9f69c641-6304-4d5f-88c6-cbb5c1c60549\" href=\"https:\/\/redecos.cdmx.gob.mx\/web\/wp-content\/uploads\/2024\/08\/23-10-2020-Minuta-Novena-sesion-RSCDMX.pdf\">23 10 2020-Minuta Novena sesi\u00f3n RSCDMX<\/a><a href=\"https:\/\/redecos.cdmx.gob.mx\/web\/wp-content\/uploads\/2024\/08\/23-10-2020-Minuta-Novena-sesion-RSCDMX.pdf\" class=\"wp-block-file__button wp-element-button\" download aria-describedby=\"wp-block-file--media-9f69c641-6304-4d5f-88c6-cbb5c1c60549\">Descarga<\/a><\/div>\n\n\n\n<div class=\"wp-block-file\"><a id=\"wp-block-file--media-896a6afa-71b6-4d0c-a650-e05a0daea4ef\" href=\"https:\/\/redecos.cdmx.gob.mx\/web\/wp-content\/uploads\/2024\/08\/14-08-2019-Minuta-cuarta-sesion-RSCDMX.pdf\">14 08 2019-Minuta cuarta sesi\u00f3n RSCDMX<\/a><a href=\"https:\/\/redecos.cdmx.gob.mx\/web\/wp-content\/uploads\/2024\/08\/14-08-2019-Minuta-cuarta-sesion-RSCDMX.pdf\" class=\"wp-block-file__button wp-element-button\" download aria-describedby=\"wp-block-file--media-896a6afa-71b6-4d0c-a650-e05a0daea4ef\">Descarga<\/a><\/div>\n\n\n\n<div class=\"wp-block-file\"><a id=\"wp-block-file--media-670dc5e6-2f64-425a-a537-fa33513beb98\" href=\"https:\/\/redecos.cdmx.gob.mx\/web\/wp-content\/uploads\/2024\/08\/10-10-2019-Minuta-sexta-sesion-RSCDMX.pdf\">10 10 2019-Minuta sexta sesi\u00f3n RSCDMX<\/a><a href=\"https:\/\/redecos.cdmx.gob.mx\/web\/wp-content\/uploads\/2024\/08\/10-10-2019-Minuta-sexta-sesion-RSCDMX.pdf\" class=\"wp-block-file__button wp-element-button\" download aria-describedby=\"wp-block-file--media-670dc5e6-2f64-425a-a537-fa33513beb98\">Descarga<\/a><\/div>\n\n\n\n<div class=\"wp-block-file\"><a id=\"wp-block-file--media-d1158435-0278-411e-ab86-29397ede8c12\" href=\"https:\/\/redecos.cdmx.gob.mx\/web\/wp-content\/uploads\/2024\/08\/2-12-2019-Minuta-septima-sesion-RSCDMX.pdf\">2 12 2019-Minuta s\u00e9ptima sesi\u00f3n RSCDMX<\/a><a href=\"https:\/\/redecos.cdmx.gob.mx\/web\/wp-content\/uploads\/2024\/08\/2-12-2019-Minuta-septima-sesion-RSCDMX.pdf\" class=\"wp-block-file__button wp-element-button\" download aria-describedby=\"wp-block-file--media-d1158435-0278-411e-ab86-29397ede8c12\">Descarga<\/a><\/div>\n\n\n\n<div class=\"wp-block-file\"><a id=\"wp-block-file--media-b17fba60-b47a-4761-975f-a49b2770028f\" href=\"https:\/\/redecos.cdmx.gob.mx\/web\/wp-content\/uploads\/2024\/08\/1-08-2019-Mnuta-tercera-sesion-RSCDMX.pdf\">1 08 2019-Mnuta tercera sesi\u00f3n RSCDMX<\/a><a href=\"https:\/\/redecos.cdmx.gob.mx\/web\/wp-content\/uploads\/2024\/08\/1-08-2019-Mnuta-tercera-sesion-RSCDMX.pdf\" class=\"wp-block-file__button wp-element-button\" download aria-describedby=\"wp-block-file--media-b17fba60-b47a-4761-975f-a49b2770028f\">Descarga<\/a><\/div>\n<\/div><\/div>\n\n\n\n<div class=\"wp-block-esab-accordion-child\" style=\"border:1px solid #bc955c\"><div class=\"esab__head\" style=\"padding:10px 10px 10px 10px;background-color:#9f2241\" role=\"button\" aria-expanded=\"false\"><div class=\"esab__heading_txt\"><p class=\"esab__heading_tag\" style=\"color:var(--ast-global-color-5)\">Informes y otros documentos<\/p><\/div><div class=\"esab__icon\"><div class=\"esab__collapse\"><svg version=\"1.2\" viewBox=\"0 0 24 24\" width=\"24\" height=\"24\"><path fill-rule=\"evenodd\" d=\"m3.5 20.5c-4.7-4.7-4.7-12.3 0-17 4.7-4.7 12.3-4.7 17 0 4.6 4.7 4.6 12.3 0 17-4.7 4.6-12.3 4.6-17 0zm0.9-0.9c4.2 4.2 11 4.2 15.2 0 4.2-4.2 4.2-11 0-15.2-4.2-4.3-11-4.3-15.2 0-4.3 4.2-4.3 11 0 15.2z\"><\/path><path d=\"m11.4 15.9v-3.3h-3.3c-0.3 0-0.6-0.3-0.6-0.6 0-0.4 0.3-0.6 0.6-0.6h3.3v-3.3c0-0.3 0.3-0.6 0.6-0.6 0.3 0 0.6 0.3 0.6 0.6v3.3h3.3c0.3 0 0.6 0.2 0.6 0.6q0 0.2-0.2 0.4-0.2 0.2-0.4 0.2h-3.3v3.3q0 0.2-0.2 0.4-0.2 0.2-0.4 0.2c-0.4 0-0.6-0.3-0.6-0.6z\"><\/path><\/svg><\/div><div class=\"esab__expand\"><svg version=\"1.2\" viewBox=\"0 0 24 24\" width=\"24\" height=\"24\"><path fill-rule=\"evenodd\" d=\"m12 24c-6.6 0-12-5.4-12-12 0-6.6 5.4-12 12-12 6.6 0 12 5.4 12 12 0 6.6-5.4 12-12 12zm10.6-12c0-5.9-4.7-10.6-10.6-10.6-5.9 0-10.6 4.7-10.6 10.6 0 5.9 4.7 10.6 10.6 10.6 5.9 0 10.6-4.7 10.6-10.6z\"><\/path><path d=\"m5.6 11.3h12.8v1.4h-12.8z\"><\/path><\/svg><\/div><\/div><\/div><div class=\"esab__body\" style=\"border-top:1px solid var(--ast-global-color-5);padding:10px 10px 10px 10px;background-color:transparent\">\n<p><\/p>\n\n\n\n<div class=\"wp-block-file\"><a id=\"wp-block-file--media-fb56ea7c-2b3c-42d0-8434-2c3dcc7a855d\" href=\"https:\/\/redecos.cdmx.gob.mx\/web\/wp-content\/uploads\/2024\/08\/TARJETA-INFORMATIVA-RSCDMX-MICROSISMOS-.pdf\">TARJETA INFORMATIVA RSCDMX MICROSISMOS<\/a><a href=\"https:\/\/redecos.cdmx.gob.mx\/web\/wp-content\/uploads\/2024\/08\/TARJETA-INFORMATIVA-RSCDMX-MICROSISMOS-.pdf\" class=\"wp-block-file__button wp-element-button\" download aria-describedby=\"wp-block-file--media-fb56ea7c-2b3c-42d0-8434-2c3dcc7a855d\">Descarga<\/a><\/div>\n\n\n\n<div class=\"wp-block-file\"><a id=\"wp-block-file--media-d5743424-74f5-49c7-850c-d81693af096c\" href=\"https:\/\/redecos.cdmx.gob.mx\/web\/wp-content\/uploads\/2024\/08\/PROYECTO-PARA-LA-INTEGRACION-DE-LA-RED-SISMICA-DE-LA-CIUDAD-DE-MEXICO.pdf\">PROYECTO PARA LA INTEGRACI\u00d3N DE LA RED S\u00cdSMICA DE LA CIUDAD DE M\u00c9XICO.<\/a><a href=\"https:\/\/redecos.cdmx.gob.mx\/web\/wp-content\/uploads\/2024\/08\/PROYECTO-PARA-LA-INTEGRACION-DE-LA-RED-SISMICA-DE-LA-CIUDAD-DE-MEXICO.pdf\" class=\"wp-block-file__button wp-element-button\" download aria-describedby=\"wp-block-file--media-d5743424-74f5-49c7-850c-d81693af096c\">Descarga<\/a><\/div>\n\n\n\n<div class=\"wp-block-file\"><a id=\"wp-block-file--media-4bb0da82-0962-4fd0-88a2-cfa4eb24c3d2\" href=\"https:\/\/redecos.cdmx.gob.mx\/web\/wp-content\/uploads\/2024\/08\/NOTA-INFORMATIVA-Red-ECOs-de-Vulcanologia.pdf\">NOTA INFORMATIVA Red ECOs de Vulcanolog\u00eda<\/a><a href=\"https:\/\/redecos.cdmx.gob.mx\/web\/wp-content\/uploads\/2024\/08\/NOTA-INFORMATIVA-Red-ECOs-de-Vulcanologia.pdf\" class=\"wp-block-file__button wp-element-button\" download aria-describedby=\"wp-block-file--media-4bb0da82-0962-4fd0-88a2-cfa4eb24c3d2\">Descarga<\/a><\/div>\n\n\n\n<div class=\"wp-block-file\"><a id=\"wp-block-file--media-1c765290-df2d-45c5-8cbe-73fdd0d01dad\" href=\"https:\/\/redecos.cdmx.gob.mx\/web\/wp-content\/uploads\/2024\/08\/Comunicado-RSCDMX-microsismos.pdf\">Comunicado RSCDMX microsismos<\/a><a href=\"https:\/\/redecos.cdmx.gob.mx\/web\/wp-content\/uploads\/2024\/08\/Comunicado-RSCDMX-microsismos.pdf\" class=\"wp-block-file__button wp-element-button\" download aria-describedby=\"wp-block-file--media-1c765290-df2d-45c5-8cbe-73fdd0d01dad\">Descarga<\/a><\/div>\n<\/div><\/div>\n\n\n\n<div class=\"wp-block-esab-accordion-child\" style=\"border:1px solid #bc955c\"><div class=\"esab__head\" style=\"padding:10px 10px 10px 10px;background-color:#9f2241\" role=\"button\" aria-expanded=\"false\"><div class=\"esab__heading_txt\"><p class=\"esab__heading_tag\" style=\"color:var(--ast-global-color-5)\">Recursos digitales<\/p><\/div><div class=\"esab__icon\"><div class=\"esab__collapse\"><svg version=\"1.2\" viewBox=\"0 0 24 24\" width=\"24\" height=\"24\"><path fill-rule=\"evenodd\" d=\"m3.5 20.5c-4.7-4.7-4.7-12.3 0-17 4.7-4.7 12.3-4.7 17 0 4.6 4.7 4.6 12.3 0 17-4.7 4.6-12.3 4.6-17 0zm0.9-0.9c4.2 4.2 11 4.2 15.2 0 4.2-4.2 4.2-11 0-15.2-4.2-4.3-11-4.3-15.2 0-4.3 4.2-4.3 11 0 15.2z\"><\/path><path d=\"m11.4 15.9v-3.3h-3.3c-0.3 0-0.6-0.3-0.6-0.6 0-0.4 0.3-0.6 0.6-0.6h3.3v-3.3c0-0.3 0.3-0.6 0.6-0.6 0.3 0 0.6 0.3 0.6 0.6v3.3h3.3c0.3 0 0.6 0.2 0.6 0.6q0 0.2-0.2 0.4-0.2 0.2-0.4 0.2h-3.3v3.3q0 0.2-0.2 0.4-0.2 0.2-0.4 0.2c-0.4 0-0.6-0.3-0.6-0.6z\"><\/path><\/svg><\/div><div class=\"esab__expand\"><svg version=\"1.2\" viewBox=\"0 0 24 24\" width=\"24\" height=\"24\"><path fill-rule=\"evenodd\" d=\"m12 24c-6.6 0-12-5.4-12-12 0-6.6 5.4-12 12-12 6.6 0 12 5.4 12 12 0 6.6-5.4 12-12 12zm10.6-12c0-5.9-4.7-10.6-10.6-10.6-5.9 0-10.6 4.7-10.6 10.6 0 5.9 4.7 10.6 10.6 10.6 5.9 0 10.6-4.7 10.6-10.6z\"><\/path><path d=\"m5.6 11.3h12.8v1.4h-12.8z\"><\/path><\/svg><\/div><\/div><\/div><div class=\"esab__body\" style=\"border-top:1px solid var(--ast-global-color-5);padding:10px 10px 10px 10px;background-color:transparent\">\n<p><\/p>\n<\/div><\/div>\n\n\n\n<div class=\"wp-block-esab-accordion-child\" style=\"border:1px solid #bc955c\"><div class=\"esab__head\" style=\"padding:10px 10px 10px 10px;background-color:#9f2241\" role=\"button\" aria-expanded=\"false\"><div class=\"esab__heading_txt\"><p class=\"esab__heading_tag\" style=\"color:var(--ast-global-color-5)\">Fotograf\u00edas<\/p><\/div><div class=\"esab__icon\"><div class=\"esab__collapse\"><svg version=\"1.2\" viewBox=\"0 0 24 24\" width=\"24\" height=\"24\"><path fill-rule=\"evenodd\" d=\"m3.5 20.5c-4.7-4.7-4.7-12.3 0-17 4.7-4.7 12.3-4.7 17 0 4.6 4.7 4.6 12.3 0 17-4.7 4.6-12.3 4.6-17 0zm0.9-0.9c4.2 4.2 11 4.2 15.2 0 4.2-4.2 4.2-11 0-15.2-4.2-4.3-11-4.3-15.2 0-4.3 4.2-4.3 11 0 15.2z\"><\/path><path d=\"m11.4 15.9v-3.3h-3.3c-0.3 0-0.6-0.3-0.6-0.6 0-0.4 0.3-0.6 0.6-0.6h3.3v-3.3c0-0.3 0.3-0.6 0.6-0.6 0.3 0 0.6 0.3 0.6 0.6v3.3h3.3c0.3 0 0.6 0.2 0.6 0.6q0 0.2-0.2 0.4-0.2 0.2-0.4 0.2h-3.3v3.3q0 0.2-0.2 0.4-0.2 0.2-0.4 0.2c-0.4 0-0.6-0.3-0.6-0.6z\"><\/path><\/svg><\/div><div class=\"esab__expand\"><svg version=\"1.2\" viewBox=\"0 0 24 24\" width=\"24\" height=\"24\"><path fill-rule=\"evenodd\" d=\"m12 24c-6.6 0-12-5.4-12-12 0-6.6 5.4-12 12-12 6.6 0 12 5.4 12 12 0 6.6-5.4 12-12 12zm10.6-12c0-5.9-4.7-10.6-10.6-10.6-5.9 0-10.6 4.7-10.6 10.6 0 5.9 4.7 10.6 10.6 10.6 5.9 0 10.6-4.7 10.6-10.6z\"><\/path><path d=\"m5.6 11.3h12.8v1.4h-12.8z\"><\/path><\/svg><\/div><\/div><\/div><div class=\"esab__body\" style=\"border-top:1px solid var(--ast-global-color-5);padding:10px 10px 10px 10px;background-color:transparent\">\n<p><\/p>\n<\/div><\/div>\n\n\n\n<div class=\"wp-block-esab-accordion-child\" style=\"border:1px solid #bc955c\"><div class=\"esab__head\" style=\"padding:10px 10px 10px 10px;background-color:#9f2241\" role=\"button\" aria-expanded=\"false\"><div class=\"esab__heading_txt\"><p class=\"esab__heading_tag\" style=\"color:var(--ast-global-color-5)\">Videos<\/p><\/div><div class=\"esab__icon\"><div class=\"esab__collapse\"><svg version=\"1.2\" viewBox=\"0 0 24 24\" width=\"24\" height=\"24\"><path fill-rule=\"evenodd\" d=\"m3.5 20.5c-4.7-4.7-4.7-12.3 0-17 4.7-4.7 12.3-4.7 17 0 4.6 4.7 4.6 12.3 0 17-4.7 4.6-12.3 4.6-17 0zm0.9-0.9c4.2 4.2 11 4.2 15.2 0 4.2-4.2 4.2-11 0-15.2-4.2-4.3-11-4.3-15.2 0-4.3 4.2-4.3 11 0 15.2z\"><\/path><path d=\"m11.4 15.9v-3.3h-3.3c-0.3 0-0.6-0.3-0.6-0.6 0-0.4 0.3-0.6 0.6-0.6h3.3v-3.3c0-0.3 0.3-0.6 0.6-0.6 0.3 0 0.6 0.3 0.6 0.6v3.3h3.3c0.3 0 0.6 0.2 0.6 0.6q0 0.2-0.2 0.4-0.2 0.2-0.4 0.2h-3.3v3.3q0 0.2-0.2 0.4-0.2 0.2-0.4 0.2c-0.4 0-0.6-0.3-0.6-0.6z\"><\/path><\/svg><\/div><div class=\"esab__expand\"><svg version=\"1.2\" viewBox=\"0 0 24 24\" width=\"24\" height=\"24\"><path fill-rule=\"evenodd\" d=\"m12 24c-6.6 0-12-5.4-12-12 0-6.6 5.4-12 12-12 6.6 0 12 5.4 12 12 0 6.6-5.4 12-12 12zm10.6-12c0-5.9-4.7-10.6-10.6-10.6-5.9 0-10.6 4.7-10.6 10.6 0 5.9 4.7 10.6 10.6 10.6 5.9 0 10.6-4.7 10.6-10.6z\"><\/path><path d=\"m5.6 11.3h12.8v1.4h-12.8z\"><\/path><\/svg><\/div><\/div><\/div><div class=\"esab__body\" style=\"border-top:1px solid var(--ast-global-color-5);padding:10px 10px 10px 10px;background-color:transparent\">\n<p><\/p>\n\n\n\n<div class=\"wp-block-uagb-container uagb-block-ae2e6030\"><\/div>\n\n\n\n<div class=\"ast-oembed-container \" style=\"height: 100%;\"><iframe loading=\"lazy\" title=\"Avances de la Red ECOs de Sismolog\u00eda de la Ciudad de M\u00e9xico\" width=\"500\" height=\"281\" src=\"https:\/\/www.youtube.com\/embed\/bW3y1dohWf0?feature=oembed\" frameborder=\"0\" allow=\"accelerometer; autoplay; clipboard-write; encrypted-media; gyroscope; picture-in-picture; web-share\" referrerpolicy=\"strict-origin-when-cross-origin\" allowfullscreen><\/iframe><\/div>\n\n<\/div><\/div>\n<\/div><\/div>\n<\/div>\n<\/div>\n<\/div>\n<\/div>\n<\/div><\/div>\n\n\n\n<p><\/p>\n","protected":false},"excerpt":{"rendered":"<p>Protecci\u00f3n y Obra Civil Integrantes Objetivo general Definir estrategias y coordinar esfuerzos acad\u00e9micos e institucionales para encontrar soluciones a los [&hellip;]<\/p>\n","protected":false},"author":2,"featured_media":0,"parent":0,"menu_order":0,"comment_status":"closed","ping_status":"closed","template":"","meta":{"_uag_custom_page_level_css":"","site-sidebar-layout":"default","site-content-layout":"","ast-site-content-layout":"","site-content-style":"default","site-sidebar-style":"default","ast-global-header-display":"","ast-banner-title-visibility":"","ast-main-header-display":"","ast-hfb-above-header-display":"","ast-hfb-below-header-display":"","ast-hfb-mobile-header-display":"","site-post-title":"disabled","ast-breadcrumbs-content":"","ast-featured-img":"","footer-sml-layout":"","theme-transparent-header-meta":"","adv-header-id-meta":"","stick-header-meta":"","header-above-stick-meta":"","header-main-stick-meta":"","header-below-stick-meta":"","astra-migrate-meta-layouts":"default","ast-page-background-enabled":"default","ast-page-background-meta":{"desktop":{"background-color":"var(--ast-global-color-4)","background-image":"","background-repeat":"repeat","background-position":"center center","background-size":"auto","background-attachment":"scroll","background-type":"","background-media":"","overlay-type":"","overlay-color":"","overlay-opacity":"","overlay-gradient":""},"tablet":{"background-color":"","background-image":"","background-repeat":"repeat","background-position":"center center","background-size":"auto","background-attachment":"scroll","background-type":"","background-media":"","overlay-type":"","overlay-color":"","overlay-opacity":"","overlay-gradient":""},"mobile":{"background-color":"","background-image":"","background-repeat":"repeat","background-position":"center center","background-size":"auto","background-attachment":"scroll","background-type":"","background-media":"","overlay-type":"","overlay-color":"","overlay-opacity":"","overlay-gradient":""}},"ast-content-background-meta":{"desktop":{"background-color":"var(--ast-global-color-5)","background-image":"","background-repeat":"repeat","background-position":"center center","background-size":"auto","background-attachment":"scroll","background-type":"","background-media":"","overlay-type":"","overlay-color":"","overlay-opacity":"","overlay-gradient":""},"tablet":{"background-color":"var(--ast-global-color-5)","background-image":"","background-repeat":"repeat","background-position":"center center","background-size":"auto","background-attachment":"scroll","background-type":"","background-media":"","overlay-type":"","overlay-color":"","overlay-opacity":"","overlay-gradient":""},"mobile":{"background-color":"var(--ast-global-color-5)","background-image":"","background-repeat":"repeat","background-position":"center center","background-size":"auto","background-attachment":"scroll","background-type":"","background-media":"","overlay-type":"","overlay-color":"","overlay-opacity":"","overlay-gradient":""}},"footnotes":""},"class_list":["post-1714","page","type-page","status-publish","hentry"],"uagb_featured_image_src":{"full":false,"thumbnail":false,"medium":false,"medium_large":false,"large":false,"1536x1536":false,"2048x2048":false},"uagb_author_info":{"display_name":"admin","author_link":"https:\/\/redecos.cdmx.gob.mx\/web\/author\/admin\/"},"uagb_comment_info":0,"uagb_excerpt":"Protecci\u00f3n y Obra Civil Integrantes Objetivo general Definir estrategias y coordinar esfuerzos acad\u00e9micos e institucionales para encontrar soluciones a los [&hellip;]","_links":{"self":[{"href":"https:\/\/redecos.cdmx.gob.mx\/web\/wp-json\/wp\/v2\/pages\/1714","targetHints":{"allow":["GET"]}}],"collection":[{"href":"https:\/\/redecos.cdmx.gob.mx\/web\/wp-json\/wp\/v2\/pages"}],"about":[{"href":"https:\/\/redecos.cdmx.gob.mx\/web\/wp-json\/wp\/v2\/types\/page"}],"author":[{"embeddable":true,"href":"https:\/\/redecos.cdmx.gob.mx\/web\/wp-json\/wp\/v2\/users\/2"}],"replies":[{"embeddable":true,"href":"https:\/\/redecos.cdmx.gob.mx\/web\/wp-json\/wp\/v2\/comments?post=1714"}],"version-history":[{"count":17,"href":"https:\/\/redecos.cdmx.gob.mx\/web\/wp-json\/wp\/v2\/pages\/1714\/revisions"}],"predecessor-version":[{"id":3896,"href":"https:\/\/redecos.cdmx.gob.mx\/web\/wp-json\/wp\/v2\/pages\/1714\/revisions\/3896"}],"wp:attachment":[{"href":"https:\/\/redecos.cdmx.gob.mx\/web\/wp-json\/wp\/v2\/media?parent=1714"}],"curies":[{"name":"wp","href":"https:\/\/api.w.org\/{rel}","templated":true}]}}