{"id":1550,"date":"2024-08-21T19:08:24","date_gmt":"2024-08-21T19:08:24","guid":{"rendered":"https:\/\/redecos.cdmx.gob.mx\/web\/?page_id=1550"},"modified":"2024-09-11T17:44:59","modified_gmt":"2024-09-11T17:44:59","slug":"educacion-superior","status":"publish","type":"page","link":"https:\/\/redecos.cdmx.gob.mx\/web\/educacion-superior\/","title":{"rendered":"Educaci\u00f3n superior"},"content":{"rendered":"\n<div class=\"wp-block-uagb-container uagb-block-85a57c30 alignfull uagb-is-root-container\"><div class=\"uagb-container-inner-blocks-wrap\">\n<div class=\"wp-block-uagb-container uagb-block-d2285bfb\">\n<div class=\"wp-block-uagb-advanced-heading uagb-block-fca8cc0f\"><h2 class=\"uagb-heading-text\">Educaci\u00f3n superior<\/h2><\/div>\n<\/div>\n\n\n\n<div class=\"wp-block-uagb-container uagb-block-4884cc1d\">\n<figure class=\"wp-block-image aligncenter size-full\"><img loading=\"lazy\" decoding=\"async\" width=\"181\" height=\"40\" src=\"https:\/\/redecos.cdmx.gob.mx\/web\/wp-content\/uploads\/2024\/08\/linea.png\" alt=\"\" class=\"wp-image-986\"\/><\/figure>\n<\/div>\n\n\n\n<div class=\"wp-block-uagb-container uagb-block-6251d5cb\">\n<div class=\"wp-block-uagb-container uagb-block-3b04abeb\"><nav class=\"is-responsive wp-block-navigation is-layout-flex wp-block-navigation-is-layout-flex\" aria-label=\"Secundario\" \n\t\t data-wp-interactive=\"core\/navigation\" data-wp-context='{\"overlayOpenedBy\":{\"click\":false,\"hover\":false,\"focus\":false},\"type\":\"overlay\",\"roleAttribute\":\"\",\"ariaLabel\":\"Men\\u00fa\"}'><button aria-haspopup=\"dialog\" aria-label=\"Abrir el men\u00fa\" class=\"wp-block-navigation__responsive-container-open\" \n\t\t\t\tdata-wp-on--click=\"actions.openMenuOnClick\"\n\t\t\t\tdata-wp-on--keydown=\"actions.handleMenuKeydown\"\n\t\t\t><svg width=\"24\" height=\"24\" xmlns=\"http:\/\/www.w3.org\/2000\/svg\" viewBox=\"0 0 24 24\" aria-hidden=\"true\" focusable=\"false\"><path d=\"M4 7.5h16v1.5H4z\"><\/path><path d=\"M4 15h16v1.5H4z\"><\/path><\/svg><\/button>\n\t\t\t\t<div class=\"wp-block-navigation__responsive-container\"  id=\"modal-1\" \n\t\t\t\tdata-wp-class--has-modal-open=\"state.isMenuOpen\"\n\t\t\t\tdata-wp-class--is-menu-open=\"state.isMenuOpen\"\n\t\t\t\tdata-wp-watch=\"callbacks.initMenu\"\n\t\t\t\tdata-wp-on--keydown=\"actions.handleMenuKeydown\"\n\t\t\t\tdata-wp-on--focusout=\"actions.handleMenuFocusout\"\n\t\t\t\ttabindex=\"-1\"\n\t\t\t>\n\t\t\t\t\t<div class=\"wp-block-navigation__responsive-close\" tabindex=\"-1\">\n\t\t\t\t\t\t<div class=\"wp-block-navigation__responsive-dialog\" \n\t\t\t\tdata-wp-bind--aria-modal=\"state.ariaModal\"\n\t\t\t\tdata-wp-bind--aria-label=\"state.ariaLabel\"\n\t\t\t\tdata-wp-bind--role=\"state.roleAttribute\"\n\t\t\t>\n\t\t\t\t\t\t\t<button aria-label=\"Cerrar el men\u00fa\" class=\"wp-block-navigation__responsive-container-close\" \n\t\t\t\tdata-wp-on--click=\"actions.closeMenuOnClick\"\n\t\t\t><svg xmlns=\"http:\/\/www.w3.org\/2000\/svg\" viewBox=\"0 0 24 24\" width=\"24\" height=\"24\" aria-hidden=\"true\" focusable=\"false\"><path d=\"m13.06 12 6.47-6.47-1.06-1.06L12 10.94 5.53 4.47 4.47 5.53 10.94 12l-6.47 6.47 1.06 1.06L12 13.06l6.47 6.47 1.06-1.06L13.06 12Z\"><\/path><\/svg><\/button>\n\t\t\t\t\t\t\t<div class=\"wp-block-navigation__responsive-container-content\" \n\t\t\t\tdata-wp-watch=\"callbacks.focusFirstElement\"\n\t\t\t id=\"modal-1-content\">\n\t\t\t\t\t\t\t\t<ul class=\"wp-block-navigation__container is-responsive wp-block-navigation\"><li class=\" wp-block-navigation-item wp-block-navigation-link\"><a class=\"wp-block-navigation-item__content\"  href=\"#integrantes\"><span class=\"wp-block-navigation-item__label\"><img loading=\"lazy\" decoding=\"async\" width=\"49\" height=\"48\" class=\"wp-image-1000\" style=\"width: 25px\" src=\"https:\/\/redecos.cdmx.gob.mx\/web\/wp-content\/uploads\/2024\/08\/integrantes.png\" alt=\"\">       Integrantes <\/span><\/a><\/li><li class=\" wp-block-navigation-item wp-block-navigation-link\"><a class=\"wp-block-navigation-item__content\"  href=\"#objetivo\"><span class=\"wp-block-navigation-item__label\"><img loading=\"lazy\" decoding=\"async\" width=\"39\" height=\"48\" class=\"wp-image-1004\" style=\"width: 25px\" src=\"https:\/\/redecos.cdmx.gob.mx\/web\/wp-content\/uploads\/2024\/08\/objetivos.png\" alt=\"\"><strong>       Objetivo<\/strong><\/span><\/a><\/li><li class=\" wp-block-navigation-item wp-block-navigation-link\"><a class=\"wp-block-navigation-item__content\"  href=\"#actividades\"><span class=\"wp-block-navigation-item__label\"><img loading=\"lazy\" decoding=\"async\" width=\"46\" height=\"45\" class=\"wp-image-992\" style=\"width: 25px\" src=\"https:\/\/redecos.cdmx.gob.mx\/web\/wp-content\/uploads\/2024\/08\/actividades.png\" alt=\"\">  <strong>     Actividades y logros<\/strong><\/span><\/a><\/li><li class=\" wp-block-navigation-item wp-block-navigation-link\"><a class=\"wp-block-navigation-item__content\"  href=\"#acciones\"><span class=\"wp-block-navigation-item__label\"><img loading=\"lazy\" decoding=\"async\" width=\"48\" height=\"48\" class=\"wp-image-990\" style=\"width: 25px\" src=\"https:\/\/redecos.cdmx.gob.mx\/web\/wp-content\/uploads\/2024\/08\/acciones.png\" alt=\"\">  <strong>     Acciones en curso<\/strong><\/span><\/a><\/li><li class=\" wp-block-navigation-item wp-block-navigation-link\"><a class=\"wp-block-navigation-item__content\"  href=\"#minutas\"><span class=\"wp-block-navigation-item__label\"><img loading=\"lazy\" decoding=\"async\" width=\"48\" height=\"47\" class=\"wp-image-1002\" style=\"width: 25px\" src=\"https:\/\/redecos.cdmx.gob.mx\/web\/wp-content\/uploads\/2024\/08\/minutas.png\" alt=\"\">  <strong>     Minutas y recursos digitales<\/strong><\/span><\/a><\/li><\/ul>\n\t\t\t\t\t\t\t<\/div>\n\t\t\t\t\t\t<\/div>\n\t\t\t\t\t<\/div>\n\t\t\t\t<\/div><\/nav><\/div>\n<\/div>\n\n\n\n<div class=\"wp-block-uagb-container uagb-block-0290fdd9\">\n<div class=\"wp-block-uagb-container uagb-block-8f9489de\">\n<div class=\"wp-block-columns is-layout-flex wp-container-core-columns-is-layout-28f84493 wp-block-columns-is-layout-flex\">\n<div class=\"wp-block-column is-layout-flow wp-block-column-is-layout-flow\" style=\"flex-basis:10.33%\">\n<figure class=\"wp-block-image aligncenter size-full\"><img loading=\"lazy\" decoding=\"async\" width=\"74\" height=\"73\" src=\"https:\/\/redecos.cdmx.gob.mx\/web\/wp-content\/uploads\/2024\/08\/integrantes-dorado.png\" alt=\"\" class=\"wp-image-1318\"\/><\/figure>\n<\/div>\n\n\n\n<div class=\"wp-block-column is-layout-flow wp-block-column-is-layout-flow\" style=\"flex-basis:66.66%\">\n<div class=\"wp-block-uagb-advanced-heading uagb-block-5f643382\" id=\"integrantes\"><h2 class=\"uagb-heading-text\">Integrantes<\/h2><\/div>\n\n\n\n<ol class=\"wp-block-list\">\n<li>Universidad Aut\u00f3noma Metropolitana (UAM)<\/li>\n\n\n\n<li>Universidad Pedag\u00f3gica Nacional (UPN)<\/li>\n\n\n\n<li>Instituto Polit\u00e9cnico Nacional (IPN)<\/li>\n\n\n\n<li>Tecnol\u00f3gico Nacional de M\u00e9xico (TecNM)<\/li>\n\n\n\n<li>Universidad Nacional Aut\u00f3noma de M\u00e9xico (UNAM)<\/li>\n\n\n\n<li>El Colegio de M\u00e9xico (El Colmex)<\/li>\n\n\n\n<li>Universidad Rosario Castellanos (URC)<\/li>\n\n\n\n<li>Instituto de Investigaciones sobre la Universidad y la Educaci\u00f3n (IISUE)<\/li>\n\n\n\n<li>Academia Mexicana de Inform\u00e1tica (AMIAC)<\/li>\n\n\n\n<li>Campus virtual de la Universidad de Guadalajara (UDG Virtual)<\/li>\n\n\n\n<li>Facultad Latinoamericana de Ciencias Sociales (Flacso)<\/li>\n\n\n\n<li>Centro de Investigaci\u00f3n y de Estudios Avanzados del IPN (Cinvestav)<\/li>\n\n\n\n<li>Centro de Investigaci\u00f3n y Docencia Econ\u00f3micas (CIDE)<\/li>\n\n\n\n<li>Tecnol\u00f3gico de Monterrey (Tec de Monterrey)<\/li>\n\n\n\n<li>Universidad La Salle (La Salle)<\/li>\n\n\n\n<li>Universidad Iberoamericana (Ibero)<\/li>\n\n\n\n<li>Universidad An\u00e1huac (An\u00e1huac)<\/li>\n\n\n\n<li>Universidad del Claustro de Sor Juana<\/li>\n\n\n\n<li>Secretar\u00eda de Educaci\u00f3n, Ciencia, Tecnolog\u00eda e Innovaci\u00f3n (SECTEI)<\/li>\n<\/ol>\n<\/div>\n<\/div>\n<\/div>\n<\/div>\n\n\n\n<div class=\"wp-block-uagb-container uagb-block-59f16e91\">\n<div class=\"wp-block-uagb-container uagb-block-d6335da1\">\n<div class=\"wp-block-columns is-layout-flex wp-container-core-columns-is-layout-28f84493 wp-block-columns-is-layout-flex\">\n<div class=\"wp-block-column is-layout-flow wp-block-column-is-layout-flow\" style=\"flex-basis:10.33%\">\n<figure class=\"wp-block-image aligncenter size-full\"><img loading=\"lazy\" decoding=\"async\" width=\"68\" height=\"76\" src=\"https:\/\/redecos.cdmx.gob.mx\/web\/wp-content\/uploads\/2024\/08\/objetivo-dorado.png\" alt=\"\" class=\"wp-image-958\"\/><\/figure>\n<\/div>\n\n\n\n<div class=\"wp-block-column is-layout-flow wp-block-column-is-layout-flow\" style=\"flex-basis:66.66%\">\n<div class=\"wp-block-uagb-advanced-heading uagb-block-62105a76\" id=\"objetivo\"><h2 class=\"uagb-heading-text\">Objetivo general<\/h2><\/div>\n\n\n\n<p>Proponer modelos novedosos de innovaci\u00f3n educativa y mediaci\u00f3n tecnol\u00f3gica que permitan ampliar la cobertura educativa con equidad, pertinencia y calidad, y que haga frente, entre otros problemas, a la deserci\u00f3n escolar.<\/p>\n<\/div>\n<\/div>\n<\/div>\n\n\n\n<div class=\"wp-block-uagb-container uagb-block-b2b57ba7\">\n<div class=\"wp-block-columns is-layout-flex wp-container-core-columns-is-layout-28f84493 wp-block-columns-is-layout-flex\">\n<div class=\"wp-block-column is-layout-flow wp-block-column-is-layout-flow\" style=\"flex-basis:10.33%\">\n<figure class=\"wp-block-image aligncenter size-full\"><img loading=\"lazy\" decoding=\"async\" width=\"68\" height=\"82\" src=\"https:\/\/redecos.cdmx.gob.mx\/web\/wp-content\/uploads\/2024\/08\/problema-publico-dorado.png\" alt=\"\" class=\"wp-image-960\"\/><\/figure>\n<\/div>\n\n\n\n<div class=\"wp-block-column is-layout-flow wp-block-column-is-layout-flow\" style=\"flex-basis:66.66%\">\n<div class=\"wp-block-uagb-advanced-heading uagb-block-cfacc529\"><h2 class=\"uagb-heading-text\">Problema p\u00fablico<\/h2><\/div>\n\n\n\n<p>El problema para destacar se enmarca en un momento de contingencia y para ser m\u00e1s exactos, a continuaci\u00f3n, se describen los antecedentes m\u00e1s recientes que afectaron por un tiempo prolongado la correcta continuidad del proceso educativo en los \u00e1mbitos nacional e internacional, y sin duda, en la Ciudad de M\u00e9xico:<\/p>\n\n\n\n<p>[1] El <strong>11 de marzo de 2020<\/strong>, la Organizaci\u00f3n Mundial de la Salud (OMS) declara oficialmente Pandemia a la enfermedad por el virus SARS-CoV2 (COVID-19). Hasta esa fecha se ten\u00eda un registro de 118,000 personas positivas en 114 pa\u00edses y las muertes ascend\u00edan r\u00e1pidamente.<\/p>\n\n\n\n<p>[2] El <strong>16 de marzo de 2020<\/strong>, la Secretar\u00eda de Salud y la Secretar\u00eda de Educaci\u00f3n P\u00fablica (SEP) instrumentan las medidas preventivas por COVID-19. Lo cual implicaba la suspensi\u00f3n de clases presenciales a partir del 24 de marzo de 2020, instituyendo que: \u201cel personal docente y administrativo de las escuelas p\u00fablicas, en todos los niveles de ense\u00f1anza, participar\u00e1 en el aislamiento voluntario preventivo, en sus hogares, salvo actividades esenciales como el pago de n\u00f3mina y la limpieza al final del periodo, como una de las disposiciones para prevenir el contagio del COVID-19\u201d.<\/p>\n\n\n\n<p>[3] El <strong>27 de marzo de 2020<\/strong>, se publica en el Diario Oficial de la Federaci\u00f3n el \u201cDECRETO por el que se declaran acciones extraordinarias en las regiones afectadas de todo el territorio nacional en materia de salubridad general para combatir la enfermedad grave de atenci\u00f3n prioritaria generada por el virus SARS-CoV2 (COVID-19)\u201d.<\/p>\n\n\n\n<p>[4] El <strong>30 de marzo de 2020<\/strong>, se publica en el Diario Oficial de la Federaci\u00f3n el \u201cAcuerdo por el que se declara emergencia sanitaria por causa de fuerza mayor, a la epidemia de enfermedad generada por el virus SARS-COV2 (COVID-19)\u201d.&nbsp;<\/p>\n\n\n\n<p>Entonces, para conocer con mejor precisi\u00f3n los efectos de la pandemia en el \u00e1mbito educativo, se hace referencia al informe \u201cCOVID-19 y educaci\u00f3n superior: de los efectos inmediatos al d\u00eda despu\u00e9s\u201d publicado por el Instituto Internacional de la UNESCO para la Educaci\u00f3n Superior en Am\u00e9rica Latina y el Caribe (UNESCO IESALC) [5].<\/p>\n\n\n\n<p><strong>En el caso de las y los estudiantes<\/strong>; el impacto inmediato fue la interrupci\u00f3n temporal de las actividades presenciales en las Instituciones de Educaci\u00f3n Superior (IES), provocando que las y los estudiantes enfrenten una situaci\u00f3n totalmente nueva y sin una idea clara del tiempo de duraci\u00f3n; con impactos inmediatos en sus vidas cotidianas, as\u00ed como en los costos soportados y sus cargas financieras y, por supuesto, en la continuidad de sus aprendizajes. Lo mismo signific\u00f3 un perjuicio para la movilidad internacional.<\/p>\n\n\n\n<p><strong>El personal docente <\/strong>tambi\u00e9n sufri\u00f3 importantes afectaciones en lo laboral y en lo profesional. En primer lugar, hay que tomar en cuenta que no todas las IES tienen estrategias de continuidad de la actividad docente y, en su ausencia, los contratos temporales pueden quedar rescindidos.<\/p>\n\n\n\n<p><strong>El personal no docente<\/strong> representa el sector m\u00e1s vulnerable en cuanto a la posible reducci\u00f3n de puestos de trabajo que, por ejemplo, las universidades privadas tendr\u00edan que implementar ante una posible astringencia financiera debido a la cancelaci\u00f3n de aranceles o reducci\u00f3n de matr\u00edculas estudiantiles.<\/p>\n\n\n\n<p>En conclusi\u00f3n, el cese temporal de las actividades presenciales de las IES ha operado como un gran factor disruptivo sobre su funcionamiento. El impacto de esta disrupci\u00f3n es muy variable y depende, en primer lugar, de su capacidad para mantenerse activas en sus actividades acad\u00e9micas y, en segundo lugar, de su sostenibilidad financiera.<\/p>\n\n\n\n<p>[1] Recuperado de: https:\/\/www.who.int\/es\/dg\/speeches\/detail\/who-director-general-s-opening-remarks-at-the-media-briefing-on-covid-19&#8212;11-march-2020&nbsp;&nbsp;<\/p>\n\n\n\n<p>[2] Recuperado de: https:\/\/www.gob.mx\/sep\/es\/articulos\/boletin-no-72-de-acuerdo-con-la-secretaria-de-salud-la-sep-instrumenta-las-medidas-preventivas-por-covid-19?idiom=es&nbsp;<\/p>\n\n\n\n<p>[3] Recuperado de: https:\/\/www.dof.gob.mx\/nota_detalle.php?codigo=5590673&amp;fecha=27\/03\/2020&nbsp;&nbsp;<\/p>\n\n\n\n<p>[4] Recuperado de: https:\/\/www.dof.gob.mx\/nota_detalle.php?codigo=5590745&amp;fecha=30\/03\/2020&nbsp;&nbsp;&nbsp;<\/p>\n\n\n\n<p>[5] Recuperado de: https:\/\/www.iesalc.unesco.org\/wp-content\/uploads\/2020\/05\/COVID-19-ES-130520.pdf<\/p>\n<\/div>\n<\/div>\n<\/div>\n<\/div>\n\n\n\n<div class=\"wp-block-uagb-container uagb-block-c0dddb68\">\n<div class=\"wp-block-uagb-container uagb-block-738bc028\">\n<div class=\"wp-block-columns is-layout-flex wp-container-core-columns-is-layout-28f84493 wp-block-columns-is-layout-flex\">\n<div class=\"wp-block-column is-layout-flow wp-block-column-is-layout-flow\" style=\"flex-basis:10.33%\">\n<figure class=\"wp-block-image aligncenter size-full\"><img loading=\"lazy\" decoding=\"async\" width=\"74\" height=\"75\" src=\"https:\/\/redecos.cdmx.gob.mx\/web\/wp-content\/uploads\/2024\/08\/actividades-dorado.png\" alt=\"\" class=\"wp-image-952\"\/><\/figure>\n<\/div>\n\n\n\n<div class=\"wp-block-column is-layout-flow wp-block-column-is-layout-flow\" style=\"flex-basis:66.66%\">\n<div class=\"wp-block-uagb-advanced-heading uagb-block-f7acf93e\" id=\"actividades\"><h2 class=\"uagb-heading-text\">Actividades<\/h2><\/div>\n\n\n\n<p><strong>2020<\/strong><\/p>\n\n\n\n<ul class=\"wp-block-list\">\n<li>Organizaci\u00f3n de seis reuniones virtuales, donde las instituciones integrantes del Grupo presentaron sus estrategias institucionales implementadas con el objetivo de garantizar la continuidad del proceso ense\u00f1anza-aprendizaje durante la contingencia por COVID-19.&nbsp;<\/li>\n\n\n\n<li>Agrupaci\u00f3n de todo el material compartido que circul\u00f3 en las distintas conversaciones y discusiones del grupo, como son: presentaciones, estudios, art\u00edculos, etc.<\/li>\n\n\n\n<li>Establecimiento de subcomisiones para realizar una propuesta con el dise\u00f1o de un Sitio Virtual.<\/li>\n\n\n\n<li>En marzo de 2020, se realiz\u00f3 una mesa redonda con el tema: \u201cGesti\u00f3n del conocimiento para la innovaci\u00f3n educativa en la educaci\u00f3n superior\u201d, y en junio, se llev\u00f3 a cabo una tertulia llamada \u201cInnovaci\u00f3n educativa pos-Covid-19\u201d (https:\/\/www.youtube.com\/watch?v=cASQ5unaymc&amp;t=3269s).<\/li>\n\n\n\n<li>En el segundo semestre continuaron los conversatorios virtuales, en particular sobre la \u201cTransformaci\u00f3n digital de la educaci\u00f3n superior para contribuir en la disminuci\u00f3n del abandono escolar\u201d, en los meses de:\n<ul class=\"wp-block-list\">\n<li>Septiembre de 2020 (https:\/\/www.youtube.com\/watch?v=1r1GZPVcA2c)<\/li>\n\n\n\n<li>Noviembre de 2020 (https:\/\/www.youtube.com\/watch?v=QZ9QMT503js)<\/li>\n<\/ul>\n<\/li>\n<\/ul>\n\n\n\n<p><strong>2021<\/strong><\/p>\n\n\n\n<ul class=\"wp-block-list\">\n<li>Participaci\u00f3n con el art\u00edculo <em>Innovaci\u00f3n Educativa en el contexto de la revoluci\u00f3n industrial 4.0<\/em> publicado por la Revista Ciencia de la Academia Mexicana de Ciencias, Vol. 72: https:\/\/www.revistaciencia.amc.edu.mx\/images\/revista\/72_1\/mobile\/index.html#p=29&nbsp;<\/li>\n\n\n\n<li>Del 13 al 15 de enero de 2021, se llev\u00f3 a cabo el \u201cColoquio Interinstitucional de Modelos H\u00edbridos en Educaci\u00f3n Superior 2021\u201d.<\/li>\n\n\n\n<li>La SECTEI autoriza el financiamiento para el proyecto \u201cPlataforma ECOS-AD: Plataforma del ECOSistema para educaci\u00f3n en Ambientes Digitales\u201d.<\/li>\n<\/ul>\n\n\n\n<p><strong>2022-2023<\/strong><\/p>\n\n\n\n<ul class=\"wp-block-list\">\n<li>Investigaci\u00f3n \u201cPreparaci\u00f3n para la formaci\u00f3n mixta en Instituciones de Educaci\u00f3n Superior (IES) de la zona metropolitana en el regreso a clases por la contingencia del COVID-19\u201d.<\/li>\n\n\n\n<li>El an\u00e1lisis de la implementaci\u00f3n de la educaci\u00f3n mixta en diez Instituciones de Educaci\u00f3n Superior a cargo del Dr. Eduardo Pe\u00f1alosa Castro, en 2023 se hab\u00edan recabado 238 entrevistas y 1,328 cuestionarios aplicados a personas funcionarias, docentes y alumnado.&nbsp; Es un proyecto que pretende indagar si las IES adoptar\u00e1n una modalidad educativa mixta.<\/li>\n<\/ul>\n\n\n\n<p><strong>2024<\/strong><\/p>\n\n\n\n<ul class=\"wp-block-list\">\n<li>En abril de 2024 se realiz\u00f3 el lanzamiento de la Plataforma ECOS-AD:&nbsp;<\/li>\n<\/ul>\n\n\n\n<figure class=\"wp-block-embed is-type-video is-provider-youtube wp-block-embed-youtube wp-embed-aspect-16-9 wp-has-aspect-ratio\"><div class=\"wp-block-embed__wrapper\">\n<div class=\"ast-oembed-container \" style=\"height: 100%;\"><iframe loading=\"lazy\" title=\"Conferencia | Redes Sist\u00e9micas para Educaci\u00f3n. Red ECOS-AD\" width=\"500\" height=\"281\" src=\"https:\/\/www.youtube.com\/embed\/2Obd-A7nYaM?feature=oembed\" frameborder=\"0\" allow=\"accelerometer; autoplay; clipboard-write; encrypted-media; gyroscope; picture-in-picture; web-share\" referrerpolicy=\"strict-origin-when-cross-origin\" allowfullscreen><\/iframe><\/div>\n<\/div><\/figure>\n<\/div>\n<\/div>\n<\/div>\n<\/div>\n\n\n\n<div class=\"wp-block-uagb-container uagb-block-154a2855\">\n<div class=\"wp-block-uagb-container uagb-block-d90b214e\">\n<div class=\"wp-block-columns is-layout-flex wp-container-core-columns-is-layout-28f84493 wp-block-columns-is-layout-flex\">\n<div class=\"wp-block-column is-layout-flow wp-block-column-is-layout-flow\" style=\"flex-basis:10.33%\">\n<figure class=\"wp-block-image aligncenter size-full\"><img loading=\"lazy\" decoding=\"async\" width=\"58\" height=\"75\" src=\"https:\/\/redecos.cdmx.gob.mx\/web\/wp-content\/uploads\/2024\/08\/logros-dorado.png\" alt=\"\" class=\"wp-image-954\"\/><\/figure>\n<\/div>\n\n\n\n<div class=\"wp-block-column is-layout-flow wp-block-column-is-layout-flow\" style=\"flex-basis:66.66%\">\n<div class=\"wp-block-uagb-advanced-heading uagb-block-61ad85f1\" id=\"logros\"><h2 class=\"uagb-heading-text\">Logros<\/h2><\/div>\n\n\n\n<ul class=\"wp-block-list\">\n<li>Conocimiento de las estrategias implementadas por diecis\u00e9is instituciones (integrantes de la RED ECOS), propiciando una comunidad de aprendizaje que coadyuva a enfrentar y superar -a trav\u00e9s de las mejores pr\u00e1cticas- la continuidad del proceso ense\u00f1anza-aprendizaje en un formato a distancia por la contingencia, resultado de la pandemia del nuevo coronavirus.&nbsp;<\/li>\n\n\n\n<li>Los eventos realizados de septiembre del 2020 a marzo del 2021 tuvieron una participaci\u00f3n de 31 conferencistas magistrales y m\u00e1s de tres mil asistentes:<\/li>\n<\/ul>\n\n\n\n<p>1.<em> Transformaci\u00f3n Digital de la Educaci\u00f3n Superior para contribuir en la disminuci\u00f3n del abandono escolar<\/em> (25 de septiembre de 2020). Tuvo una asistencia de 532 participantes.<\/p>\n\n\n\n<p>2. <em>Coloquio Interinstitucional de Modelos H\u00edbridos en Educaci\u00f3n Superior 2021 <\/em>(13 al 15 de enero de 2021). Tuvo una asistencia de 1353 participantes de 300 IES de 15 pa\u00edses.<\/p>\n\n\n\n<ul class=\"wp-block-list\">\n<li>La plataforma ECOS-AD, en su lanzamiento (abril de 2024) logr\u00f3 poner a disposici\u00f3n 3,255 recursos educativos de cuatro instituciones: URC, UAM, TecNM y UNAM-UAPA.<\/li>\n<\/ul>\n<\/div>\n<\/div>\n<\/div>\n<\/div>\n\n\n\n<div class=\"wp-block-uagb-container uagb-block-5a618903\">\n<div class=\"wp-block-uagb-container uagb-block-87b5a32d\">\n<div class=\"wp-block-columns is-layout-flex wp-container-core-columns-is-layout-28f84493 wp-block-columns-is-layout-flex\">\n<div class=\"wp-block-column is-layout-flow wp-block-column-is-layout-flow\" style=\"flex-basis:10.33%\">\n<figure class=\"wp-block-image aligncenter size-full\"><img loading=\"lazy\" decoding=\"async\" width=\"76\" height=\"75\" src=\"https:\/\/redecos.cdmx.gob.mx\/web\/wp-content\/uploads\/2024\/08\/acciones-dorado.png\" alt=\"\" class=\"wp-image-950\"\/><\/figure>\n<\/div>\n\n\n\n<div class=\"wp-block-column is-layout-flow wp-block-column-is-layout-flow\" style=\"flex-basis:66.66%\">\n<div class=\"wp-block-uagb-advanced-heading uagb-block-2c55fe7e\" id=\"acciones\"><h2 class=\"uagb-heading-text\">Acciones en curso<\/h2><\/div>\n\n\n\n<ul class=\"wp-block-list\">\n<li><strong>\u201cPlataforma ECOS-AD: Plataforma del ECOSistema para educaci\u00f3n en Ambientes Digitales\u201d<\/strong>\n<ul class=\"wp-block-list\">\n<li>Con un financiamiento autorizado por $2,500,000.00 (N\u00famero de convenio SECTEI\/237\/2021)<\/li>\n<\/ul>\n<\/li>\n<\/ul>\n<\/div>\n<\/div>\n<\/div>\n<\/div>\n\n\n\n<div class=\"wp-block-uagb-container uagb-block-7b7b21f5\">\n<div class=\"wp-block-uagb-container uagb-block-6db1b85f\">\n<div class=\"wp-block-columns is-layout-flex wp-container-core-columns-is-layout-28f84493 wp-block-columns-is-layout-flex\">\n<div class=\"wp-block-column is-layout-flow wp-block-column-is-layout-flow\" style=\"flex-basis:10.33%\">\n<figure class=\"wp-block-image aligncenter size-full\"><img loading=\"lazy\" decoding=\"async\" width=\"65\" height=\"64\" src=\"https:\/\/redecos.cdmx.gob.mx\/web\/wp-content\/uploads\/2024\/08\/minuta-dorado.png\" alt=\"\" class=\"wp-image-956\"\/><\/figure>\n<\/div>\n\n\n\n<div class=\"wp-block-column is-layout-flow wp-block-column-is-layout-flow\" style=\"flex-basis:66.66%\">\n<div class=\"wp-block-uagb-advanced-heading uagb-block-4c75d96a\" id=\"minutas\"><h2 class=\"uagb-heading-text\">Minutas y recursos digitales<\/h2><\/div>\n\n\n\n<div class=\"wp-block-esab-accordion accordion-19e1456a\" data-mode=\"global\"><div class=\"esab__container\" style=\"row-gap:10px;margin:0px 0px 0px 0px\">\n<div class=\"wp-block-esab-accordion-child\" style=\"border:1px solid #bc955c\"><div class=\"esab__head\" style=\"padding:10px 10px 10px 10px;background-color:#9f2241\" role=\"button\" aria-expanded=\"false\"><div class=\"esab__heading_txt\"><p class=\"esab__heading_tag\" style=\"color:var(--ast-global-color-5)\">Minutas<\/p><\/div><div class=\"esab__icon\"><div class=\"esab__collapse\"><svg version=\"1.2\" viewBox=\"0 0 24 24\" width=\"24\" height=\"24\"><path fill-rule=\"evenodd\" d=\"m3.5 20.5c-4.7-4.7-4.7-12.3 0-17 4.7-4.7 12.3-4.7 17 0 4.6 4.7 4.6 12.3 0 17-4.7 4.6-12.3 4.6-17 0zm0.9-0.9c4.2 4.2 11 4.2 15.2 0 4.2-4.2 4.2-11 0-15.2-4.2-4.3-11-4.3-15.2 0-4.3 4.2-4.3 11 0 15.2z\"><\/path><path d=\"m11.4 15.9v-3.3h-3.3c-0.3 0-0.6-0.3-0.6-0.6 0-0.4 0.3-0.6 0.6-0.6h3.3v-3.3c0-0.3 0.3-0.6 0.6-0.6 0.3 0 0.6 0.3 0.6 0.6v3.3h3.3c0.3 0 0.6 0.2 0.6 0.6q0 0.2-0.2 0.4-0.2 0.2-0.4 0.2h-3.3v3.3q0 0.2-0.2 0.4-0.2 0.2-0.4 0.2c-0.4 0-0.6-0.3-0.6-0.6z\"><\/path><\/svg><\/div><div class=\"esab__expand\"><svg version=\"1.2\" viewBox=\"0 0 24 24\" width=\"24\" height=\"24\"><path fill-rule=\"evenodd\" d=\"m12 24c-6.6 0-12-5.4-12-12 0-6.6 5.4-12 12-12 6.6 0 12 5.4 12 12 0 6.6-5.4 12-12 12zm10.6-12c0-5.9-4.7-10.6-10.6-10.6-5.9 0-10.6 4.7-10.6 10.6 0 5.9 4.7 10.6 10.6 10.6 5.9 0 10.6-4.7 10.6-10.6z\"><\/path><path d=\"m5.6 11.3h12.8v1.4h-12.8z\"><\/path><\/svg><\/div><\/div><\/div><div class=\"esab__body\" style=\"border-top:1px solid var(--ast-global-color-5);padding:10px 10px 10px 10px;background-color:transparent\">\n<p><\/p>\n<\/div><\/div>\n\n\n\n<div class=\"wp-block-esab-accordion-child\" style=\"border:1px solid #bc955c\"><div class=\"esab__head\" style=\"padding:10px 10px 10px 10px;background-color:#9f2241\" role=\"button\" aria-expanded=\"false\"><div class=\"esab__heading_txt\"><p class=\"esab__heading_tag\" style=\"color:var(--ast-global-color-5)\">Informes y otros documentos<\/p><\/div><div class=\"esab__icon\"><div class=\"esab__collapse\"><svg version=\"1.2\" viewBox=\"0 0 24 24\" width=\"24\" height=\"24\"><path fill-rule=\"evenodd\" d=\"m3.5 20.5c-4.7-4.7-4.7-12.3 0-17 4.7-4.7 12.3-4.7 17 0 4.6 4.7 4.6 12.3 0 17-4.7 4.6-12.3 4.6-17 0zm0.9-0.9c4.2 4.2 11 4.2 15.2 0 4.2-4.2 4.2-11 0-15.2-4.2-4.3-11-4.3-15.2 0-4.3 4.2-4.3 11 0 15.2z\"><\/path><path d=\"m11.4 15.9v-3.3h-3.3c-0.3 0-0.6-0.3-0.6-0.6 0-0.4 0.3-0.6 0.6-0.6h3.3v-3.3c0-0.3 0.3-0.6 0.6-0.6 0.3 0 0.6 0.3 0.6 0.6v3.3h3.3c0.3 0 0.6 0.2 0.6 0.6q0 0.2-0.2 0.4-0.2 0.2-0.4 0.2h-3.3v3.3q0 0.2-0.2 0.4-0.2 0.2-0.4 0.2c-0.4 0-0.6-0.3-0.6-0.6z\"><\/path><\/svg><\/div><div class=\"esab__expand\"><svg version=\"1.2\" viewBox=\"0 0 24 24\" width=\"24\" height=\"24\"><path fill-rule=\"evenodd\" d=\"m12 24c-6.6 0-12-5.4-12-12 0-6.6 5.4-12 12-12 6.6 0 12 5.4 12 12 0 6.6-5.4 12-12 12zm10.6-12c0-5.9-4.7-10.6-10.6-10.6-5.9 0-10.6 4.7-10.6 10.6 0 5.9 4.7 10.6 10.6 10.6 5.9 0 10.6-4.7 10.6-10.6z\"><\/path><path d=\"m5.6 11.3h12.8v1.4h-12.8z\"><\/path><\/svg><\/div><\/div><\/div><div class=\"esab__body\" style=\"border-top:1px solid var(--ast-global-color-5);padding:10px 10px 10px 10px;background-color:transparent\">\n<p><\/p>\n\n\n\n\n\n\n\n\n\n\n\n\n\n\n\n\n\n\n\n\n\n\n\n\n\n\n\n\n<\/div><\/div>\n\n\n\n<div class=\"wp-block-esab-accordion-child\" style=\"border:1px solid #bc955c\"><div class=\"esab__head\" style=\"padding:10px 10px 10px 10px;background-color:#9f2241\" role=\"button\" aria-expanded=\"false\"><div class=\"esab__heading_txt\"><p class=\"esab__heading_tag\" style=\"color:var(--ast-global-color-5)\">Recursos digitales<\/p><\/div><div class=\"esab__icon\"><div class=\"esab__collapse\"><svg version=\"1.2\" viewBox=\"0 0 24 24\" width=\"24\" height=\"24\"><path fill-rule=\"evenodd\" d=\"m3.5 20.5c-4.7-4.7-4.7-12.3 0-17 4.7-4.7 12.3-4.7 17 0 4.6 4.7 4.6 12.3 0 17-4.7 4.6-12.3 4.6-17 0zm0.9-0.9c4.2 4.2 11 4.2 15.2 0 4.2-4.2 4.2-11 0-15.2-4.2-4.3-11-4.3-15.2 0-4.3 4.2-4.3 11 0 15.2z\"><\/path><path d=\"m11.4 15.9v-3.3h-3.3c-0.3 0-0.6-0.3-0.6-0.6 0-0.4 0.3-0.6 0.6-0.6h3.3v-3.3c0-0.3 0.3-0.6 0.6-0.6 0.3 0 0.6 0.3 0.6 0.6v3.3h3.3c0.3 0 0.6 0.2 0.6 0.6q0 0.2-0.2 0.4-0.2 0.2-0.4 0.2h-3.3v3.3q0 0.2-0.2 0.4-0.2 0.2-0.4 0.2c-0.4 0-0.6-0.3-0.6-0.6z\"><\/path><\/svg><\/div><div class=\"esab__expand\"><svg version=\"1.2\" viewBox=\"0 0 24 24\" width=\"24\" height=\"24\"><path fill-rule=\"evenodd\" d=\"m12 24c-6.6 0-12-5.4-12-12 0-6.6 5.4-12 12-12 6.6 0 12 5.4 12 12 0 6.6-5.4 12-12 12zm10.6-12c0-5.9-4.7-10.6-10.6-10.6-5.9 0-10.6 4.7-10.6 10.6 0 5.9 4.7 10.6 10.6 10.6 5.9 0 10.6-4.7 10.6-10.6z\"><\/path><path d=\"m5.6 11.3h12.8v1.4h-12.8z\"><\/path><\/svg><\/div><\/div><\/div><div class=\"esab__body\" style=\"border-top:1px solid var(--ast-global-color-5);padding:10px 10px 10px 10px;background-color:transparent\">\n<p><\/p>\n<\/div><\/div>\n\n\n\n<div class=\"wp-block-esab-accordion-child  esab__active_accordion\" style=\"border:1px solid #bc955c\"><div class=\"esab__head\" style=\"padding:10px 10px 10px 10px;background-color:#9f2241\" role=\"button\" aria-expanded=\"true\"><div class=\"esab__heading_txt\"><p class=\"esab__heading_tag\" style=\"color:var(--ast-global-color-5)\">Fotograf\u00edas<\/p><\/div><div class=\"esab__icon esab__active_icon\"><div class=\"esab__collapse\"><svg version=\"1.2\" viewBox=\"0 0 24 24\" width=\"24\" height=\"24\"><path fill-rule=\"evenodd\" d=\"m3.5 20.5c-4.7-4.7-4.7-12.3 0-17 4.7-4.7 12.3-4.7 17 0 4.6 4.7 4.6 12.3 0 17-4.7 4.6-12.3 4.6-17 0zm0.9-0.9c4.2 4.2 11 4.2 15.2 0 4.2-4.2 4.2-11 0-15.2-4.2-4.3-11-4.3-15.2 0-4.3 4.2-4.3 11 0 15.2z\"><\/path><path d=\"m11.4 15.9v-3.3h-3.3c-0.3 0-0.6-0.3-0.6-0.6 0-0.4 0.3-0.6 0.6-0.6h3.3v-3.3c0-0.3 0.3-0.6 0.6-0.6 0.3 0 0.6 0.3 0.6 0.6v3.3h3.3c0.3 0 0.6 0.2 0.6 0.6q0 0.2-0.2 0.4-0.2 0.2-0.4 0.2h-3.3v3.3q0 0.2-0.2 0.4-0.2 0.2-0.4 0.2c-0.4 0-0.6-0.3-0.6-0.6z\"><\/path><\/svg><\/div><div class=\"esab__expand\"><svg version=\"1.2\" viewBox=\"0 0 24 24\" width=\"24\" height=\"24\"><path fill-rule=\"evenodd\" d=\"m12 24c-6.6 0-12-5.4-12-12 0-6.6 5.4-12 12-12 6.6 0 12 5.4 12 12 0 6.6-5.4 12-12 12zm10.6-12c0-5.9-4.7-10.6-10.6-10.6-5.9 0-10.6 4.7-10.6 10.6 0 5.9 4.7 10.6 10.6 10.6 5.9 0 10.6-4.7 10.6-10.6z\"><\/path><path d=\"m5.6 11.3h12.8v1.4h-12.8z\"><\/path><\/svg><\/div><\/div><\/div><div class=\"esab__body esab__active\" style=\"border-top:1px solid var(--ast-global-color-5);padding:10px 10px 10px 10px;background-color:transparent\">\n<p><\/p>\n\n\n\n<\/div><\/div>\n\n\n\n<div class=\"wp-block-esab-accordion-child\" style=\"border:1px solid #bc955c\"><div class=\"esab__head\" style=\"padding:10px 10px 10px 10px;background-color:#9f2241\" role=\"button\" aria-expanded=\"false\"><div class=\"esab__heading_txt\"><p class=\"esab__heading_tag\" style=\"color:var(--ast-global-color-5)\">Videos<\/p><\/div><div class=\"esab__icon\"><div class=\"esab__collapse\"><svg version=\"1.2\" viewBox=\"0 0 24 24\" width=\"24\" height=\"24\"><path fill-rule=\"evenodd\" d=\"m3.5 20.5c-4.7-4.7-4.7-12.3 0-17 4.7-4.7 12.3-4.7 17 0 4.6 4.7 4.6 12.3 0 17-4.7 4.6-12.3 4.6-17 0zm0.9-0.9c4.2 4.2 11 4.2 15.2 0 4.2-4.2 4.2-11 0-15.2-4.2-4.3-11-4.3-15.2 0-4.3 4.2-4.3 11 0 15.2z\"><\/path><path d=\"m11.4 15.9v-3.3h-3.3c-0.3 0-0.6-0.3-0.6-0.6 0-0.4 0.3-0.6 0.6-0.6h3.3v-3.3c0-0.3 0.3-0.6 0.6-0.6 0.3 0 0.6 0.3 0.6 0.6v3.3h3.3c0.3 0 0.6 0.2 0.6 0.6q0 0.2-0.2 0.4-0.2 0.2-0.4 0.2h-3.3v3.3q0 0.2-0.2 0.4-0.2 0.2-0.4 0.2c-0.4 0-0.6-0.3-0.6-0.6z\"><\/path><\/svg><\/div><div class=\"esab__expand\"><svg version=\"1.2\" viewBox=\"0 0 24 24\" width=\"24\" height=\"24\"><path fill-rule=\"evenodd\" d=\"m12 24c-6.6 0-12-5.4-12-12 0-6.6 5.4-12 12-12 6.6 0 12 5.4 12 12 0 6.6-5.4 12-12 12zm10.6-12c0-5.9-4.7-10.6-10.6-10.6-5.9 0-10.6 4.7-10.6 10.6 0 5.9 4.7 10.6 10.6 10.6 5.9 0 10.6-4.7 10.6-10.6z\"><\/path><path d=\"m5.6 11.3h12.8v1.4h-12.8z\"><\/path><\/svg><\/div><\/div><\/div><div class=\"esab__body\" style=\"border-top:1px solid var(--ast-global-color-5);padding:10px 10px 10px 10px;background-color:transparent\">\n<p><\/p>\n\n\n\n<div class=\"wp-block-uagb-container uagb-block-bf19ce65\"><\/div>\n\n\n\n<div class=\"ast-oembed-container \" style=\"height: 100%;\"><iframe loading=\"lazy\" title=\"Innovaci\u00f3n Educativa\" width=\"500\" height=\"281\" src=\"https:\/\/www.youtube.com\/embed\/HkXUt6cEDfA?list=PLNyU8QmGZdoDt0njuYmkQ2GPI_HJCrguJ\" frameborder=\"0\" allow=\"accelerometer; autoplay; clipboard-write; encrypted-media; gyroscope; picture-in-picture; web-share\" referrerpolicy=\"strict-origin-when-cross-origin\" allowfullscreen><\/iframe><\/div>\n\n<\/div><\/div>\n<\/div><\/div>\n<\/div>\n<\/div>\n<\/div>\n<\/div>\n<\/div><\/div>\n","protected":false},"excerpt":{"rendered":"<p>Educaci\u00f3n superior Integrantes Objetivo general Proponer modelos novedosos de innovaci\u00f3n educativa y mediaci\u00f3n tecnol\u00f3gica que permitan ampliar la cobertura educativa [&hellip;]<\/p>\n","protected":false},"author":2,"featured_media":0,"parent":0,"menu_order":0,"comment_status":"closed","ping_status":"closed","template":"","meta":{"_uag_custom_page_level_css":"","site-sidebar-layout":"default","site-content-layout":"","ast-site-content-layout":"","site-content-style":"default","site-sidebar-style":"default","ast-global-header-display":"","ast-banner-title-visibility":"","ast-main-header-display":"","ast-hfb-above-header-display":"","ast-hfb-below-header-display":"","ast-hfb-mobile-header-display":"","site-post-title":"disabled","ast-breadcrumbs-content":"","ast-featured-img":"","footer-sml-layout":"","theme-transparent-header-meta":"","adv-header-id-meta":"","stick-header-meta":"","header-above-stick-meta":"","header-main-stick-meta":"","header-below-stick-meta":"","astra-migrate-meta-layouts":"default","ast-page-background-enabled":"default","ast-page-background-meta":{"desktop":{"background-color":"var(--ast-global-color-4)","background-image":"","background-repeat":"repeat","background-position":"center center","background-size":"auto","background-attachment":"scroll","background-type":"","background-media":"","overlay-type":"","overlay-color":"","overlay-opacity":"","overlay-gradient":""},"tablet":{"background-color":"","background-image":"","background-repeat":"repeat","background-position":"center center","background-size":"auto","background-attachment":"scroll","background-type":"","background-media":"","overlay-type":"","overlay-color":"","overlay-opacity":"","overlay-gradient":""},"mobile":{"background-color":"","background-image":"","background-repeat":"repeat","background-position":"center center","background-size":"auto","background-attachment":"scroll","background-type":"","background-media":"","overlay-type":"","overlay-color":"","overlay-opacity":"","overlay-gradient":""}},"ast-content-background-meta":{"desktop":{"background-color":"var(--ast-global-color-5)","background-image":"","background-repeat":"repeat","background-position":"center center","background-size":"auto","background-attachment":"scroll","background-type":"","background-media":"","overlay-type":"","overlay-color":"","overlay-opacity":"","overlay-gradient":""},"tablet":{"background-color":"var(--ast-global-color-5)","background-image":"","background-repeat":"repeat","background-position":"center center","background-size":"auto","background-attachment":"scroll","background-type":"","background-media":"","overlay-type":"","overlay-color":"","overlay-opacity":"","overlay-gradient":""},"mobile":{"background-color":"var(--ast-global-color-5)","background-image":"","background-repeat":"repeat","background-position":"center center","background-size":"auto","background-attachment":"scroll","background-type":"","background-media":"","overlay-type":"","overlay-color":"","overlay-opacity":"","overlay-gradient":""}},"footnotes":""},"class_list":["post-1550","page","type-page","status-publish","hentry"],"uagb_featured_image_src":{"full":false,"thumbnail":false,"medium":false,"medium_large":false,"large":false,"1536x1536":false,"2048x2048":false},"uagb_author_info":{"display_name":"admin","author_link":"https:\/\/redecos.cdmx.gob.mx\/web\/author\/admin\/"},"uagb_comment_info":0,"uagb_excerpt":"Educaci\u00f3n superior Integrantes Objetivo general Proponer modelos novedosos de innovaci\u00f3n educativa y mediaci\u00f3n tecnol\u00f3gica que permitan ampliar la cobertura educativa [&hellip;]","_links":{"self":[{"href":"https:\/\/redecos.cdmx.gob.mx\/web\/wp-json\/wp\/v2\/pages\/1550","targetHints":{"allow":["GET"]}}],"collection":[{"href":"https:\/\/redecos.cdmx.gob.mx\/web\/wp-json\/wp\/v2\/pages"}],"about":[{"href":"https:\/\/redecos.cdmx.gob.mx\/web\/wp-json\/wp\/v2\/types\/page"}],"author":[{"embeddable":true,"href":"https:\/\/redecos.cdmx.gob.mx\/web\/wp-json\/wp\/v2\/users\/2"}],"replies":[{"embeddable":true,"href":"https:\/\/redecos.cdmx.gob.mx\/web\/wp-json\/wp\/v2\/comments?post=1550"}],"version-history":[{"count":19,"href":"https:\/\/redecos.cdmx.gob.mx\/web\/wp-json\/wp\/v2\/pages\/1550\/revisions"}],"predecessor-version":[{"id":3834,"href":"https:\/\/redecos.cdmx.gob.mx\/web\/wp-json\/wp\/v2\/pages\/1550\/revisions\/3834"}],"wp:attachment":[{"href":"https:\/\/redecos.cdmx.gob.mx\/web\/wp-json\/wp\/v2\/media?parent=1550"}],"curies":[{"name":"wp","href":"https:\/\/api.w.org\/{rel}","templated":true}]}}